{"version":"1.0","provider_name":"Eurominority.eu","provider_url":"https:\/\/www.eurominority.eu","title":"L\u00e9gislation prot\u00e9geant les minorit\u00e9s | Eurominority.eu","type":"rich","width":600,"height":338,"html":"<blockquote class=\"wp-embedded-content\" data-secret=\"rLmsfzTtcq\"><a href=\"https:\/\/www.eurominority.eu\/index.php\/en\/legislation-protegeant-les-minorites\/\">L\u00e9gislation prot\u00e9geant les minorit\u00e9s<\/a><\/blockquote><iframe sandbox=\"allow-scripts\" security=\"restricted\" src=\"https:\/\/www.eurominority.eu\/index.php\/en\/legislation-protegeant-les-minorites\/embed\/#?secret=rLmsfzTtcq\" width=\"600\" height=\"338\" title=\"\u00ab\u00a0L\u00e9gislation prot\u00e9geant les minorit\u00e9s\u00a0\u00bb &#8212; Eurominority.eu\" data-secret=\"rLmsfzTtcq\" frameborder=\"0\" marginwidth=\"0\" marginheight=\"0\" scrolling=\"no\" class=\"wp-embedded-content\"><\/iframe><script>\n\/*! This file is auto-generated *\/\n!function(d,l){\"use strict\";l.querySelector&&d.addEventListener&&\"undefined\"!=typeof URL&&(d.wp=d.wp||{},d.wp.receiveEmbedMessage||(d.wp.receiveEmbedMessage=function(e){var t=e.data;if((t||t.secret||t.message||t.value)&&!\/[^a-zA-Z0-9]\/.test(t.secret)){for(var s,r,n,a=l.querySelectorAll('iframe[data-secret=\"'+t.secret+'\"]'),o=l.querySelectorAll('blockquote[data-secret=\"'+t.secret+'\"]'),c=new RegExp(\"^https?:$\",\"i\"),i=0;i<o.length;i++)o[i].style.display=\"none\";for(i=0;i<a.length;i++)s=a[i],e.source===s.contentWindow&&(s.removeAttribute(\"style\"),\"height\"===t.message?(1e3<(r=parseInt(t.value,10))?r=1e3:~~r<200&&(r=200),s.height=r):\"link\"===t.message&&(r=new URL(s.getAttribute(\"src\")),n=new URL(t.value),c.test(n.protocol))&&n.host===r.host&&l.activeElement===s&&(d.top.location.href=t.value))}},d.addEventListener(\"message\",d.wp.receiveEmbedMessage,!1),l.addEventListener(\"DOMContentLoaded\",function(){for(var e,t,s=l.querySelectorAll(\"iframe.wp-embedded-content\"),r=0;r<s.length;r++)(t=(e=s[r]).getAttribute(\"data-secret\"))||(t=Math.random().toString(36).substring(2,12),e.src+=\"#?secret=\"+t,e.setAttribute(\"data-secret\",t)),e.contentWindow.postMessage({message:\"ready\",secret:t},\"*\")},!1)))}(window,document);\n<\/script>\n","description":"Deux textes internationaux, prot\u00e9geant les minorit\u00e9s et leurs langues attirent aujourd\u2019hui l\u2019attention des peuples minoritaires. Il s\u2019agit la Charte europ\u00e9enne des langues r\u00e9gionales et minoritaires et la Convention-cadre pour la protection des minorit\u00e9s nationales datant respectivement de 1992 et 1995. Gr\u00e2ce \u00e0 ces deux textes, un cadre l\u00e9gislatif propre aux minorit\u00e9s permet de prot\u00e9ger des peuples souvent en position de faiblesse face \u00e0 des majorit\u00e9s \u00e9crasantes. Ce ne sont \u00e9videmment pas les seuls instruments internationaux permettant de d\u00e9fendre les droits des minorit\u00e9s. Les l\u00e9gislations des \u00c9tats prennent parfois directement en consid\u00e9ration le fait minoritaire, ne serait-ce que par l\u2019inscription dans leurs Constitutions de l\u2019existence de minorit\u00e9s nationales et du caract\u00e8re multilingue de la soci\u00e9t\u00e9. Charte europ\u00e9enne des langues r\u00e9gionales ou minoritaires Concr\u00e8tement, la Charte europ\u00e9enne est la premi\u00e8re v\u00e9ritable op\u00e9ration de l\u2019Europe, c\u2019est \u00e0 dire de l\u2019ensemble des \u00c9tats membres du Conseil de l\u2019Europe, en faveur du plurilinguisme. Cette Charte propose un grand nombre d\u2019actions que les \u00c9tats signataires s\u2019engagent \u00e0 entreprendre pour prot\u00e9ger et favoriser les langues historiques r\u00e9gionales. Ces derniers doivent choisir \u00ab \u00e0 la carte \u00bb au moins trente-cinq de ces actions. Les domaines suivants sont concern\u00e9s et correspondent \u00e0 des secteurs sensibles en termes de politique ... +"}