{"id":1936,"date":"2020-05-06T19:28:01","date_gmt":"2020-05-06T17:28:01","guid":{"rendered":"https:\/\/www.eurominority.eu\/?page_id=1936"},"modified":"2020-05-06T19:28:02","modified_gmt":"2020-05-06T17:28:02","slug":"legislation-protegeant-les-minorites","status":"publish","type":"page","link":"https:\/\/www.eurominority.eu\/index.php\/en\/legislation-protegeant-les-minorites\/","title":{"rendered":"L\u00e9gislation prot\u00e9geant les minorit\u00e9s"},"content":{"rendered":"<div class=\"wp-block-image\"><figure class=\"aligncenter\"><img loading=\"lazy\" decoding=\"async\" width=\"100\" height=\"100\" src=\"https:\/\/www.eurominority.eu\/wp-content\/uploads\/2020\/05\/Logo-Multinatio_gris-clair.jpg\" alt=\"\" class=\"wp-image-1624\"\/><\/figure><\/div><p class=\"has-medium-font-size\">Deux textes internationaux, prot\u00e9geant les minorit\u00e9s et leurs langues attirent aujourd\u2019hui l\u2019attention des peuples minoritaires. Il s\u2019agit la Charte europ\u00e9enne des langues r\u00e9gionales et minoritaires et la Convention-cadre pour la protection des minorit\u00e9s nationales datant respectivement de 1992 et 1995. <\/p><p>Gr\u00e2ce \u00e0 ces deux textes, un cadre l\u00e9gislatif propre aux minorit\u00e9s permet de prot\u00e9ger des peuples souvent en position de faiblesse face \u00e0 des majorit\u00e9s \u00e9crasantes.<br>\nCe ne sont \u00e9videmment pas les seuls instruments internationaux permettant de d\u00e9fendre les droits des minorit\u00e9s. Les l\u00e9gislations des \u00c9tats prennent parfois directement en consid\u00e9ration le fait minoritaire, ne serait-ce que par l\u2019inscription dans leurs Constitutions de l\u2019existence de minorit\u00e9s nationales et du caract\u00e8re multilingue de la soci\u00e9t\u00e9. <\/p><div class=\"wp-block-image\"><figure class=\"aligncenter\"><img loading=\"lazy\" decoding=\"async\" width=\"261\" height=\"71\" src=\"https:\/\/www.eurominority.eu\/wp-content\/uploads\/2020\/05\/Logo-Multinatio_gris-clair-x3.jpg\" alt=\"\" class=\"wp-image-1637\"\/><\/figure><\/div><h2 class=\"wp-block-heading\"> Charte europ\u00e9enne des langues r\u00e9gionales ou minoritaires  <\/h2><figure class=\"wp-block-image\"><img loading=\"lazy\" decoding=\"async\" width=\"963\" height=\"26\" src=\"https:\/\/www.eurominority.eu\/wp-content\/uploads\/2020\/05\/Logo-Multinatio_bandesgrises.jpg\" alt=\"\" class=\"wp-image-1644\" srcset=\"https:\/\/www.eurominority.eu\/wp-content\/uploads\/2020\/05\/Logo-Multinatio_bandesgrises.jpg 963w, https:\/\/www.eurominority.eu\/wp-content\/uploads\/2020\/05\/Logo-Multinatio_bandesgrises-600x16.jpg 600w, https:\/\/www.eurominority.eu\/wp-content\/uploads\/2020\/05\/Logo-Multinatio_bandesgrises-300x8.jpg 300w, https:\/\/www.eurominority.eu\/wp-content\/uploads\/2020\/05\/Logo-Multinatio_bandesgrises-768x21.jpg 768w\" sizes=\"(max-width: 963px) 100vw, 963px\" \/><\/figure><p> Concr\u00e8tement, la Charte europ\u00e9enne est la premi\u00e8re v\u00e9ritable op\u00e9ration de l\u2019Europe, c\u2019est \u00e0 dire de l\u2019ensemble des \u00c9tats membres du Conseil de l\u2019Europe, en faveur du plurilinguisme. Cette Charte propose un grand nombre d\u2019actions que les \u00c9tats signataires s\u2019engagent \u00e0 entreprendre pour prot\u00e9ger et favoriser les langues historiques r\u00e9gionales. Ces derniers doivent choisir \u00ab \u00e0 la carte \u00bb au moins trente-cinq de ces actions. Les domaines suivants sont concern\u00e9s et correspondent \u00e0 des secteurs sensibles en termes de politique plurilingue : l\u2019enseignement, la justice, les services publics, les m\u00e9dias, les activit\u00e9s culturelles, la vie \u00e9conomique et sociale. Ces diff\u00e9rents secteurs correspondent \u00e0 des lieux de diffusion et de transmission linguistique importants pour la survie de la langue.<\/p><p>De nombreux \u00c9tats ont d\u00e9sormais sign\u00e9 et ratifi\u00e9 ce document. Il n\u2019est valid\u00e9 que lors de la ratification. Les premiers \u00c9tats appliquant la Charte \u00e9taient la Norv\u00e8ge, la Finlande, la Hongrie, les Pays-Bas de 1993 \u00e0 1996. Il s\u2019agit d\u2019\u00c9tats qui avaient d\u00e9j\u00e0 pris en compte le fait minoritaire dans leur l\u00e9gislation. Il est vrai que certains \u00c9tats se montrent particuli\u00e8rement volontaristes en la mati\u00e8re. C\u2019est le cas de la Hongrie qui dispose de l\u2019arsenal le plus complet pour d\u00e9fendre les treize minorit\u00e9s pr\u00e9sentes sur son sol. Cette politique en faveur des minorit\u00e9s a aussi comme objectif affich\u00e9 d\u2019inciter les \u00c9tats h\u00e9bergeant des minorit\u00e9s hongroises \u00e0 les respecter (La Slovaquie et la Roumanie en particulier). <\/p><div class=\"wp-block-image\"><figure class=\"aligncenter\"><img loading=\"lazy\" decoding=\"async\" width=\"261\" height=\"71\" src=\"https:\/\/www.eurominority.eu\/wp-content\/uploads\/2020\/05\/Logo-Multinatio_gris-clair-x3.jpg\" alt=\"\" class=\"wp-image-1637\"\/><\/figure><\/div><h2 class=\"wp-block-heading\"> Convention cadre pour la protection des minorit\u00e9s nationales  <\/h2><figure class=\"wp-block-image\"><img loading=\"lazy\" decoding=\"async\" width=\"963\" height=\"26\" src=\"https:\/\/www.eurominority.eu\/wp-content\/uploads\/2020\/05\/Logo-Multinatio_bandesgrises.jpg\" alt=\"\" class=\"wp-image-1644\" srcset=\"https:\/\/www.eurominority.eu\/wp-content\/uploads\/2020\/05\/Logo-Multinatio_bandesgrises.jpg 963w, https:\/\/www.eurominority.eu\/wp-content\/uploads\/2020\/05\/Logo-Multinatio_bandesgrises-600x16.jpg 600w, https:\/\/www.eurominority.eu\/wp-content\/uploads\/2020\/05\/Logo-Multinatio_bandesgrises-300x8.jpg 300w, https:\/\/www.eurominority.eu\/wp-content\/uploads\/2020\/05\/Logo-Multinatio_bandesgrises-768x21.jpg 768w\" sizes=\"(max-width: 963px) 100vw, 963px\" \/><\/figure><p> La Convention cadre est un document compos\u00e9 de 34 articles d\u00e9finissant plus largement les droits des minorit\u00e9s, non pas uniquement en termes linguistiques mais en participation au d\u00e9bat public et \u00e0 la vie politique. <\/p><p>Aujourd\u2019hui, qu\u2019il s\u2019agisse de l\u2019un ou l\u2019autre de ces deux textes, quelques \u00c9tats membres du Conseil de l\u2019Europe montrent une forte propension \u00e0 ne pas les signer ou les ratifier. Il s\u2019agit de la France, la Turquie et de la Gr\u00e8ce. Le Portugal est un cas particulier, aucune minorit\u00e9 n\u2019y \u00e9tant \u00e9tablie. Les trois autres font preuve d\u2019un aveuglement pathologique sur la question des minorit\u00e9s. Cette attitude n\u00e9gative peut avoir des cons\u00e9quences graves, en particulier le d\u00e9clin des langues r\u00e9gionales, consid\u00e9r\u00e9es comme une richesse culturelle universelle.<\/p><div class=\"wp-block-image\"><figure class=\"aligncenter\"><img loading=\"lazy\" decoding=\"async\" width=\"261\" height=\"71\" src=\"https:\/\/www.eurominority.eu\/wp-content\/uploads\/2020\/05\/Logo-Multinatio_gris-clair-x3.jpg\" alt=\"\" class=\"wp-image-1637\"\/><\/figure><\/div><h2 class=\"wp-block-heading\"> Autres textes..  <\/h2><figure class=\"wp-block-image\"><img loading=\"lazy\" decoding=\"async\" width=\"963\" height=\"26\" src=\"https:\/\/www.eurominority.eu\/wp-content\/uploads\/2020\/05\/Logo-Multinatio_bandesgrises.jpg\" alt=\"\" class=\"wp-image-1644\" srcset=\"https:\/\/www.eurominority.eu\/wp-content\/uploads\/2020\/05\/Logo-Multinatio_bandesgrises.jpg 963w, https:\/\/www.eurominority.eu\/wp-content\/uploads\/2020\/05\/Logo-Multinatio_bandesgrises-600x16.jpg 600w, https:\/\/www.eurominority.eu\/wp-content\/uploads\/2020\/05\/Logo-Multinatio_bandesgrises-300x8.jpg 300w, https:\/\/www.eurominority.eu\/wp-content\/uploads\/2020\/05\/Logo-Multinatio_bandesgrises-768x21.jpg 768w\" sizes=\"(max-width: 963px) 100vw, 963px\" \/><\/figure><p> Aussi, toutes les organisations internationales (ONU, UNESCO, OSCE..) font largement r\u00e9f\u00e9rence aux minorit\u00e9s nationales dans les textes des Droits de l\u2019Homme et de protection de la dignit\u00e9 humaine. Citons par exemple la D\u00e9claration des droits des personnes appartenant \u00e0 des minorit\u00e9s nationales ou ethniques, religieuses ou linguistiques du 18 d\u00e9cembre 1992 de l\u2019ONU, la Convention sur la protection et la promotion de la diversit\u00e9 des expressions culturelles de l\u2019UNESCO, largement promue par la France souhaitant d\u00e9fendre son exception culturelle en 2005 ou l\u2019acte finale d\u2019Helsinki de 1975 qui fait r\u00e9f\u00e9rence aux minorit\u00e9s nationales et cultures r\u00e9gionales.<\/p><div class=\"wp-block-image\"><figure class=\"aligncenter\"><img loading=\"lazy\" decoding=\"async\" width=\"180\" height=\"73\" src=\"https:\/\/www.eurominority.eu\/wp-content\/uploads\/2020\/05\/Logo-Multinatio_mgris.jpg\" alt=\"\" class=\"wp-image-1653\"\/><\/figure><\/div>","protected":false},"excerpt":{"rendered":"<p>Deux textes internationaux, prot\u00e9geant les minorit\u00e9s et leurs langues attirent aujourd\u2019hui l\u2019attention des peuples minoritaires. Il s\u2019agit la Charte europ\u00e9enne des langues r\u00e9gionales et minoritaires et la Convention-cadre pour la protection des minorit\u00e9s nationales datant respectivement de 1992 et 1995. Gr\u00e2ce \u00e0 ces deux textes, un cadre l\u00e9gislatif propre aux minorit\u00e9s permet de prot\u00e9ger des peuples souvent en position de faiblesse face \u00e0 des majorit\u00e9s \u00e9crasantes. Ce ne sont \u00e9videmment pas les seuls instruments internationaux permettant de d\u00e9fendre les droits des minorit\u00e9s. Les l\u00e9gislations des \u00c9tats prennent parfois directement en consid\u00e9ration le fait minoritaire, ne serait-ce que par l\u2019inscription dans leurs Constitutions de l\u2019existence de minorit\u00e9s nationales et du caract\u00e8re multilingue de la soci\u00e9t\u00e9. Charte europ\u00e9enne des langues r\u00e9gionales ou minoritaires Concr\u00e8tement, la Charte europ\u00e9enne est la premi\u00e8re v\u00e9ritable op\u00e9ration de l\u2019Europe, c\u2019est \u00e0 dire de l\u2019ensemble des \u00c9tats membres du Conseil de l\u2019Europe, en faveur du plurilinguisme. Cette Charte propose un grand nombre d\u2019actions que les \u00c9tats signataires s\u2019engagent \u00e0 entreprendre pour prot\u00e9ger et favoriser les langues historiques r\u00e9gionales. Ces derniers doivent choisir \u00ab \u00e0 la carte \u00bb au moins trente-cinq de ces actions. Les domaines suivants sont concern\u00e9s et correspondent \u00e0 des secteurs sensibles en termes de politique &#8230; <\/p>\n<p class=\"read-more-container\"><a title=\"L\u00e9gislation prot\u00e9geant les minorit\u00e9s\" class=\"read-more button\" href=\"https:\/\/www.eurominority.eu\/index.php\/en\/legislation-protegeant-les-minorites\/#more-1936\">+<span class=\"screen-reader-text\">L\u00e9gislation prot\u00e9geant les minorit\u00e9s<\/span><\/a><\/p>\n","protected":false},"author":1,"featured_media":0,"parent":0,"menu_order":0,"comment_status":"closed","ping_status":"closed","template":"","meta":{"om_disable_all_campaigns":false,"_monsterinsights_skip_tracking":false,"_monsterinsights_sitenote_active":false,"_monsterinsights_sitenote_note":"","_monsterinsights_sitenote_category":0,"_uf_show_specific_survey":0,"_uf_disable_surveys":false,"footnotes":""},"class_list":["post-1936","page","type-page","status-publish"],"aioseo_notices":[],"yoast_head":"<!-- This site is optimized with the Yoast SEO plugin v25.6 - https:\/\/yoast.com\/wordpress\/plugins\/seo\/ -->\n<title>L\u00e9gislation prot\u00e9geant les minorit\u00e9s | Eurominority.eu<\/title>\n<meta name=\"robots\" content=\"index, follow, max-snippet:-1, max-image-preview:large, max-video-preview:-1\" \/>\n<link rel=\"canonical\" href=\"https:\/\/www.eurominority.eu\/index.php\/en\/legislation-protegeant-les-minorites\/\" \/>\n<meta property=\"og:locale\" content=\"fr_FR\" \/>\n<meta property=\"og:type\" content=\"article\" \/>\n<meta property=\"og:title\" content=\"L\u00e9gislation prot\u00e9geant les minorit\u00e9s | Eurominority.eu\" \/>\n<meta property=\"og:description\" content=\"Deux textes internationaux, prot\u00e9geant les minorit\u00e9s et leurs langues attirent aujourd\u2019hui l\u2019attention des peuples minoritaires. Il s\u2019agit la Charte europ\u00e9enne des langues r\u00e9gionales et minoritaires et la Convention-cadre pour la protection des minorit\u00e9s nationales datant respectivement de 1992 et 1995. Gr\u00e2ce \u00e0 ces deux textes, un cadre l\u00e9gislatif propre aux minorit\u00e9s permet de prot\u00e9ger des peuples souvent en position de faiblesse face \u00e0 des majorit\u00e9s \u00e9crasantes. Ce ne sont \u00e9videmment pas les seuls instruments internationaux permettant de d\u00e9fendre les droits des minorit\u00e9s. Les l\u00e9gislations des \u00c9tats prennent parfois directement en consid\u00e9ration le fait minoritaire, ne serait-ce que par l\u2019inscription dans leurs Constitutions de l\u2019existence de minorit\u00e9s nationales et du caract\u00e8re multilingue de la soci\u00e9t\u00e9. Charte europ\u00e9enne des langues r\u00e9gionales ou minoritaires Concr\u00e8tement, la Charte europ\u00e9enne est la premi\u00e8re v\u00e9ritable op\u00e9ration de l\u2019Europe, c\u2019est \u00e0 dire de l\u2019ensemble des \u00c9tats membres du Conseil de l\u2019Europe, en faveur du plurilinguisme. Cette Charte propose un grand nombre d\u2019actions que les \u00c9tats signataires s\u2019engagent \u00e0 entreprendre pour prot\u00e9ger et favoriser les langues historiques r\u00e9gionales. Ces derniers doivent choisir \u00ab \u00e0 la carte \u00bb au moins trente-cinq de ces actions. Les domaines suivants sont concern\u00e9s et correspondent \u00e0 des secteurs sensibles en termes de politique ... +L\u00e9gislation prot\u00e9geant les minorit\u00e9s\" \/>\n<meta property=\"og:url\" content=\"https:\/\/www.eurominority.eu\/index.php\/en\/legislation-protegeant-les-minorites\/\" \/>\n<meta property=\"og:site_name\" content=\"Eurominority.eu\" \/>\n<meta property=\"article:modified_time\" content=\"2020-05-06T17:28:02+00:00\" \/>\n<meta name=\"twitter:card\" content=\"summary_large_image\" \/>\n<meta name=\"twitter:label1\" content=\"Dur\u00e9e de lecture estim\u00e9e\" \/>\n\t<meta name=\"twitter:data1\" content=\"3 minutes\" \/>\n<script type=\"application\/ld+json\" class=\"yoast-schema-graph\">{\"@context\":\"https:\/\/schema.org\",\"@graph\":[{\"@type\":\"WebPage\",\"@id\":\"https:\/\/www.eurominority.eu\/index.php\/en\/legislation-protegeant-les-minorites\/\",\"url\":\"https:\/\/www.eurominority.eu\/index.php\/en\/legislation-protegeant-les-minorites\/\",\"name\":\"L\u00e9gislation prot\u00e9geant les minorit\u00e9s | Eurominority.eu\",\"isPartOf\":{\"@id\":\"https:\/\/www.eurominority.eu\/#website\"},\"datePublished\":\"2020-05-06T17:28:01+00:00\",\"dateModified\":\"2020-05-06T17:28:02+00:00\",\"breadcrumb\":{\"@id\":\"https:\/\/www.eurominority.eu\/index.php\/en\/legislation-protegeant-les-minorites\/#breadcrumb\"},\"inLanguage\":\"fr-FR\",\"potentialAction\":[{\"@type\":\"ReadAction\",\"target\":[\"https:\/\/www.eurominority.eu\/index.php\/en\/legislation-protegeant-les-minorites\/\"]}]},{\"@type\":\"BreadcrumbList\",\"@id\":\"https:\/\/www.eurominority.eu\/index.php\/en\/legislation-protegeant-les-minorites\/#breadcrumb\",\"itemListElement\":[{\"@type\":\"ListItem\",\"position\":1,\"name\":\"Accueil\",\"item\":\"https:\/\/www.eurominority.eu\/\"},{\"@type\":\"ListItem\",\"position\":2,\"name\":\"L\u00e9gislation prot\u00e9geant les minorit\u00e9s\"}]},{\"@type\":\"WebSite\",\"@id\":\"https:\/\/www.eurominority.eu\/#website\",\"url\":\"https:\/\/www.eurominority.eu\/\",\"name\":\"Eurominority.eu\",\"description\":\"We are the peoples of the world\",\"publisher\":{\"@id\":\"https:\/\/www.eurominority.eu\/#\/schema\/person\/79505440550055e97873102f1e7ab47f\"},\"potentialAction\":[{\"@type\":\"SearchAction\",\"target\":{\"@type\":\"EntryPoint\",\"urlTemplate\":\"https:\/\/www.eurominority.eu\/?s={search_term_string}\"},\"query-input\":{\"@type\":\"PropertyValueSpecification\",\"valueRequired\":true,\"valueName\":\"search_term_string\"}}],\"inLanguage\":\"fr-FR\"},{\"@type\":[\"Person\",\"Organization\"],\"@id\":\"https:\/\/www.eurominority.eu\/#\/schema\/person\/79505440550055e97873102f1e7ab47f\",\"name\":\"Multinatio\",\"image\":{\"@type\":\"ImageObject\",\"inLanguage\":\"fr-FR\",\"@id\":\"https:\/\/www.eurominority.eu\/#\/schema\/person\/image\/\",\"url\":\"https:\/\/www.eurominority.eu\/wp-content\/uploads\/2023\/03\/cropped-Logo-Eurominority.png\",\"contentUrl\":\"https:\/\/www.eurominority.eu\/wp-content\/uploads\/2023\/03\/cropped-Logo-Eurominority.png\",\"width\":1500,\"height\":462,\"caption\":\"Multinatio\"},\"logo\":{\"@id\":\"https:\/\/www.eurominority.eu\/#\/schema\/person\/image\/\"}}]}<\/script>\n<!-- \/ Yoast SEO plugin. -->","yoast_head_json":{"title":"L\u00e9gislation prot\u00e9geant les minorit\u00e9s | Eurominority.eu","robots":{"index":"index","follow":"follow","max-snippet":"max-snippet:-1","max-image-preview":"max-image-preview:large","max-video-preview":"max-video-preview:-1"},"canonical":"https:\/\/www.eurominority.eu\/index.php\/en\/legislation-protegeant-les-minorites\/","og_locale":"fr_FR","og_type":"article","og_title":"L\u00e9gislation prot\u00e9geant les minorit\u00e9s | Eurominority.eu","og_description":"Deux textes internationaux, prot\u00e9geant les minorit\u00e9s et leurs langues attirent aujourd\u2019hui l\u2019attention des peuples minoritaires. Il s\u2019agit la Charte europ\u00e9enne des langues r\u00e9gionales et minoritaires et la Convention-cadre pour la protection des minorit\u00e9s nationales datant respectivement de 1992 et 1995. Gr\u00e2ce \u00e0 ces deux textes, un cadre l\u00e9gislatif propre aux minorit\u00e9s permet de prot\u00e9ger des peuples souvent en position de faiblesse face \u00e0 des majorit\u00e9s \u00e9crasantes. Ce ne sont \u00e9videmment pas les seuls instruments internationaux permettant de d\u00e9fendre les droits des minorit\u00e9s. Les l\u00e9gislations des \u00c9tats prennent parfois directement en consid\u00e9ration le fait minoritaire, ne serait-ce que par l\u2019inscription dans leurs Constitutions de l\u2019existence de minorit\u00e9s nationales et du caract\u00e8re multilingue de la soci\u00e9t\u00e9. Charte europ\u00e9enne des langues r\u00e9gionales ou minoritaires Concr\u00e8tement, la Charte europ\u00e9enne est la premi\u00e8re v\u00e9ritable op\u00e9ration de l\u2019Europe, c\u2019est \u00e0 dire de l\u2019ensemble des \u00c9tats membres du Conseil de l\u2019Europe, en faveur du plurilinguisme. Cette Charte propose un grand nombre d\u2019actions que les \u00c9tats signataires s\u2019engagent \u00e0 entreprendre pour prot\u00e9ger et favoriser les langues historiques r\u00e9gionales. Ces derniers doivent choisir \u00ab \u00e0 la carte \u00bb au moins trente-cinq de ces actions. Les domaines suivants sont concern\u00e9s et correspondent \u00e0 des secteurs sensibles en termes de politique ... +L\u00e9gislation prot\u00e9geant les minorit\u00e9s","og_url":"https:\/\/www.eurominority.eu\/index.php\/en\/legislation-protegeant-les-minorites\/","og_site_name":"Eurominority.eu","article_modified_time":"2020-05-06T17:28:02+00:00","twitter_card":"summary_large_image","twitter_misc":{"Dur\u00e9e de lecture estim\u00e9e":"3 minutes"},"schema":{"@context":"https:\/\/schema.org","@graph":[{"@type":"WebPage","@id":"https:\/\/www.eurominority.eu\/index.php\/en\/legislation-protegeant-les-minorites\/","url":"https:\/\/www.eurominority.eu\/index.php\/en\/legislation-protegeant-les-minorites\/","name":"L\u00e9gislation prot\u00e9geant les minorit\u00e9s | Eurominority.eu","isPartOf":{"@id":"https:\/\/www.eurominority.eu\/#website"},"datePublished":"2020-05-06T17:28:01+00:00","dateModified":"2020-05-06T17:28:02+00:00","breadcrumb":{"@id":"https:\/\/www.eurominority.eu\/index.php\/en\/legislation-protegeant-les-minorites\/#breadcrumb"},"inLanguage":"fr-FR","potentialAction":[{"@type":"ReadAction","target":["https:\/\/www.eurominority.eu\/index.php\/en\/legislation-protegeant-les-minorites\/"]}]},{"@type":"BreadcrumbList","@id":"https:\/\/www.eurominority.eu\/index.php\/en\/legislation-protegeant-les-minorites\/#breadcrumb","itemListElement":[{"@type":"ListItem","position":1,"name":"Accueil","item":"https:\/\/www.eurominority.eu\/"},{"@type":"ListItem","position":2,"name":"L\u00e9gislation prot\u00e9geant les minorit\u00e9s"}]},{"@type":"WebSite","@id":"https:\/\/www.eurominority.eu\/#website","url":"https:\/\/www.eurominority.eu\/","name":"Eurominority.eu","description":"We are the peoples of the world","publisher":{"@id":"https:\/\/www.eurominority.eu\/#\/schema\/person\/79505440550055e97873102f1e7ab47f"},"potentialAction":[{"@type":"SearchAction","target":{"@type":"EntryPoint","urlTemplate":"https:\/\/www.eurominority.eu\/?s={search_term_string}"},"query-input":{"@type":"PropertyValueSpecification","valueRequired":true,"valueName":"search_term_string"}}],"inLanguage":"fr-FR"},{"@type":["Person","Organization"],"@id":"https:\/\/www.eurominority.eu\/#\/schema\/person\/79505440550055e97873102f1e7ab47f","name":"Multinatio","image":{"@type":"ImageObject","inLanguage":"fr-FR","@id":"https:\/\/www.eurominority.eu\/#\/schema\/person\/image\/","url":"https:\/\/www.eurominority.eu\/wp-content\/uploads\/2023\/03\/cropped-Logo-Eurominority.png","contentUrl":"https:\/\/www.eurominority.eu\/wp-content\/uploads\/2023\/03\/cropped-Logo-Eurominority.png","width":1500,"height":462,"caption":"Multinatio"},"logo":{"@id":"https:\/\/www.eurominority.eu\/#\/schema\/person\/image\/"}}]}},"_links":{"self":[{"href":"https:\/\/www.eurominority.eu\/index.php\/wp-json\/wp\/v2\/pages\/1936"}],"collection":[{"href":"https:\/\/www.eurominority.eu\/index.php\/wp-json\/wp\/v2\/pages"}],"about":[{"href":"https:\/\/www.eurominority.eu\/index.php\/wp-json\/wp\/v2\/types\/page"}],"author":[{"embeddable":true,"href":"https:\/\/www.eurominority.eu\/index.php\/wp-json\/wp\/v2\/users\/1"}],"replies":[{"embeddable":true,"href":"https:\/\/www.eurominority.eu\/index.php\/wp-json\/wp\/v2\/comments?post=1936"}],"version-history":[{"count":1,"href":"https:\/\/www.eurominority.eu\/index.php\/wp-json\/wp\/v2\/pages\/1936\/revisions"}],"predecessor-version":[{"id":1937,"href":"https:\/\/www.eurominority.eu\/index.php\/wp-json\/wp\/v2\/pages\/1936\/revisions\/1937"}],"wp:attachment":[{"href":"https:\/\/www.eurominority.eu\/index.php\/wp-json\/wp\/v2\/media?parent=1936"}],"curies":[{"name":"wp","href":"https:\/\/api.w.org\/{rel}","templated":true}]}}