{"id":27,"date":"2020-04-30T21:30:29","date_gmt":"2020-04-30T19:30:29","guid":{"rendered":"https:\/\/www.eurominority.eu\/?page_id=27"},"modified":"2020-05-06T23:43:37","modified_gmt":"2020-05-06T21:43:37","slug":"pays-de-galles","status":"publish","type":"page","link":"https:\/\/www.eurominority.eu\/index.php\/pays-de-galles\/","title":{"rendered":"Pays de Galles"},"content":{"rendered":"<h2 class=\"wp-block-heading\">Pays de Galles, vous avez dit \u00ab Llanfairpwllgwyngyll.. \u00bb<\/h2><div class=\"wp-block-image\"><figure class=\"aligncenter\"><img loading=\"lazy\" decoding=\"async\" width=\"100\" height=\"100\" src=\"https:\/\/www.eurominority.eu\/wp-content\/uploads\/2020\/05\/Logo-Multinatio_gris-clair.jpg\" alt=\"\" class=\"wp-image-1624\"\/><\/figure><\/div><p class=\"has-medium-font-size\">Le pays de Galles est une Nation celtique \u00e0 l\u2019ouest des \u00eeles\nBritanniques. Malgr\u00e9 des si\u00e8cles d\u2019oppression culturelle, un quart de la\npopulation parle toujours le gallois, qui dispose aujourd\u2019hui d\u2019un statut\nofficiel. Son r\u00e9veil politique est r\u00e9cent avec la cr\u00e9ation d\u2019une Assembl\u00e9e\nnationale en 1999. <\/p><div class=\"wp-block-image\"><figure class=\"alignright is-resized\"><img loading=\"lazy\" decoding=\"async\" src=\"https:\/\/www.eurominority.eu\/wp-content\/uploads\/2020\/05\/flag_wales.png\" alt=\"\" class=\"wp-image-330\" width=\"300\" height=\"179\" srcset=\"https:\/\/www.eurominority.eu\/wp-content\/uploads\/2020\/05\/flag_wales.png 600w, https:\/\/www.eurominority.eu\/wp-content\/uploads\/2020\/05\/flag_wales-300x179.png 300w\" sizes=\"(max-width: 300px) 100vw, 300px\" \/><figcaption> Le dragon rouge, Y Ddraig Goch \u00e9tait entre le Ve et VIIe si\u00e8cle, selon  les Romains, la banni\u00e8re de guerre des peuples brittoniques contre les  invasions anglo-saxones. Associ\u00e9 au Roi Cadwaladr ap Cadwallon, elle a  continu\u00e9 \u00e0 \u00eatre utilis\u00e9e par le Gallois pendant des si\u00e8cles. En 1485,  Henry Tudor utilise le dragon rouge sur fond vert et blanc. Sa forme  moderne est devenue le drapeau officiel du pays de Galles en 1959. <\/figcaption><\/figure><\/div><p>Au XIIIe si\u00e8cle, les tentatives de constitution d\u2019un \u00e9tat\nsouverain ont \u00e9t\u00e9 contrecarr\u00e9es par l\u2019assassinat du prince de Galles, Llywelyn\nII, et par la conqu\u00eate du territoire par \u00c9douard Ier d\u2019Angleterre, en 1282. Les\nr\u00e9voltes qui s\u2019en sont suivies ont largement \u00e9t\u00e9 r\u00e9prim\u00e9es pendant plus d\u2019un\nsi\u00e8cle, dont le point culminant a \u00e9t\u00e9 la guerre de lib\u00e9ration d\u2019Owain Glynd\u0175r\nen 1400. En 1536, apr\u00e8s une courte p\u00e9riode d\u2019ind\u00e9pendance, le pays de Galles\nest annex\u00e9 par l\u2019Angleterre, interdisant la langue galloise. <\/p><p>Au XXe si\u00e8cle le bassin houiller du sud du pays de Galles\ndevient la r\u00e9gion la plus industrialis\u00e9e du monde. C\u2019est \u00e0 cette m\u00eame p\u00e9riode\nque le nationalisme gallois rena\u00eet par les locuteurs de gallois. En 1925\nappara\u00eet le Parti nationaliste gallois. Le Cymdeithas yr Iaith Gymraeg (Soci\u00e9t\u00e9\nde la langue galloise) utilise la d\u00e9sob\u00e9issance civile en 1962 pour obtenir des\ndroits pour la langue. Ce n\u2019est qu\u2019en 1999, que les Gallois voient leurs\nefforts aboutir en partie avec la cr\u00e9ation de l\u2019Assembl\u00e9e du pays de Galles,\ndisposant de pouvoirs l\u00e9gislatifs, certes limit\u00e9s, mais permettant de faire du\ngallois la langue officielle du pays \u00e0 parit\u00e9 avec l\u2019anglais.<\/p><p>Les Gallois sont des Celtes et descendent plus pr\u00e9cis\u00e9ment\ndes peuples brittoniques. Aux Ve et VIe si\u00e8cles, ils ont \u00e9t\u00e9 pouss\u00e9s \u00e0 l\u2019ouest\ndes \u00eeles Britanniques par les envahisseurs anglo-saxons. C\u2019est \u00e0 force de\nconflits avec leurs voisins anglais que les diff\u00e9rents royaumes brittoniques se\nsont unis pour former le pays de Galles. <\/p><div class=\"wp-block-image\"><figure class=\"aligncenter\"><img loading=\"lazy\" decoding=\"async\" width=\"261\" height=\"71\" src=\"https:\/\/www.eurominority.eu\/wp-content\/uploads\/2020\/05\/Logo-Multinatio_gris-clair-x3.jpg\" alt=\"\" class=\"wp-image-1637\"\/><\/figure><\/div><h3 class=\"wp-block-heading\">Carte d\u2019identit\u00e9<\/h3><figure class=\"wp-block-image\"><img loading=\"lazy\" decoding=\"async\" width=\"963\" height=\"26\" src=\"https:\/\/www.eurominority.eu\/wp-content\/uploads\/2020\/05\/Logo-Multinatio_bandesgrises.jpg\" alt=\"\" class=\"wp-image-1644\" srcset=\"https:\/\/www.eurominority.eu\/wp-content\/uploads\/2020\/05\/Logo-Multinatio_bandesgrises.jpg 963w, https:\/\/www.eurominority.eu\/wp-content\/uploads\/2020\/05\/Logo-Multinatio_bandesgrises-600x16.jpg 600w, https:\/\/www.eurominority.eu\/wp-content\/uploads\/2020\/05\/Logo-Multinatio_bandesgrises-300x8.jpg 300w, https:\/\/www.eurominority.eu\/wp-content\/uploads\/2020\/05\/Logo-Multinatio_bandesgrises-768x21.jpg 768w\" sizes=\"(max-width: 963px) 100vw, 963px\" \/><\/figure><table class=\"wp-block-table is-style-stripes\"><tbody><tr><td><em>Nom<\/em><\/td><td><strong>Cymru <\/strong> | <em>gallois<\/em> <br><strong>Wales<\/strong>  | <em>anglais<\/em> <br>(Pays de Galles)<\/td><\/tr><tr><td><em>Population  <\/em><\/td><td> <strong>3 139 000 hab.<\/strong> (2018) <\/td><\/tr><tr><td><em>Superficie<\/em><\/td><td><strong>20 760 km\u00b2<\/strong> <\/td><\/tr><tr><td><em>Langues<\/em><\/td><td><strong>Cymraeg <\/strong> |<em>&nbsp;gallois<\/em> (officielle) <br><strong><em>English  <\/em><\/strong>| <em>anglais<\/em> (officielle)<\/td><\/tr><tr><td><em>Nombre de locuteurs<\/em><\/td><td><strong>857 000<\/strong>  |<em>&nbsp;gallois<\/em> (2017)<\/td><\/tr><tr><td><em>\u00c9tat de tutelle<\/em><\/td><td><strong>Royaume-Uni<\/strong> <\/td><\/tr><tr><td><em>Statut officiel<\/em><\/td><td><strong>Principaut\u00e9 du Royaume-Uni disposant de sa propre assembl\u00e9e  <\/strong><\/td><\/tr><tr><td><em>Capitale<\/em><\/td><td><strong>Caerdydd <\/strong> | <em>gallois<\/em><br><strong><em>Cardiff  <\/em><\/strong>| <em>anglais<\/em> (Cardiff) <\/td><\/tr><tr><td><em>Religion historique<\/em><\/td><td><strong>Chr\u00e9tiens m\u00e9thodistes<\/strong> <\/td><\/tr><tr><td><em>Drapeau<\/em><\/td><td><strong>Y Ddraig Goch<\/strong>  |<em>&nbsp;gallois<\/em> <br>(Le Dragon rouge)<\/td><\/tr><tr><td><em>Hymne<\/em><\/td><td><strong>Hen Wlad Fy Nhadau<\/strong>  | <em>gallois<\/em> <br>(Vieux pays de mes p\u00e8res)<\/td><\/tr><tr><td><em>Devise<\/em><\/td><td><strong>Cymru am Byth<\/strong>  | <em>gallois<\/em> <br>(Pays de Galles pour toujours)<\/td><\/tr><\/tbody><\/table><div class=\"wp-block-image\"><figure class=\"aligncenter\"><img loading=\"lazy\" decoding=\"async\" width=\"261\" height=\"71\" src=\"https:\/\/www.eurominority.eu\/wp-content\/uploads\/2020\/05\/Logo-Multinatio_gris-clair-x3.jpg\" alt=\"\" class=\"wp-image-1637\"\/><\/figure><\/div><h3 class=\"wp-block-heading\">Chronologie<\/h3><figure class=\"wp-block-image\"><img loading=\"lazy\" decoding=\"async\" width=\"963\" height=\"26\" src=\"https:\/\/www.eurominority.eu\/wp-content\/uploads\/2020\/05\/Logo-Multinatio_bandesgrises.jpg\" alt=\"\" class=\"wp-image-1644\" srcset=\"https:\/\/www.eurominority.eu\/wp-content\/uploads\/2020\/05\/Logo-Multinatio_bandesgrises.jpg 963w, https:\/\/www.eurominority.eu\/wp-content\/uploads\/2020\/05\/Logo-Multinatio_bandesgrises-600x16.jpg 600w, https:\/\/www.eurominority.eu\/wp-content\/uploads\/2020\/05\/Logo-Multinatio_bandesgrises-300x8.jpg 300w, https:\/\/www.eurominority.eu\/wp-content\/uploads\/2020\/05\/Logo-Multinatio_bandesgrises-768x21.jpg 768w\" sizes=\"(max-width: 963px) 100vw, 963px\" \/><\/figure><ul class=\"wp-block-list\"><li><strong> 940 \u2022<\/strong> Loi galloise codifi\u00e9e par le roi Hywel Dda. <\/li><li> <strong>1282 \u2022<\/strong> Assassinat du prince Llywelyn II ; invasion anglaise.  <\/li><li><strong> 1404 \u2022<\/strong> Apr\u00e8s 4 ans de guerre, Owain Glynd\u0175r obtient l\u2019ind\u00e9pendance du parlement gallois. <\/li><li><strong>1536 \u2022<\/strong> Annexion par l\u2019Angleterre sous Henry VIII. <\/li><li><strong>1847 \u2022<\/strong> Le gouvernement interdit l\u2019enseignement du gallois dans les  \u00e9coles. En 1870, le Welsh Not (punition pour enfants pris en flagrant  d\u00e9lit de parler gallois) est mis en place. <\/li><li><strong>Ann\u00e9es 1920 \u2022 <\/strong>Retrait de l\u2019\u00e9glise d\u2019Angleterre et cr\u00e9ation du Urdd  Gobaith Cymru ; formation du parti nationaliste gallois (Plaid Cymru). <\/li><li><strong>Ann\u00e9es 1960 \u2022<\/strong> D\u00e9but des campagnes arm\u00e9es du MAC et du FWA ; l\u2019Office de  la langue galloise est mis en place ; premier parlementaire du Plaid  Cyrmru. Premi\u00e8re loi sur la langue galloise (Welsh Language Act). <\/li><li><strong>1997 \u2022<\/strong> Vote majoritaire pour la d\u00e9volution ; mise en place de l\u2019Assembl\u00e9e nationale en 1998 ;  premi\u00e8re \u00e9lection g\u00e9n\u00e9rale du pays de Galles en 1999. <\/li><\/ul><div class=\"wp-block-image\"><figure class=\"aligncenter\"><img loading=\"lazy\" decoding=\"async\" width=\"261\" height=\"71\" src=\"https:\/\/www.eurominority.eu\/wp-content\/uploads\/2020\/05\/Logo-Multinatio_gris-clair-x3.jpg\" alt=\"\" class=\"wp-image-1637\"\/><\/figure><\/div><h3 class=\"wp-block-heading\">Zoom historique<\/h3><figure class=\"wp-block-image\"><img loading=\"lazy\" decoding=\"async\" width=\"963\" height=\"26\" src=\"https:\/\/www.eurominority.eu\/wp-content\/uploads\/2020\/05\/Logo-Multinatio_bandesgrises.jpg\" alt=\"\" class=\"wp-image-1644\" srcset=\"https:\/\/www.eurominority.eu\/wp-content\/uploads\/2020\/05\/Logo-Multinatio_bandesgrises.jpg 963w, https:\/\/www.eurominority.eu\/wp-content\/uploads\/2020\/05\/Logo-Multinatio_bandesgrises-600x16.jpg 600w, https:\/\/www.eurominority.eu\/wp-content\/uploads\/2020\/05\/Logo-Multinatio_bandesgrises-300x8.jpg 300w, https:\/\/www.eurominority.eu\/wp-content\/uploads\/2020\/05\/Logo-Multinatio_bandesgrises-768x21.jpg 768w\" sizes=\"(max-width: 963px) 100vw, 963px\" \/><\/figure><p>En 1956, la soci\u00e9t\u00e9 Liverpool Corporation annonce son\nintention d\u2019inonder la vall\u00e9e de Tryweryn et le village de Capel Celyn, pour\nfournir l\u2019eau \u00e0 Liverpool en Angleterre. En d\u00e9pit des protestations du comit\u00e9\nde d\u00e9fense de Tryweryn et des d\u00e9put\u00e9s gallois, le Parlement britannique\nent\u00e9rine cette d\u00e9cision. Des villageois sont expuls\u00e9s de leur maison et les\ncorps exhum\u00e9s du cimeti\u00e8re. Malgr\u00e9 le caract\u00e8re anecdotique de cet \u00e9v\u00e9nement,\nTryweryn est un tournant dans l\u2019histoire moderne du pays de Galles. Il a\nr\u00e9veill\u00e9 une Nation. En 1963, le chantier de construction de Tryweryn est\nbombard\u00e9. C\u2019est le d\u00e9but d\u2019une longue campagne arm\u00e9e. En 1965 la c\u00e9r\u00e9monie\nd\u2019ouverture du barrage est envahie par des milliers de protestataires. C\u2019est \u00e0\ncette m\u00eame \u00e9poque que la \u00ab soci\u00e9t\u00e9 de langue galloise \u00bb est cr\u00e9\u00e9e, lan\u00e7ant 40\nann\u00e9es d\u2019action directe non-violente. En 1966, Gwynfor Evans devient le premier\nparlementaire du Plaid Cymru. <\/p><div class=\"wp-block-image\"><figure class=\"aligncenter\"><img loading=\"lazy\" decoding=\"async\" width=\"261\" height=\"71\" src=\"https:\/\/www.eurominority.eu\/wp-content\/uploads\/2020\/05\/Logo-Multinatio_gris-clair-x3.jpg\" alt=\"\" class=\"wp-image-1637\"\/><\/figure><\/div><h3 class=\"wp-block-heading\">G\u00e9ographie<\/h3><figure class=\"wp-block-image\"><img loading=\"lazy\" decoding=\"async\" width=\"963\" height=\"26\" src=\"https:\/\/www.eurominority.eu\/wp-content\/uploads\/2020\/05\/Logo-Multinatio_bandesgrises.jpg\" alt=\"\" class=\"wp-image-1644\" srcset=\"https:\/\/www.eurominority.eu\/wp-content\/uploads\/2020\/05\/Logo-Multinatio_bandesgrises.jpg 963w, https:\/\/www.eurominority.eu\/wp-content\/uploads\/2020\/05\/Logo-Multinatio_bandesgrises-600x16.jpg 600w, https:\/\/www.eurominority.eu\/wp-content\/uploads\/2020\/05\/Logo-Multinatio_bandesgrises-300x8.jpg 300w, https:\/\/www.eurominority.eu\/wp-content\/uploads\/2020\/05\/Logo-Multinatio_bandesgrises-768x21.jpg 768w\" sizes=\"(max-width: 963px) 100vw, 963px\" \/><\/figure><p>Le pays de Galles se situe \u00e0 l\u2019ouest de la Grande-Bretagne.\nSa fronti\u00e8re orientale borde l\u2019Angleterre. Au nord, \u00e0 l\u2019ouest et au sud, il est\nbord\u00e9 par deux mers, la mer d\u2019Irlande et la mer Celtique. L\u2019histoire\nadministrative du pays de Galles est complexe. Historiquement, le pays est\ncompos\u00e9 de treize r\u00e9gions historiques, que l\u2019on nomme en gallois Sir. La Loi du\ngouvernement local cr\u00e9a en 1972 huit r\u00e9gions bas\u00e9es sur ces pays, dont les noms\nsont uniquement gallois sauf pour trois d\u2019entre elles qui ont des noms\nbilingues. Une r\u00e9forme a eu lieu en 1996 afin de doter le pays de Galles de\nnouvelles r\u00e9gions. Aujourd\u2019hui, il est divis\u00e9 en 9 comt\u00e9s, 3 villes et 10\ndivisions de comt\u00e9 (la carte repr\u00e9sente les r\u00e9gions qui \u00e9taient en vigueur entre\n1974 et 1996) correspondant plus \u00e0 la r\u00e9alit\u00e9 historique. Les plus grandes\nvilles, dont la capitale (Cardiff), se trouvent au sud. Swansea et Newport,\ndeux ports c\u00e9l\u00e8bres pour leur r\u00f4le dans l\u2019industrialisation du pays, ont\nprosp\u00e9r\u00e9 gr\u00e2ce \u00e0 l\u2019exploitation du minerai de fer.<\/p><div class=\"wp-block-image\"><figure class=\"aligncenter\"><img loading=\"lazy\" decoding=\"async\" width=\"180\" height=\"73\" src=\"https:\/\/www.eurominority.eu\/wp-content\/uploads\/2020\/05\/Logo-Multinatio_mbleu-1.jpg\" alt=\"\" class=\"wp-image-1652\"\/><\/figure><\/div><figure class=\"wp-block-image\"><img loading=\"lazy\" decoding=\"async\" width=\"700\" height=\"576\" src=\"https:\/\/www.eurominority.eu\/wp-content\/uploads\/2020\/05\/map_wales_fra.png\" alt=\"\" class=\"wp-image-387\" srcset=\"https:\/\/www.eurominority.eu\/wp-content\/uploads\/2020\/05\/map_wales_fra.png 700w, https:\/\/www.eurominority.eu\/wp-content\/uploads\/2020\/05\/map_wales_fra-600x494.png 600w, https:\/\/www.eurominority.eu\/wp-content\/uploads\/2020\/05\/map_wales_fra-300x247.png 300w\" sizes=\"(max-width: 700px) 100vw, 700px\" \/><\/figure><div class=\"wp-block-image\"><figure class=\"aligncenter\"><img loading=\"lazy\" decoding=\"async\" width=\"261\" height=\"71\" src=\"https:\/\/www.eurominority.eu\/wp-content\/uploads\/2020\/05\/Logo-Multinatio_gris-clair-x3.jpg\" alt=\"\" class=\"wp-image-1637\"\/><\/figure><\/div><h3 class=\"wp-block-heading\">Langues<\/h3><figure class=\"wp-block-image\"><img loading=\"lazy\" decoding=\"async\" width=\"963\" height=\"26\" src=\"https:\/\/www.eurominority.eu\/wp-content\/uploads\/2020\/05\/Logo-Multinatio_bandesgrises.jpg\" alt=\"\" class=\"wp-image-1644\" srcset=\"https:\/\/www.eurominority.eu\/wp-content\/uploads\/2020\/05\/Logo-Multinatio_bandesgrises.jpg 963w, https:\/\/www.eurominority.eu\/wp-content\/uploads\/2020\/05\/Logo-Multinatio_bandesgrises-600x16.jpg 600w, https:\/\/www.eurominority.eu\/wp-content\/uploads\/2020\/05\/Logo-Multinatio_bandesgrises-300x8.jpg 300w, https:\/\/www.eurominority.eu\/wp-content\/uploads\/2020\/05\/Logo-Multinatio_bandesgrises-768x21.jpg 768w\" sizes=\"(max-width: 963px) 100vw, 963px\" \/><\/figure><h4 class=\"wp-block-heading\">Cymraeg<\/h4><hr class=\"wp-block-separator is-style-dots\"\/><p>Des langues celtiques, le gallois est certainement la langue la plus pratiqu\u00e9e. \u00c9troitement li\u00e9e au cornique et au breton, elle fait partie des langues brittoniques. De nombreux ouvrages dont des grammaires et dictionnaires sont \u00e9dit\u00e9s aux XVII e et XVIII e si\u00e8cles. C\u2019est \u00e0 cette \u00e9poque que la langue se normalise. En 2017, on recensait un peu plus de 850 000 locuteurs, soit environ 28 % de la population. Le nord-ouest du pays de Galles est traditionnellement une zone o\u00f9 le gallois est tr\u00e8s vivant. Plus de 50 % de la population parle le gallois dans certains secteurs comme dans le Gwynedd. Gr\u00e2ce \u00e0 la d\u00e9volution, le pays de Galles dispose d\u2019un statut particulier, lui permettant, par exemple, de g\u00e9rer directement sa politique linguistique. D\u2019apr\u00e8s la Loi Government of Wales Act (1998), le gallois et l\u2019anglais doivent \u00eatre trait\u00e9s sur un pied d\u2019\u00e9galit\u00e9. Le gallois est ainsi fortement pr\u00e9sent dans la justice, les services publics, la signalisation routi\u00e8re, les m\u00e9dias et l\u2019ensemble des domaines de la vie sociale. La Sianel Pedwar Cymru (S4C), la cha\u00eene de t\u00e9l\u00e9vision du pays de Galles, \u00e9met int\u00e9gralement en gallois. La BBC en fait de m\u00eame dans le domaine de la radio. Quoique le Royaume-Uni ait sign\u00e9 et ratifi\u00e9 la Charte europ\u00e9enne des langues r\u00e9gionales et minoritaires, sa tradition d\u2019oppression des minorit\u00e9s linguistiques et la puissance de la langue anglaise, surtout des nouveaux arrivants anglais, pourrait mettre en p\u00e9ril l\u2019avenir de la langue galloise. Le 7 d\u00e9cembre 2010, l\u2019assembl\u00e9e du Pays de Galles a vot\u00e9 \u00e0 l\u2019unanimit\u00e9 une nouvelle loi sur la langue, garantissant l\u2019\u00e9galit\u00e9 totale entre l\u2019anglais et le gallois.<\/p><div class=\"wp-block-image\"><figure class=\"aligncenter\"><img loading=\"lazy\" decoding=\"async\" width=\"261\" height=\"71\" src=\"https:\/\/www.eurominority.eu\/wp-content\/uploads\/2020\/05\/Logo-Multinatio_gris-clair-x3.jpg\" alt=\"\" class=\"wp-image-1637\"\/><\/figure><\/div><h3 class=\"wp-block-heading\">Zoom politique<\/h3><figure class=\"wp-block-image\"><img loading=\"lazy\" decoding=\"async\" width=\"963\" height=\"26\" src=\"https:\/\/www.eurominority.eu\/wp-content\/uploads\/2020\/05\/Logo-Multinatio_bandesgrises.jpg\" alt=\"\" class=\"wp-image-1644\" srcset=\"https:\/\/www.eurominority.eu\/wp-content\/uploads\/2020\/05\/Logo-Multinatio_bandesgrises.jpg 963w, https:\/\/www.eurominority.eu\/wp-content\/uploads\/2020\/05\/Logo-Multinatio_bandesgrises-600x16.jpg 600w, https:\/\/www.eurominority.eu\/wp-content\/uploads\/2020\/05\/Logo-Multinatio_bandesgrises-300x8.jpg 300w, https:\/\/www.eurominority.eu\/wp-content\/uploads\/2020\/05\/Logo-Multinatio_bandesgrises-768x21.jpg 768w\" sizes=\"(max-width: 963px) 100vw, 963px\" \/><\/figure><p>Depuis 1999, quelques pouvoirs administratifs sont d\u00e9volus\nau pays de Galles. Ils sont transf\u00e9r\u00e9s depuis Londres \u00e0 Cardiff. Ils restent\nn\u00e9anmoins limit\u00e9s et, \u00e0 la diff\u00e9rence de l\u2019\u00c9cosse, le Parlement du pays de\nGalles ne dispose pas de pouvoirs l\u00e9gislatifs et ne peut percevoir l\u2019imp\u00f4t. Les\n\u00e9lections de l\u2019Assembl\u00e9e nationale se tiennent tous les 4 ans. Le nouveau parti\ntravailliste a obtenu aux \u00e9lections de 1999 une courte majorit\u00e9. Le Plaid\nCymru, parti nationaliste gallois, est la principale force d\u2019opposition. Les\nprincipales pr\u00e9occupations des Gallois restent les droits des ouvriers, les services\npublics, la langue galloise, le logement sous la pression de ceux que les\nGallois appellent la \u00ab colonisation anglaise \u00bb. Les th\u00e8mes de la\nd\u00e9centralisation et de l\u2019environnement agitent aussi le monde politique\ngallois. De r\u00e9cents sondages d\u2019opinion montrent que 32 % des Gallois sont\nfavorables \u00e0 l\u2019ind\u00e9pendance. Il s\u2019agit d\u2019un fait relativement nouveau. <\/p><h4 class=\"wp-block-heading\">Partis gallois les plus repr\u00e9sentatifs (dont composantes locales de partis britanniques)<\/h4><ul class=\"wp-block-list\"><li> <a rel=\"noreferrer noopener\" aria-label=\"Plaid Cymru (s\u2019ouvre dans un nouvel onglet)\" href=\"https:\/\/www.partyof.wales\/\" target=\"_blank\"><strong>Plaid Cymru<\/strong><\/a> \/ Parti du pays de Galles <em>(ind\u00e9pendantiste progressiste)<\/em><\/li><li> <a rel=\"noreferrer noopener\" aria-label=\"Welsh New Labour (s\u2019ouvre dans un nouvel onglet)\" href=\"https:\/\/www.welshlabour.wales\/\" target=\"_blank\"><strong>Welsh New Labour<\/strong><\/a> <em>(composante du New Labour britannique, progressiste)  <\/em><\/li><li> <a rel=\"noreferrer noopener\" aria-label=\"Welsh Liberal Democrats (s\u2019ouvre dans un nouvel onglet)\" href=\"https:\/\/www.welshlibdems.wales\/\" target=\"_blank\"><strong>Welsh Liberal Democrats<\/strong><\/a><strong> <\/strong><em>(composante du British Liberal Democrat Party, pro-d\u00e9centralisation)  <\/em><\/li><li> <a rel=\"noreferrer noopener\" aria-label=\"Welsh Conservatives (s\u2019ouvre dans un nouvel onglet)\" href=\"https:\/\/www.conservatives.wales\/\" target=\"_blank\"><strong>Welsh Conservatives<\/strong><\/a> <em>(composante du British Conservative and Unionist  Party, conservateur, \u00e9voluant sur les questions de d\u00e9centralisation) <\/em><\/li><\/ul><div class=\"wp-block-image\"><figure class=\"aligncenter\"><img loading=\"lazy\" decoding=\"async\" width=\"180\" height=\"73\" src=\"https:\/\/www.eurominority.eu\/wp-content\/uploads\/2020\/05\/Logo-Multinatio_mgris.jpg\" alt=\"\" class=\"wp-image-1653\"\/><\/figure><\/div><p><br><\/p>","protected":false},"excerpt":{"rendered":"<p>Pays de Galles, vous avez dit \u00ab Llanfairpwllgwyngyll.. \u00bb Le pays de Galles est une Nation celtique \u00e0 l\u2019ouest des \u00eeles Britanniques. Malgr\u00e9 des si\u00e8cles d\u2019oppression culturelle, un quart de la population parle toujours le gallois, qui dispose aujourd\u2019hui d\u2019un statut officiel. Son r\u00e9veil politique est r\u00e9cent avec la cr\u00e9ation d\u2019une Assembl\u00e9e nationale en 1999. Au XIIIe si\u00e8cle, les tentatives de constitution d\u2019un \u00e9tat souverain ont \u00e9t\u00e9 contrecarr\u00e9es par l\u2019assassinat du prince de Galles, Llywelyn II, et par la conqu\u00eate du territoire par \u00c9douard Ier d\u2019Angleterre, en 1282. Les r\u00e9voltes qui s\u2019en sont suivies ont largement \u00e9t\u00e9 r\u00e9prim\u00e9es pendant plus d\u2019un si\u00e8cle, dont le point culminant a \u00e9t\u00e9 la guerre de lib\u00e9ration d\u2019Owain Glynd\u0175r en 1400. En 1536, apr\u00e8s une courte p\u00e9riode d\u2019ind\u00e9pendance, le pays de Galles est annex\u00e9 par l\u2019Angleterre, interdisant la langue galloise. Au XXe si\u00e8cle le bassin houiller du sud du pays de Galles devient la r\u00e9gion la plus industrialis\u00e9e du monde. C\u2019est \u00e0 cette m\u00eame p\u00e9riode que le nationalisme gallois rena\u00eet par les locuteurs de gallois. En 1925 appara\u00eet le Parti nationaliste gallois. Le Cymdeithas yr Iaith Gymraeg (Soci\u00e9t\u00e9 de la langue galloise) utilise la d\u00e9sob\u00e9issance civile en 1962 pour obtenir des droits pour la langue. &#8230; <\/p>\n<p class=\"read-more-container\"><a title=\"Pays de Galles\" class=\"read-more button\" href=\"https:\/\/www.eurominority.eu\/index.php\/pays-de-galles\/#more-27\">+<span class=\"screen-reader-text\">Pays de Galles<\/span><\/a><\/p>\n","protected":false},"author":1,"featured_media":0,"parent":0,"menu_order":0,"comment_status":"closed","ping_status":"closed","template":"","meta":{"om_disable_all_campaigns":false,"_monsterinsights_skip_tracking":false,"_monsterinsights_sitenote_active":false,"_monsterinsights_sitenote_note":"","_monsterinsights_sitenote_category":0,"_uf_show_specific_survey":0,"_uf_disable_surveys":false,"footnotes":""},"class_list":["post-27","page","type-page","status-publish"],"aioseo_notices":[],"yoast_head":"<!-- This site is optimized with the Yoast SEO plugin v25.6 - https:\/\/yoast.com\/wordpress\/plugins\/seo\/ -->\n<title>Pays de Galles | Eurominority.eu<\/title>\n<meta name=\"robots\" content=\"index, follow, max-snippet:-1, max-image-preview:large, max-video-preview:-1\" \/>\n<link rel=\"canonical\" href=\"https:\/\/www.eurominority.eu\/index.php\/pays-de-galles\/\" \/>\n<meta property=\"og:locale\" content=\"fr_FR\" \/>\n<meta property=\"og:type\" content=\"article\" \/>\n<meta property=\"og:title\" content=\"Pays de Galles | Eurominority.eu\" \/>\n<meta property=\"og:description\" content=\"Pays de Galles, vous avez dit \u00ab Llanfairpwllgwyngyll.. \u00bb Le pays de Galles est une Nation celtique \u00e0 l\u2019ouest des \u00eeles Britanniques. Malgr\u00e9 des si\u00e8cles d\u2019oppression culturelle, un quart de la population parle toujours le gallois, qui dispose aujourd\u2019hui d\u2019un statut officiel. Son r\u00e9veil politique est r\u00e9cent avec la cr\u00e9ation d\u2019une Assembl\u00e9e nationale en 1999. Au XIIIe si\u00e8cle, les tentatives de constitution d\u2019un \u00e9tat souverain ont \u00e9t\u00e9 contrecarr\u00e9es par l\u2019assassinat du prince de Galles, Llywelyn II, et par la conqu\u00eate du territoire par \u00c9douard Ier d\u2019Angleterre, en 1282. Les r\u00e9voltes qui s\u2019en sont suivies ont largement \u00e9t\u00e9 r\u00e9prim\u00e9es pendant plus d\u2019un si\u00e8cle, dont le point culminant a \u00e9t\u00e9 la guerre de lib\u00e9ration d\u2019Owain Glynd\u0175r en 1400. En 1536, apr\u00e8s une courte p\u00e9riode d\u2019ind\u00e9pendance, le pays de Galles est annex\u00e9 par l\u2019Angleterre, interdisant la langue galloise. Au XXe si\u00e8cle le bassin houiller du sud du pays de Galles devient la r\u00e9gion la plus industrialis\u00e9e du monde. C\u2019est \u00e0 cette m\u00eame p\u00e9riode que le nationalisme gallois rena\u00eet par les locuteurs de gallois. En 1925 appara\u00eet le Parti nationaliste gallois. Le Cymdeithas yr Iaith Gymraeg (Soci\u00e9t\u00e9 de la langue galloise) utilise la d\u00e9sob\u00e9issance civile en 1962 pour obtenir des droits pour la langue. ... +Pays de Galles\" \/>\n<meta property=\"og:url\" content=\"https:\/\/www.eurominority.eu\/index.php\/pays-de-galles\/\" \/>\n<meta property=\"og:site_name\" content=\"Eurominority.eu\" \/>\n<meta property=\"article:modified_time\" content=\"2020-05-06T21:43:37+00:00\" \/>\n<meta property=\"og:image\" content=\"https:\/\/www.eurominority.eu\/wp-content\/uploads\/2020\/05\/flag_wales.png\" \/>\n<meta name=\"twitter:card\" content=\"summary_large_image\" \/>\n<meta name=\"twitter:label1\" content=\"Dur\u00e9e de lecture estim\u00e9e\" \/>\n\t<meta name=\"twitter:data1\" content=\"8 minutes\" \/>\n<script type=\"application\/ld+json\" class=\"yoast-schema-graph\">{\"@context\":\"https:\/\/schema.org\",\"@graph\":[{\"@type\":\"WebPage\",\"@id\":\"https:\/\/www.eurominority.eu\/index.php\/pays-de-galles\/\",\"url\":\"https:\/\/www.eurominority.eu\/index.php\/pays-de-galles\/\",\"name\":\"Pays de Galles | Eurominority.eu\",\"isPartOf\":{\"@id\":\"https:\/\/www.eurominority.eu\/#website\"},\"primaryImageOfPage\":{\"@id\":\"https:\/\/www.eurominority.eu\/index.php\/pays-de-galles\/#primaryimage\"},\"image\":{\"@id\":\"https:\/\/www.eurominority.eu\/index.php\/pays-de-galles\/#primaryimage\"},\"thumbnailUrl\":\"https:\/\/www.eurominority.eu\/wp-content\/uploads\/2020\/05\/flag_wales.png\",\"datePublished\":\"2020-04-30T19:30:29+00:00\",\"dateModified\":\"2020-05-06T21:43:37+00:00\",\"breadcrumb\":{\"@id\":\"https:\/\/www.eurominority.eu\/index.php\/pays-de-galles\/#breadcrumb\"},\"inLanguage\":\"fr-FR\",\"potentialAction\":[{\"@type\":\"ReadAction\",\"target\":[\"https:\/\/www.eurominority.eu\/index.php\/pays-de-galles\/\"]}]},{\"@type\":\"ImageObject\",\"inLanguage\":\"fr-FR\",\"@id\":\"https:\/\/www.eurominority.eu\/index.php\/pays-de-galles\/#primaryimage\",\"url\":\"https:\/\/www.eurominority.eu\/wp-content\/uploads\/2020\/05\/flag_wales.png\",\"contentUrl\":\"https:\/\/www.eurominority.eu\/wp-content\/uploads\/2020\/05\/flag_wales.png\",\"width\":600,\"height\":358},{\"@type\":\"BreadcrumbList\",\"@id\":\"https:\/\/www.eurominority.eu\/index.php\/pays-de-galles\/#breadcrumb\",\"itemListElement\":[{\"@type\":\"ListItem\",\"position\":1,\"name\":\"Accueil\",\"item\":\"https:\/\/www.eurominority.eu\/\"},{\"@type\":\"ListItem\",\"position\":2,\"name\":\"Pays de Galles\"}]},{\"@type\":\"WebSite\",\"@id\":\"https:\/\/www.eurominority.eu\/#website\",\"url\":\"https:\/\/www.eurominority.eu\/\",\"name\":\"Eurominority.eu\",\"description\":\"We are the peoples of the world\",\"publisher\":{\"@id\":\"https:\/\/www.eurominority.eu\/#\/schema\/person\/79505440550055e97873102f1e7ab47f\"},\"potentialAction\":[{\"@type\":\"SearchAction\",\"target\":{\"@type\":\"EntryPoint\",\"urlTemplate\":\"https:\/\/www.eurominority.eu\/?s={search_term_string}\"},\"query-input\":{\"@type\":\"PropertyValueSpecification\",\"valueRequired\":true,\"valueName\":\"search_term_string\"}}],\"inLanguage\":\"fr-FR\"},{\"@type\":[\"Person\",\"Organization\"],\"@id\":\"https:\/\/www.eurominority.eu\/#\/schema\/person\/79505440550055e97873102f1e7ab47f\",\"name\":\"Multinatio\",\"image\":{\"@type\":\"ImageObject\",\"inLanguage\":\"fr-FR\",\"@id\":\"https:\/\/www.eurominority.eu\/#\/schema\/person\/image\/\",\"url\":\"https:\/\/www.eurominority.eu\/wp-content\/uploads\/2023\/03\/cropped-Logo-Eurominority.png\",\"contentUrl\":\"https:\/\/www.eurominority.eu\/wp-content\/uploads\/2023\/03\/cropped-Logo-Eurominority.png\",\"width\":1500,\"height\":462,\"caption\":\"Multinatio\"},\"logo\":{\"@id\":\"https:\/\/www.eurominority.eu\/#\/schema\/person\/image\/\"}}]}<\/script>\n<!-- \/ Yoast SEO plugin. -->","yoast_head_json":{"title":"Pays de Galles | Eurominority.eu","robots":{"index":"index","follow":"follow","max-snippet":"max-snippet:-1","max-image-preview":"max-image-preview:large","max-video-preview":"max-video-preview:-1"},"canonical":"https:\/\/www.eurominority.eu\/index.php\/pays-de-galles\/","og_locale":"fr_FR","og_type":"article","og_title":"Pays de Galles | Eurominority.eu","og_description":"Pays de Galles, vous avez dit \u00ab Llanfairpwllgwyngyll.. \u00bb Le pays de Galles est une Nation celtique \u00e0 l\u2019ouest des \u00eeles Britanniques. Malgr\u00e9 des si\u00e8cles d\u2019oppression culturelle, un quart de la population parle toujours le gallois, qui dispose aujourd\u2019hui d\u2019un statut officiel. Son r\u00e9veil politique est r\u00e9cent avec la cr\u00e9ation d\u2019une Assembl\u00e9e nationale en 1999. Au XIIIe si\u00e8cle, les tentatives de constitution d\u2019un \u00e9tat souverain ont \u00e9t\u00e9 contrecarr\u00e9es par l\u2019assassinat du prince de Galles, Llywelyn II, et par la conqu\u00eate du territoire par \u00c9douard Ier d\u2019Angleterre, en 1282. Les r\u00e9voltes qui s\u2019en sont suivies ont largement \u00e9t\u00e9 r\u00e9prim\u00e9es pendant plus d\u2019un si\u00e8cle, dont le point culminant a \u00e9t\u00e9 la guerre de lib\u00e9ration d\u2019Owain Glynd\u0175r en 1400. En 1536, apr\u00e8s une courte p\u00e9riode d\u2019ind\u00e9pendance, le pays de Galles est annex\u00e9 par l\u2019Angleterre, interdisant la langue galloise. Au XXe si\u00e8cle le bassin houiller du sud du pays de Galles devient la r\u00e9gion la plus industrialis\u00e9e du monde. C\u2019est \u00e0 cette m\u00eame p\u00e9riode que le nationalisme gallois rena\u00eet par les locuteurs de gallois. En 1925 appara\u00eet le Parti nationaliste gallois. Le Cymdeithas yr Iaith Gymraeg (Soci\u00e9t\u00e9 de la langue galloise) utilise la d\u00e9sob\u00e9issance civile en 1962 pour obtenir des droits pour la langue. ... +Pays de Galles","og_url":"https:\/\/www.eurominority.eu\/index.php\/pays-de-galles\/","og_site_name":"Eurominority.eu","article_modified_time":"2020-05-06T21:43:37+00:00","og_image":[{"url":"https:\/\/www.eurominority.eu\/wp-content\/uploads\/2020\/05\/flag_wales.png","type":"","width":"","height":""}],"twitter_card":"summary_large_image","twitter_misc":{"Dur\u00e9e de lecture estim\u00e9e":"8 minutes"},"schema":{"@context":"https:\/\/schema.org","@graph":[{"@type":"WebPage","@id":"https:\/\/www.eurominority.eu\/index.php\/pays-de-galles\/","url":"https:\/\/www.eurominority.eu\/index.php\/pays-de-galles\/","name":"Pays de Galles | Eurominority.eu","isPartOf":{"@id":"https:\/\/www.eurominority.eu\/#website"},"primaryImageOfPage":{"@id":"https:\/\/www.eurominority.eu\/index.php\/pays-de-galles\/#primaryimage"},"image":{"@id":"https:\/\/www.eurominority.eu\/index.php\/pays-de-galles\/#primaryimage"},"thumbnailUrl":"https:\/\/www.eurominority.eu\/wp-content\/uploads\/2020\/05\/flag_wales.png","datePublished":"2020-04-30T19:30:29+00:00","dateModified":"2020-05-06T21:43:37+00:00","breadcrumb":{"@id":"https:\/\/www.eurominority.eu\/index.php\/pays-de-galles\/#breadcrumb"},"inLanguage":"fr-FR","potentialAction":[{"@type":"ReadAction","target":["https:\/\/www.eurominority.eu\/index.php\/pays-de-galles\/"]}]},{"@type":"ImageObject","inLanguage":"fr-FR","@id":"https:\/\/www.eurominority.eu\/index.php\/pays-de-galles\/#primaryimage","url":"https:\/\/www.eurominority.eu\/wp-content\/uploads\/2020\/05\/flag_wales.png","contentUrl":"https:\/\/www.eurominority.eu\/wp-content\/uploads\/2020\/05\/flag_wales.png","width":600,"height":358},{"@type":"BreadcrumbList","@id":"https:\/\/www.eurominority.eu\/index.php\/pays-de-galles\/#breadcrumb","itemListElement":[{"@type":"ListItem","position":1,"name":"Accueil","item":"https:\/\/www.eurominority.eu\/"},{"@type":"ListItem","position":2,"name":"Pays de Galles"}]},{"@type":"WebSite","@id":"https:\/\/www.eurominority.eu\/#website","url":"https:\/\/www.eurominority.eu\/","name":"Eurominority.eu","description":"We are the peoples of the world","publisher":{"@id":"https:\/\/www.eurominority.eu\/#\/schema\/person\/79505440550055e97873102f1e7ab47f"},"potentialAction":[{"@type":"SearchAction","target":{"@type":"EntryPoint","urlTemplate":"https:\/\/www.eurominority.eu\/?s={search_term_string}"},"query-input":{"@type":"PropertyValueSpecification","valueRequired":true,"valueName":"search_term_string"}}],"inLanguage":"fr-FR"},{"@type":["Person","Organization"],"@id":"https:\/\/www.eurominority.eu\/#\/schema\/person\/79505440550055e97873102f1e7ab47f","name":"Multinatio","image":{"@type":"ImageObject","inLanguage":"fr-FR","@id":"https:\/\/www.eurominority.eu\/#\/schema\/person\/image\/","url":"https:\/\/www.eurominority.eu\/wp-content\/uploads\/2023\/03\/cropped-Logo-Eurominority.png","contentUrl":"https:\/\/www.eurominority.eu\/wp-content\/uploads\/2023\/03\/cropped-Logo-Eurominority.png","width":1500,"height":462,"caption":"Multinatio"},"logo":{"@id":"https:\/\/www.eurominority.eu\/#\/schema\/person\/image\/"}}]}},"_links":{"self":[{"href":"https:\/\/www.eurominority.eu\/index.php\/wp-json\/wp\/v2\/pages\/27"}],"collection":[{"href":"https:\/\/www.eurominority.eu\/index.php\/wp-json\/wp\/v2\/pages"}],"about":[{"href":"https:\/\/www.eurominority.eu\/index.php\/wp-json\/wp\/v2\/types\/page"}],"author":[{"embeddable":true,"href":"https:\/\/www.eurominority.eu\/index.php\/wp-json\/wp\/v2\/users\/1"}],"replies":[{"embeddable":true,"href":"https:\/\/www.eurominority.eu\/index.php\/wp-json\/wp\/v2\/comments?post=27"}],"version-history":[{"count":18,"href":"https:\/\/www.eurominority.eu\/index.php\/wp-json\/wp\/v2\/pages\/27\/revisions"}],"predecessor-version":[{"id":2052,"href":"https:\/\/www.eurominority.eu\/index.php\/wp-json\/wp\/v2\/pages\/27\/revisions\/2052"}],"wp:attachment":[{"href":"https:\/\/www.eurominority.eu\/index.php\/wp-json\/wp\/v2\/media?parent=27"}],"curies":[{"name":"wp","href":"https:\/\/api.w.org\/{rel}","templated":true}]}}