{"id":417,"date":"2020-05-01T21:35:41","date_gmt":"2020-05-01T19:35:41","guid":{"rendered":"https:\/\/www.eurominority.eu\/?page_id=417"},"modified":"2020-05-17T00:34:56","modified_gmt":"2020-05-16T22:34:56","slug":"frioul","status":"publish","type":"page","link":"https:\/\/www.eurominority.eu\/index.php\/frioul\/","title":{"rendered":"Frioul"},"content":{"rendered":"<h2 class=\"wp-block-heading\">Frioul, fronti\u00e8re d\u2019empires<\/h2><div class=\"wp-block-image\"><figure class=\"aligncenter\"><img loading=\"lazy\" decoding=\"async\" width=\"100\" height=\"100\" src=\"https:\/\/www.eurominority.eu\/wp-content\/uploads\/2020\/05\/Logo-Multinatio_gris-clair.jpg\" alt=\"\" class=\"wp-image-1624\"\/><\/figure><\/div><p class=\"has-medium-font-size\">Le Frioul est la nation rh\u00e9to-romane la plus importante\nnum\u00e9riquement. En effet, les Frioulans constituent avec les Romanches et les\nLadins l\u2019ensemble rh\u00e9to-roman, trois nations historiques d\u2019Europe m\u00e9diane de\nculture romane. <\/p><div class=\"wp-block-image\"><figure class=\"alignright is-resized\"><img loading=\"lazy\" decoding=\"async\" src=\"https:\/\/www.eurominority.eu\/wp-content\/uploads\/2020\/05\/flag_friuli.png\" alt=\"\" class=\"wp-image-298\" width=\"300\" height=\"199\" srcset=\"https:\/\/www.eurominority.eu\/wp-content\/uploads\/2020\/05\/flag_friuli.png 600w, https:\/\/www.eurominority.eu\/wp-content\/uploads\/2020\/05\/flag_friuli-300x199.png 300w\" sizes=\"(max-width: 300px) 100vw, 300px\" \/><figcaption> Le Drapeau frioulan repr\u00e9sente une aigle jaune sur fond bleu. Il reprend  l\u2019embl\u00e8me du patriarche d\u2019Aquil\u00e9e, l\u2019origine de ce nom \u00e9tant aigle  (latin Aquila). <\/figcaption><\/figure><\/div><p>Comme un grand nombre de peuples minoritaires, les Frioulans\nse distinguent par leur langue. Mais c\u2019est aussi gr\u00e2ce \u00e0 une histoire riche que\nles Frioulans peuvent aujourd\u2019hui b\u00e9n\u00e9ficier d\u2019un statut particulier dans une\nItalie attribuant des autonomies \u00e0 la carte. <\/p><p>Peupl\u00e9 initialement de Celtes, les Carni, le Frioul est\ncolonis\u00e9 par les Romains avant de devenir une zone tampon entre barbares et\nempire romain. C\u2019est au cours du Moyen \u00c2ge, au VIIIe si\u00e8cle, que le Frioul\nacquiert pour la premi\u00e8re fois une v\u00e9ritable personnalit\u00e9 juridique. <\/p><p>Il se constitue en duch\u00e9 sous le r\u00e8gne du roi Lombard\nd\u2019Albo\u00efn. \u00c0 partir du XIIe si\u00e8cle, et six si\u00e8cles durant, le Frioul disposera\nd\u2019un parlement repr\u00e9sentant les communes ainsi que la noblesse et le clerg\u00e9. Du\nXIe au XVe si\u00e8cle, sous administration de l\u2019\u00e9v\u00each\u00e9 d\u2019Aquil\u00e9e, le Frioul vit une\np\u00e9riode de d\u00e9mocratisation exceptionnelle avec notamment la cr\u00e9ation du parlement.\nPassant ensuite de la domination lombarde \u00e0 celle des Francs, les Frioulans\nvivent une p\u00e9riode difficile lorsqu\u2019ils sont administr\u00e9s par les V\u00e9nitiens qui\nappauvrissent leurs terres. Ils perdront leurs institutions sous le joug de\nNapol\u00e9on Bonaparte qui mettra fin aux pr\u00e9rogatives l\u00e9gislatives du Duch\u00e9 en\n1805. D\u00e8s le Congr\u00e8s de Vienne en 1815 puis pendant la premi\u00e8re guerre\nmondiale, le Frioul est partag\u00e9 entre l\u2019Autriche et l\u2019Italie. <\/p><p>\u00c0 partir de 1918, les revendications autonomistes se font\nplus pressantes. Le contexte du r\u00e9gime fasciste italien ne permettra aucune\navanc\u00e9e. Apr\u00e8s la seconde guerre mondiale, gr\u00e2ce aux efforts de l\u2019association\npour l\u2019autonomie du Frioul, est cr\u00e9\u00e9e une r\u00e9gion Frioul-V\u00e9n\u00e9tie julienne, ne\ncorrespondant toutefois pas aux aspirations des autonomistes. Peupl\u00e9e \u00e0 90 % de\nFrioulans, on y parle cependant diff\u00e9rentes langues dont majoritairement le\nfrioulan, mais aussi le ladin, l\u2019allemand ou le slov\u00e8ne..<\/p><div class=\"wp-block-image\"><figure class=\"aligncenter\"><img loading=\"lazy\" decoding=\"async\" width=\"261\" height=\"71\" src=\"https:\/\/www.eurominority.eu\/wp-content\/uploads\/2020\/05\/Logo-Multinatio_gris-clair-x3.jpg\" alt=\"\" class=\"wp-image-1637\"\/><\/figure><\/div><h3 class=\"wp-block-heading\">Carte d\u2019identit\u00e9<\/h3><figure class=\"wp-block-image\"><img loading=\"lazy\" decoding=\"async\" width=\"963\" height=\"26\" src=\"https:\/\/www.eurominority.eu\/wp-content\/uploads\/2020\/05\/Logo-Multinatio_bandesgrises.jpg\" alt=\"\" class=\"wp-image-1644\" srcset=\"https:\/\/www.eurominority.eu\/wp-content\/uploads\/2020\/05\/Logo-Multinatio_bandesgrises.jpg 963w, https:\/\/www.eurominority.eu\/wp-content\/uploads\/2020\/05\/Logo-Multinatio_bandesgrises-600x16.jpg 600w, https:\/\/www.eurominority.eu\/wp-content\/uploads\/2020\/05\/Logo-Multinatio_bandesgrises-300x8.jpg 300w, https:\/\/www.eurominority.eu\/wp-content\/uploads\/2020\/05\/Logo-Multinatio_bandesgrises-768x21.jpg 768w\" sizes=\"(max-width: 963px) 100vw, 963px\" \/><\/figure><figure class=\"wp-block-table is-style-stripes\"><table><tbody><tr><td><em>Nom<\/em><\/td><td><strong>Fri\u00fbl <\/strong>|  <em>frioulan<\/em> <br><strong><em>Friuli <\/em><\/strong>|<em>&nbsp;italien <\/em> <br><strong><em>Friaul <\/em><\/strong>|  <em>allemand<\/em> <br><strong><em>Furlanija  <\/em><\/strong>|  <em>slov\u00e8ne<\/em> <br>(Frioul)<\/td><\/tr><tr><td><em>Population  <\/em><\/td><td><strong>1 060 000 hab.<\/strong> (2007)<\/td><\/tr><tr><td><em>Superficie<\/em><\/td><td><strong>8 538 km\u00b2<\/strong> <\/td><\/tr><tr><td><em>Langues<\/em><\/td><td><strong>Furlan  <\/strong>| <em>frioulan<\/em><br><strong><em>Italiano  <\/em><\/strong>| <em>italien <\/em>(officielles)<br><strong><em>Deutsch  <\/em><\/strong>| <em>allemand<\/em><br><strong><em>Sloven\u0161\u010dina  <\/em><\/strong>| <em>slov\u00e8ne<\/em><br><strong><em>Ladin  <\/em><\/strong>| <em>ladin <\/em>(sans statut officiel)<\/td><\/tr><tr><td><em>Nombre de locuteurs<\/em><\/td><td> <strong>600 000<\/strong> |  <em>frioulan<\/em> <\/td><\/tr><tr><td><em>\u00c9tat de tutelle<\/em><\/td><td><strong> R\u00e9gion autonome en Itali<\/strong>e <\/td><\/tr><tr><td><em>Statut officiel<\/em><\/td><td><strong> Italie<\/strong> <\/td><\/tr><tr><td><em>Capitale<\/em><\/td><td><strong>Udin <\/strong>|  <em>frioulan<\/em> <br><strong>Udine <\/strong>|  <em>italien <\/em> <br> (Udine)<\/td><\/tr><tr><td><em>Religion historique<\/em><\/td><td><strong> Chr\u00e9tiens catholique<\/strong>s <\/td><\/tr><tr><td><em>Drapeau<\/em><\/td><td><strong>Bandiere dal Fri\u00fbl<\/strong>  |  <em>frioulan<\/em> <br>(Drapeau du Frioul)<\/td><\/tr><tr><td><em>Hymne<\/em><\/td><td> Pas d\u2019hymne <\/td><\/tr><tr><td><em>Devise<\/em><\/td><td> Pas de devise <\/td><\/tr><\/tbody><\/table><\/figure><div class=\"wp-block-image\"><figure class=\"aligncenter\"><img loading=\"lazy\" decoding=\"async\" width=\"261\" height=\"71\" src=\"https:\/\/www.eurominority.eu\/wp-content\/uploads\/2020\/05\/Logo-Multinatio_gris-clair-x3.jpg\" alt=\"\" class=\"wp-image-1637\"\/><\/figure><\/div><h3 class=\"wp-block-heading\">Chronologie<\/h3><figure class=\"wp-block-image\"><img loading=\"lazy\" decoding=\"async\" width=\"963\" height=\"26\" src=\"https:\/\/www.eurominority.eu\/wp-content\/uploads\/2020\/05\/Logo-Multinatio_bandesgrises.jpg\" alt=\"\" class=\"wp-image-1644\" srcset=\"https:\/\/www.eurominority.eu\/wp-content\/uploads\/2020\/05\/Logo-Multinatio_bandesgrises.jpg 963w, https:\/\/www.eurominority.eu\/wp-content\/uploads\/2020\/05\/Logo-Multinatio_bandesgrises-600x16.jpg 600w, https:\/\/www.eurominority.eu\/wp-content\/uploads\/2020\/05\/Logo-Multinatio_bandesgrises-300x8.jpg 300w, https:\/\/www.eurominority.eu\/wp-content\/uploads\/2020\/05\/Logo-Multinatio_bandesgrises-768x21.jpg 768w\" sizes=\"(max-width: 963px) 100vw, 963px\" \/><\/figure><ul class=\"wp-block-list\"><li><strong>IIe av. JC \u2022<\/strong> Installation des Romains faisant suite aux Celtes.<\/li><li> <strong>-31 \u00e0 -14 \u2022<\/strong> Apog\u00e9e d\u2019Aquil\u00e9e (Aquileia), seconde capitale de l\u2019empire romain et du Frioul. <\/li><li> <strong>VIIe \u2022<\/strong> Les Lombards cr\u00e9ent le Duch\u00e9 de Frioul. <\/li><li> <strong>1077-1420 \u2022<\/strong> L\u2019\u00e9v\u00each\u00e9 d\u2019Aquil\u00e9e contr\u00f4le le Frioul et cr\u00e9e un parlement. <\/li><li> <strong>1420 \u2022<\/strong> Annexion du Frioul par la R\u00e9publique de Venise.  <\/li><li> <strong>1516 \u2022<\/strong> Les Autrichiens prennent le contr\u00f4le de l\u2019est frioulan. <\/li><li> <strong>1805 \u2022<\/strong> Napol\u00e9on Bonaparte c\u00e8de l\u2019ensemble du Frioul \u00e0 l\u2019Autriche et met fin au Duch\u00e9. <\/li><li> <strong>1815-1866 \u2022<\/strong> Le Frioul fait partie du royaume de Lombardie-V\u00e9n\u00e9tie.<\/li><li> <strong>1922 &#8211; 1945 \u2022<\/strong> Sous le r\u00e9gime fasciste italien, les Frioulans sont victimes d\u2019une campagne d\u2019assimilation forc\u00e9e.  <\/li><li> <strong>1960 \u2022<\/strong> Premier mouvement pro-autonomiste. <\/li><li> <strong>1963 \u2022<\/strong> Cr\u00e9ation de la r\u00e9gion autonome de Frioul-V\u00e9n\u00e9tie-Julienne. <\/li><\/ul><div class=\"wp-block-image\"><figure class=\"aligncenter\"><img loading=\"lazy\" decoding=\"async\" width=\"261\" height=\"71\" src=\"https:\/\/www.eurominority.eu\/wp-content\/uploads\/2020\/05\/Logo-Multinatio_gris-clair-x3.jpg\" alt=\"\" class=\"wp-image-1637\"\/><\/figure><\/div><h3 class=\"wp-block-heading\">Zoom historique<\/h3><figure class=\"wp-block-image\"><img loading=\"lazy\" decoding=\"async\" width=\"963\" height=\"26\" src=\"https:\/\/www.eurominority.eu\/wp-content\/uploads\/2020\/05\/Logo-Multinatio_bandesgrises.jpg\" alt=\"\" class=\"wp-image-1644\" srcset=\"https:\/\/www.eurominority.eu\/wp-content\/uploads\/2020\/05\/Logo-Multinatio_bandesgrises.jpg 963w, https:\/\/www.eurominority.eu\/wp-content\/uploads\/2020\/05\/Logo-Multinatio_bandesgrises-600x16.jpg 600w, https:\/\/www.eurominority.eu\/wp-content\/uploads\/2020\/05\/Logo-Multinatio_bandesgrises-300x8.jpg 300w, https:\/\/www.eurominority.eu\/wp-content\/uploads\/2020\/05\/Logo-Multinatio_bandesgrises-768x21.jpg 768w\" sizes=\"(max-width: 963px) 100vw, 963px\" \/><\/figure><p>Le Joibe grasse dal 1511 (Jeudi gras de 1511), est le nom\nd\u2019une r\u00e9volte populaire commenc\u00e9 \u00e0 Udine par des citoyens mourant de faim,\naid\u00e9s d\u2019agriculteurs de tout le Frioul. Ces mouvements insurrectionnels,\nr\u00e9prim\u00e9s par le sang, par les autorit\u00e9s v\u00e9nitiennes marqu\u00e8rent \u00e0 jamais\nl\u2019histoire du Frioul et de ses relations avec son voisin dominant v\u00e9nitien.\nEntre 1550 et 1600 la population du Frioul est en effet pass\u00e9e de 200 000 \u00e0\nmoins de 100 000 habitants. Il s\u2019agit d\u2019un des \u00e9v\u00e9nements marquant de la longue\nhistoire tiraill\u00e9e entre des voisins avides de pouvoirs mais peu enclins \u00e0 la\nr\u00e9partition des richesses. <\/p><div class=\"wp-block-image\"><figure class=\"aligncenter\"><img loading=\"lazy\" decoding=\"async\" width=\"261\" height=\"71\" src=\"https:\/\/www.eurominority.eu\/wp-content\/uploads\/2020\/05\/Logo-Multinatio_gris-clair-x3.jpg\" alt=\"\" class=\"wp-image-1637\"\/><\/figure><\/div><h3 class=\"wp-block-heading\">G\u00e9ographie<\/h3><figure class=\"wp-block-image\"><img loading=\"lazy\" decoding=\"async\" width=\"963\" height=\"26\" src=\"https:\/\/www.eurominority.eu\/wp-content\/uploads\/2020\/05\/Logo-Multinatio_bandesgrises.jpg\" alt=\"\" class=\"wp-image-1644\" srcset=\"https:\/\/www.eurominority.eu\/wp-content\/uploads\/2020\/05\/Logo-Multinatio_bandesgrises.jpg 963w, https:\/\/www.eurominority.eu\/wp-content\/uploads\/2020\/05\/Logo-Multinatio_bandesgrises-600x16.jpg 600w, https:\/\/www.eurominority.eu\/wp-content\/uploads\/2020\/05\/Logo-Multinatio_bandesgrises-300x8.jpg 300w, https:\/\/www.eurominority.eu\/wp-content\/uploads\/2020\/05\/Logo-Multinatio_bandesgrises-768x21.jpg 768w\" sizes=\"(max-width: 963px) 100vw, 963px\" \/><\/figure><p>G\u00e9ographie\n\nLe Frioul est souvent confondu avec la r\u00e9gion\nFrioul-V\u00e9n\u00e9tie-Julienne. Historiquement le Frioul correspond \u00e0 peu pr\u00e8s \u00e0 cette\nr\u00e9gion italienne amput\u00e9e de sa partie m\u00e9ridionale, c\u2019est \u00e0 dire Mandamento di\nPortogruaro (ou Mandament di Puart en frioulan) et la commune de Sappada,\nactuellement int\u00e9gr\u00e9es \u00e0 la V\u00e9n\u00e9tie. Le Frioul est une r\u00e9gion tampon, c\u2019est \u00e0\ndire faisant le lien entre diff\u00e9rents \u00e9tats, l\u2019Italie \u00e0 l\u2019est, l\u2019Autriche au\nnord (Alpes carinthiennes) et la Slov\u00e9nie \u00e0 l\u2019est (Alpes juliennes). Au sud, la\nmer Adriatique permet un acc\u00e8s \u00e0 la M\u00e9diterran\u00e9e. Udin (en frioulan) (Udine en\nItalien) en est la capitale. Elle est situ\u00e9e au milieu du pays, constitu\u00e9 au\ncentre et au sud de plaines et collines et au nord de massifs montagneux alpins\ndont Monte Coglians (2 780 m) est le point culminant. Le Frioul compte\ntraditionnellement cinq provinces : Udin, Prodenon, Gurize, Trieste et Mandament\ndi Puart (repr\u00e9sent\u00e9es sur la carte). La langue minoritaire la plus pratiqu\u00e9e y\nest le frioulan, m\u00eame si au au nord on parle l\u2019allemand, \u00e0 l\u2019est le slov\u00e8ne et\nau sud-est le v\u00e9nitien.\n\n\n\n<\/p><div class=\"wp-block-image\"><figure class=\"aligncenter\"><img loading=\"lazy\" decoding=\"async\" width=\"180\" height=\"73\" src=\"https:\/\/www.eurominority.eu\/wp-content\/uploads\/2020\/05\/Logo-Multinatio_mbleu-1.jpg\" alt=\"\" class=\"wp-image-1652\"\/><\/figure><\/div><div class=\"wp-block-image\"><figure class=\"aligncenter\"><img loading=\"lazy\" decoding=\"async\" width=\"700\" height=\"667\" src=\"https:\/\/www.eurominority.eu\/wp-content\/uploads\/2020\/05\/map_friuli_fra.png\" alt=\"\" class=\"wp-image-357\" srcset=\"https:\/\/www.eurominority.eu\/wp-content\/uploads\/2020\/05\/map_friuli_fra.png 700w, https:\/\/www.eurominority.eu\/wp-content\/uploads\/2020\/05\/map_friuli_fra-600x572.png 600w, https:\/\/www.eurominority.eu\/wp-content\/uploads\/2020\/05\/map_friuli_fra-300x286.png 300w\" sizes=\"(max-width: 700px) 100vw, 700px\" \/><\/figure><\/div><div class=\"wp-block-image\"><figure class=\"aligncenter\"><img loading=\"lazy\" decoding=\"async\" width=\"180\" height=\"73\" src=\"https:\/\/www.eurominority.eu\/wp-content\/uploads\/2020\/05\/Logo-Multinatio_mgris.jpg\" alt=\"\" class=\"wp-image-1653\"\/><\/figure><\/div>","protected":false},"excerpt":{"rendered":"<p>Frioul, fronti\u00e8re d\u2019empires Le Frioul est la nation rh\u00e9to-romane la plus importante num\u00e9riquement. En effet, les Frioulans constituent avec les Romanches et les Ladins l\u2019ensemble rh\u00e9to-roman, trois nations historiques d\u2019Europe m\u00e9diane de culture romane. Comme un grand nombre de peuples minoritaires, les Frioulans se distinguent par leur langue. Mais c\u2019est aussi gr\u00e2ce \u00e0 une histoire riche que les Frioulans peuvent aujourd\u2019hui b\u00e9n\u00e9ficier d\u2019un statut particulier dans une Italie attribuant des autonomies \u00e0 la carte. Peupl\u00e9 initialement de Celtes, les Carni, le Frioul est colonis\u00e9 par les Romains avant de devenir une zone tampon entre barbares et empire romain. C\u2019est au cours du Moyen \u00c2ge, au VIIIe si\u00e8cle, que le Frioul acquiert pour la premi\u00e8re fois une v\u00e9ritable personnalit\u00e9 juridique. Il se constitue en duch\u00e9 sous le r\u00e8gne du roi Lombard d\u2019Albo\u00efn. \u00c0 partir du XIIe si\u00e8cle, et six si\u00e8cles durant, le Frioul disposera d\u2019un parlement repr\u00e9sentant les communes ainsi que la noblesse et le clerg\u00e9. Du XIe au XVe si\u00e8cle, sous administration de l\u2019\u00e9v\u00each\u00e9 d\u2019Aquil\u00e9e, le Frioul vit une p\u00e9riode de d\u00e9mocratisation exceptionnelle avec notamment la cr\u00e9ation du parlement. Passant ensuite de la domination lombarde \u00e0 celle des Francs, les Frioulans vivent une p\u00e9riode difficile lorsqu\u2019ils sont administr\u00e9s par les &#8230; <\/p>\n<p class=\"read-more-container\"><a title=\"Frioul\" class=\"read-more button\" href=\"https:\/\/www.eurominority.eu\/index.php\/frioul\/#more-417\">+<span class=\"screen-reader-text\">Frioul<\/span><\/a><\/p>\n","protected":false},"author":1,"featured_media":0,"parent":0,"menu_order":0,"comment_status":"closed","ping_status":"closed","template":"","meta":{"om_disable_all_campaigns":false,"_monsterinsights_skip_tracking":false,"_monsterinsights_sitenote_active":false,"_monsterinsights_sitenote_note":"","_monsterinsights_sitenote_category":0,"_uf_show_specific_survey":0,"_uf_disable_surveys":false,"footnotes":""},"class_list":["post-417","page","type-page","status-publish"],"aioseo_notices":[],"yoast_head":"<!-- This site is optimized with the Yoast SEO plugin v25.6 - https:\/\/yoast.com\/wordpress\/plugins\/seo\/ -->\n<title>Frioul | Eurominority.eu<\/title>\n<meta name=\"robots\" content=\"index, follow, max-snippet:-1, max-image-preview:large, max-video-preview:-1\" \/>\n<link rel=\"canonical\" href=\"https:\/\/www.eurominority.eu\/index.php\/frioul\/\" \/>\n<meta property=\"og:locale\" content=\"fr_FR\" \/>\n<meta property=\"og:type\" content=\"article\" \/>\n<meta property=\"og:title\" content=\"Frioul | Eurominority.eu\" \/>\n<meta property=\"og:description\" content=\"Frioul, fronti\u00e8re d\u2019empires Le Frioul est la nation rh\u00e9to-romane la plus importante num\u00e9riquement. En effet, les Frioulans constituent avec les Romanches et les Ladins l\u2019ensemble rh\u00e9to-roman, trois nations historiques d\u2019Europe m\u00e9diane de culture romane. Comme un grand nombre de peuples minoritaires, les Frioulans se distinguent par leur langue. Mais c\u2019est aussi gr\u00e2ce \u00e0 une histoire riche que les Frioulans peuvent aujourd\u2019hui b\u00e9n\u00e9ficier d\u2019un statut particulier dans une Italie attribuant des autonomies \u00e0 la carte. Peupl\u00e9 initialement de Celtes, les Carni, le Frioul est colonis\u00e9 par les Romains avant de devenir une zone tampon entre barbares et empire romain. C\u2019est au cours du Moyen \u00c2ge, au VIIIe si\u00e8cle, que le Frioul acquiert pour la premi\u00e8re fois une v\u00e9ritable personnalit\u00e9 juridique. Il se constitue en duch\u00e9 sous le r\u00e8gne du roi Lombard d\u2019Albo\u00efn. \u00c0 partir du XIIe si\u00e8cle, et six si\u00e8cles durant, le Frioul disposera d\u2019un parlement repr\u00e9sentant les communes ainsi que la noblesse et le clerg\u00e9. Du XIe au XVe si\u00e8cle, sous administration de l\u2019\u00e9v\u00each\u00e9 d\u2019Aquil\u00e9e, le Frioul vit une p\u00e9riode de d\u00e9mocratisation exceptionnelle avec notamment la cr\u00e9ation du parlement. Passant ensuite de la domination lombarde \u00e0 celle des Francs, les Frioulans vivent une p\u00e9riode difficile lorsqu\u2019ils sont administr\u00e9s par les ... +Frioul\" \/>\n<meta property=\"og:url\" content=\"https:\/\/www.eurominority.eu\/index.php\/frioul\/\" \/>\n<meta property=\"og:site_name\" content=\"Eurominority.eu\" \/>\n<meta property=\"article:modified_time\" content=\"2020-05-16T22:34:56+00:00\" \/>\n<meta property=\"og:image\" content=\"https:\/\/www.eurominority.eu\/wp-content\/uploads\/2020\/05\/flag_friuli.png\" \/>\n<meta name=\"twitter:card\" content=\"summary_large_image\" \/>\n<meta name=\"twitter:label1\" content=\"Dur\u00e9e de lecture estim\u00e9e\" \/>\n\t<meta name=\"twitter:data1\" content=\"5 minutes\" \/>\n<script type=\"application\/ld+json\" class=\"yoast-schema-graph\">{\"@context\":\"https:\/\/schema.org\",\"@graph\":[{\"@type\":\"WebPage\",\"@id\":\"https:\/\/www.eurominority.eu\/index.php\/frioul\/\",\"url\":\"https:\/\/www.eurominority.eu\/index.php\/frioul\/\",\"name\":\"Frioul | Eurominority.eu\",\"isPartOf\":{\"@id\":\"https:\/\/www.eurominority.eu\/#website\"},\"primaryImageOfPage\":{\"@id\":\"https:\/\/www.eurominority.eu\/index.php\/frioul\/#primaryimage\"},\"image\":{\"@id\":\"https:\/\/www.eurominority.eu\/index.php\/frioul\/#primaryimage\"},\"thumbnailUrl\":\"https:\/\/www.eurominority.eu\/wp-content\/uploads\/2020\/05\/flag_friuli.png\",\"datePublished\":\"2020-05-01T19:35:41+00:00\",\"dateModified\":\"2020-05-16T22:34:56+00:00\",\"breadcrumb\":{\"@id\":\"https:\/\/www.eurominority.eu\/index.php\/frioul\/#breadcrumb\"},\"inLanguage\":\"fr-FR\",\"potentialAction\":[{\"@type\":\"ReadAction\",\"target\":[\"https:\/\/www.eurominority.eu\/index.php\/frioul\/\"]}]},{\"@type\":\"ImageObject\",\"inLanguage\":\"fr-FR\",\"@id\":\"https:\/\/www.eurominority.eu\/index.php\/frioul\/#primaryimage\",\"url\":\"https:\/\/www.eurominority.eu\/wp-content\/uploads\/2020\/05\/flag_friuli.png\",\"contentUrl\":\"https:\/\/www.eurominority.eu\/wp-content\/uploads\/2020\/05\/flag_friuli.png\",\"width\":600,\"height\":397},{\"@type\":\"BreadcrumbList\",\"@id\":\"https:\/\/www.eurominority.eu\/index.php\/frioul\/#breadcrumb\",\"itemListElement\":[{\"@type\":\"ListItem\",\"position\":1,\"name\":\"Accueil\",\"item\":\"https:\/\/www.eurominority.eu\/\"},{\"@type\":\"ListItem\",\"position\":2,\"name\":\"Frioul\"}]},{\"@type\":\"WebSite\",\"@id\":\"https:\/\/www.eurominority.eu\/#website\",\"url\":\"https:\/\/www.eurominority.eu\/\",\"name\":\"Eurominority.eu\",\"description\":\"We are the peoples of the world\",\"publisher\":{\"@id\":\"https:\/\/www.eurominority.eu\/#\/schema\/person\/79505440550055e97873102f1e7ab47f\"},\"potentialAction\":[{\"@type\":\"SearchAction\",\"target\":{\"@type\":\"EntryPoint\",\"urlTemplate\":\"https:\/\/www.eurominority.eu\/?s={search_term_string}\"},\"query-input\":{\"@type\":\"PropertyValueSpecification\",\"valueRequired\":true,\"valueName\":\"search_term_string\"}}],\"inLanguage\":\"fr-FR\"},{\"@type\":[\"Person\",\"Organization\"],\"@id\":\"https:\/\/www.eurominority.eu\/#\/schema\/person\/79505440550055e97873102f1e7ab47f\",\"name\":\"Multinatio\",\"image\":{\"@type\":\"ImageObject\",\"inLanguage\":\"fr-FR\",\"@id\":\"https:\/\/www.eurominority.eu\/#\/schema\/person\/image\/\",\"url\":\"https:\/\/www.eurominority.eu\/wp-content\/uploads\/2023\/03\/cropped-Logo-Eurominority.png\",\"contentUrl\":\"https:\/\/www.eurominority.eu\/wp-content\/uploads\/2023\/03\/cropped-Logo-Eurominority.png\",\"width\":1500,\"height\":462,\"caption\":\"Multinatio\"},\"logo\":{\"@id\":\"https:\/\/www.eurominority.eu\/#\/schema\/person\/image\/\"}}]}<\/script>\n<!-- \/ Yoast SEO plugin. -->","yoast_head_json":{"title":"Frioul | Eurominority.eu","robots":{"index":"index","follow":"follow","max-snippet":"max-snippet:-1","max-image-preview":"max-image-preview:large","max-video-preview":"max-video-preview:-1"},"canonical":"https:\/\/www.eurominority.eu\/index.php\/frioul\/","og_locale":"fr_FR","og_type":"article","og_title":"Frioul | Eurominority.eu","og_description":"Frioul, fronti\u00e8re d\u2019empires Le Frioul est la nation rh\u00e9to-romane la plus importante num\u00e9riquement. En effet, les Frioulans constituent avec les Romanches et les Ladins l\u2019ensemble rh\u00e9to-roman, trois nations historiques d\u2019Europe m\u00e9diane de culture romane. Comme un grand nombre de peuples minoritaires, les Frioulans se distinguent par leur langue. Mais c\u2019est aussi gr\u00e2ce \u00e0 une histoire riche que les Frioulans peuvent aujourd\u2019hui b\u00e9n\u00e9ficier d\u2019un statut particulier dans une Italie attribuant des autonomies \u00e0 la carte. Peupl\u00e9 initialement de Celtes, les Carni, le Frioul est colonis\u00e9 par les Romains avant de devenir une zone tampon entre barbares et empire romain. C\u2019est au cours du Moyen \u00c2ge, au VIIIe si\u00e8cle, que le Frioul acquiert pour la premi\u00e8re fois une v\u00e9ritable personnalit\u00e9 juridique. Il se constitue en duch\u00e9 sous le r\u00e8gne du roi Lombard d\u2019Albo\u00efn. \u00c0 partir du XIIe si\u00e8cle, et six si\u00e8cles durant, le Frioul disposera d\u2019un parlement repr\u00e9sentant les communes ainsi que la noblesse et le clerg\u00e9. Du XIe au XVe si\u00e8cle, sous administration de l\u2019\u00e9v\u00each\u00e9 d\u2019Aquil\u00e9e, le Frioul vit une p\u00e9riode de d\u00e9mocratisation exceptionnelle avec notamment la cr\u00e9ation du parlement. Passant ensuite de la domination lombarde \u00e0 celle des Francs, les Frioulans vivent une p\u00e9riode difficile lorsqu\u2019ils sont administr\u00e9s par les ... +Frioul","og_url":"https:\/\/www.eurominority.eu\/index.php\/frioul\/","og_site_name":"Eurominority.eu","article_modified_time":"2020-05-16T22:34:56+00:00","og_image":[{"url":"https:\/\/www.eurominority.eu\/wp-content\/uploads\/2020\/05\/flag_friuli.png","type":"","width":"","height":""}],"twitter_card":"summary_large_image","twitter_misc":{"Dur\u00e9e de lecture estim\u00e9e":"5 minutes"},"schema":{"@context":"https:\/\/schema.org","@graph":[{"@type":"WebPage","@id":"https:\/\/www.eurominority.eu\/index.php\/frioul\/","url":"https:\/\/www.eurominority.eu\/index.php\/frioul\/","name":"Frioul | Eurominority.eu","isPartOf":{"@id":"https:\/\/www.eurominority.eu\/#website"},"primaryImageOfPage":{"@id":"https:\/\/www.eurominority.eu\/index.php\/frioul\/#primaryimage"},"image":{"@id":"https:\/\/www.eurominority.eu\/index.php\/frioul\/#primaryimage"},"thumbnailUrl":"https:\/\/www.eurominority.eu\/wp-content\/uploads\/2020\/05\/flag_friuli.png","datePublished":"2020-05-01T19:35:41+00:00","dateModified":"2020-05-16T22:34:56+00:00","breadcrumb":{"@id":"https:\/\/www.eurominority.eu\/index.php\/frioul\/#breadcrumb"},"inLanguage":"fr-FR","potentialAction":[{"@type":"ReadAction","target":["https:\/\/www.eurominority.eu\/index.php\/frioul\/"]}]},{"@type":"ImageObject","inLanguage":"fr-FR","@id":"https:\/\/www.eurominority.eu\/index.php\/frioul\/#primaryimage","url":"https:\/\/www.eurominority.eu\/wp-content\/uploads\/2020\/05\/flag_friuli.png","contentUrl":"https:\/\/www.eurominority.eu\/wp-content\/uploads\/2020\/05\/flag_friuli.png","width":600,"height":397},{"@type":"BreadcrumbList","@id":"https:\/\/www.eurominority.eu\/index.php\/frioul\/#breadcrumb","itemListElement":[{"@type":"ListItem","position":1,"name":"Accueil","item":"https:\/\/www.eurominority.eu\/"},{"@type":"ListItem","position":2,"name":"Frioul"}]},{"@type":"WebSite","@id":"https:\/\/www.eurominority.eu\/#website","url":"https:\/\/www.eurominority.eu\/","name":"Eurominority.eu","description":"We are the peoples of the world","publisher":{"@id":"https:\/\/www.eurominority.eu\/#\/schema\/person\/79505440550055e97873102f1e7ab47f"},"potentialAction":[{"@type":"SearchAction","target":{"@type":"EntryPoint","urlTemplate":"https:\/\/www.eurominority.eu\/?s={search_term_string}"},"query-input":{"@type":"PropertyValueSpecification","valueRequired":true,"valueName":"search_term_string"}}],"inLanguage":"fr-FR"},{"@type":["Person","Organization"],"@id":"https:\/\/www.eurominority.eu\/#\/schema\/person\/79505440550055e97873102f1e7ab47f","name":"Multinatio","image":{"@type":"ImageObject","inLanguage":"fr-FR","@id":"https:\/\/www.eurominority.eu\/#\/schema\/person\/image\/","url":"https:\/\/www.eurominority.eu\/wp-content\/uploads\/2023\/03\/cropped-Logo-Eurominority.png","contentUrl":"https:\/\/www.eurominority.eu\/wp-content\/uploads\/2023\/03\/cropped-Logo-Eurominority.png","width":1500,"height":462,"caption":"Multinatio"},"logo":{"@id":"https:\/\/www.eurominority.eu\/#\/schema\/person\/image\/"}}]}},"_links":{"self":[{"href":"https:\/\/www.eurominority.eu\/index.php\/wp-json\/wp\/v2\/pages\/417"}],"collection":[{"href":"https:\/\/www.eurominority.eu\/index.php\/wp-json\/wp\/v2\/pages"}],"about":[{"href":"https:\/\/www.eurominority.eu\/index.php\/wp-json\/wp\/v2\/types\/page"}],"author":[{"embeddable":true,"href":"https:\/\/www.eurominority.eu\/index.php\/wp-json\/wp\/v2\/users\/1"}],"replies":[{"embeddable":true,"href":"https:\/\/www.eurominority.eu\/index.php\/wp-json\/wp\/v2\/comments?post=417"}],"version-history":[{"count":15,"href":"https:\/\/www.eurominority.eu\/index.php\/wp-json\/wp\/v2\/pages\/417\/revisions"}],"predecessor-version":[{"id":2286,"href":"https:\/\/www.eurominority.eu\/index.php\/wp-json\/wp\/v2\/pages\/417\/revisions\/2286"}],"wp:attachment":[{"href":"https:\/\/www.eurominority.eu\/index.php\/wp-json\/wp\/v2\/media?parent=417"}],"curies":[{"name":"wp","href":"https:\/\/api.w.org\/{rel}","templated":true}]}}