{"id":438,"date":"2020-05-01T21:40:19","date_gmt":"2020-05-01T19:40:19","guid":{"rendered":"https:\/\/www.eurominority.eu\/?page_id=438"},"modified":"2020-05-15T22:01:34","modified_gmt":"2020-05-15T20:01:34","slug":"lusace-sorabes","status":"publish","type":"page","link":"https:\/\/www.eurominority.eu\/index.php\/lusace-sorabes\/","title":{"rendered":"Lusace (Sorabes)"},"content":{"rendered":"<h2 class=\"wp-block-heading\">Sorabie, la r\u00e9surrection apr\u00e8s l\u2019oppression<\/h2><div class=\"wp-block-image\"><figure class=\"aligncenter\"><img loading=\"lazy\" decoding=\"async\" width=\"100\" height=\"100\" src=\"https:\/\/www.eurominority.eu\/wp-content\/uploads\/2020\/05\/Logo-Multinatio_gris-clair.jpg\" alt=\"\" class=\"wp-image-1624\"\/><\/figure><\/div><p class=\"has-medium-font-size\">Les Sorabes, se d\u00e9nommant eux-m\u00eames Wendes, sont les\nderniers survivants des Slaves de l\u2019ouest en territoire allemand. Ils\noccupaient une large partie de ce qui est aujourd\u2019hui l\u2019Allemagne orientale et\nla Pologne occidentale. <\/p><div class=\"wp-block-image\"><figure class=\"alignright is-resized\"><img loading=\"lazy\" decoding=\"async\" src=\"https:\/\/www.eurominority.eu\/wp-content\/uploads\/2020\/05\/flag_sorbs.png\" alt=\"\" class=\"wp-image-323\" width=\"300\" height=\"199\" srcset=\"https:\/\/www.eurominority.eu\/wp-content\/uploads\/2020\/05\/flag_sorbs.png 600w, https:\/\/www.eurominority.eu\/wp-content\/uploads\/2020\/05\/flag_sorbs-300x199.png 300w\" sizes=\"(max-width: 300px) 100vw, 300px\" \/><figcaption> Le drapeau des Sorabes, reprenant les couleurs panslaves, est compos\u00e9 de  trois bandes horizontales bleu, rouge, blanc. Il aurait \u00e9t\u00e9 utilis\u00e9  pour la premi\u00e8re fois en 1848. Il est aujourd\u2019hui mentionn\u00e9 comme  drapeau de la communaut\u00e9 sorabe dans les lois relatives \u00e0 leur  protection en Brandebourg et en Saxe. <\/figcaption><\/figure><\/div><p>Les Sorabes habitent la Lusace, \u00e0 cheval sur deux L\u00e4nder\nallemands (Brandebourg et Saxe o\u00f9 ils sont reconnus comme minorit\u00e9), \u00e0\nproximit\u00e9 des fronti\u00e8res tch\u00e8ques et polonaises. Utilisant deux variantes\nlinguistiques distinctes, le bas-sorabe en Basse-Lusace et le haut-sorabe en\nHaute-Lusace, les Sorabes ont p\u00e2ti au cours de leur histoire de la domination\ngermanique, jusqu\u2019\u00e0 une certaine reconnaissance apr\u00e8s la Seconde guerre\nmondiale. Estim\u00e9e \u00e0 plus de 300 000 personnes aujourd\u2019hui, seule une partie de\nla population est recens\u00e9e comme \u00e9tant sorabe en fonction de la langue, qui\nserait pratiqu\u00e9e par 30 000 personnes surtout en Haute-Lusace.<\/p><p>Hormis le r\u00e9gime nazi, c\u2019est sous le joug de la RDA que les\nSorabes ont le plus souffert. Disposant d\u2019une protection de fa\u00e7ade, les Sorabes\nont perdu plus de 40 % de leur territoire, envahi par des mines de lignites et\ndes centrales nucl\u00e9aires.<\/p><p>Apr\u00e8s l\u2019effondrement du bloc communiste, prenant conscience\nde la richesse de leur identit\u00e9, les Sorabes ont repris go\u00fbt \u00e0 la libert\u00e9\nd\u2019exprimer leur culture, notamment gr\u00e2ce \u00e0 l\u2019association \u00ab Domowina \u00bb,\ninterdite sous le r\u00e9gime nazi. Depuis 1998, certaines \u00e9coles maternelles\nenseignent le sorabe par \u00ab immersion \u00bb. Malheureusement, l\u2019enseignement\nbilingue n\u2019est pas g\u00e9n\u00e9ralis\u00e9, ce qui est un risque pour la survie de la\nlangue.<\/p><p>Depuis 2003, un parti politique s\u2019est constitu\u00e9 afin de\nd\u00e9fendre les int\u00e9r\u00eats sorabes. Il s\u2019agit du \u00ab Serbska Ludowa Strona &#8211; Wendische\nVolkspartei \u00bb, aux scores modestes.<\/p><div class=\"wp-block-image\"><figure class=\"aligncenter\"><img loading=\"lazy\" decoding=\"async\" width=\"261\" height=\"71\" src=\"https:\/\/www.eurominority.eu\/wp-content\/uploads\/2020\/05\/Logo-Multinatio_gris-clair-x3.jpg\" alt=\"\" class=\"wp-image-1637\"\/><\/figure><\/div><h3 class=\"wp-block-heading\">Carte d\u2019identit\u00e9<\/h3><figure class=\"wp-block-image\"><img loading=\"lazy\" decoding=\"async\" width=\"963\" height=\"26\" src=\"https:\/\/www.eurominority.eu\/wp-content\/uploads\/2020\/05\/Logo-Multinatio_bandesgrises.jpg\" alt=\"\" class=\"wp-image-1644\" srcset=\"https:\/\/www.eurominority.eu\/wp-content\/uploads\/2020\/05\/Logo-Multinatio_bandesgrises.jpg 963w, https:\/\/www.eurominority.eu\/wp-content\/uploads\/2020\/05\/Logo-Multinatio_bandesgrises-600x16.jpg 600w, https:\/\/www.eurominority.eu\/wp-content\/uploads\/2020\/05\/Logo-Multinatio_bandesgrises-300x8.jpg 300w, https:\/\/www.eurominority.eu\/wp-content\/uploads\/2020\/05\/Logo-Multinatio_bandesgrises-768x21.jpg 768w\" sizes=\"(max-width: 963px) 100vw, 963px\" \/><\/figure><figure class=\"wp-block-table is-style-stripes\"><table><tbody><tr><td><em>Nom<\/em><\/td><td> <strong>Serbja <\/strong>|  <em>haut sorab<\/em>e<br><strong>Serby  <\/strong>| <em>bas sorab<\/em>e<br><strong><em>Sorben \/ Wenden<\/em><\/strong>  | <em>allemand<\/em> <br>(Sorabie)  <\/td><\/tr><tr><td><em>Population  <\/em><\/td><td><strong>1 600 000 hab.<\/strong> (Lusace, dont environ 80 000 Sorabes)<\/td><\/tr><tr><td><em>Superficie<\/em><\/td><td><strong>10 800 km\u00b2<\/strong> <\/td><\/tr><tr><td><em>Langues<\/em><\/td><td><strong>Serb\u0161\u0107ina\/Serbska<\/strong>  | <em>sorab<\/em>e <br><strong>Hornjoserbsce<\/strong>  | <em>haut sorabe<\/em>  <br><strong>Dolnoserbski<\/strong>  | <em>bas sorabe<\/em> (sans statut officiel)<br><strong><em>Deutsch  <\/em><\/strong>| <em>allemand<\/em> (officielle)<\/td><\/tr><tr><td><em>Nombre de locuteurs<\/em><\/td><td> <strong>20 000<\/strong> |  <em>sorabe<\/em> (2007)<\/td><\/tr><tr><td><em>\u00c9tat de tutelle<\/em><\/td><td><strong> Allemagne <\/strong><\/td><\/tr><tr><td><em>Statut officiel<\/em><\/td><td><strong> Aucun statut <\/strong><\/td><\/tr><tr><td><em>Capitale<\/em><\/td><td><strong>Ch\u00f3\u015bebuz  <\/strong>| <em>bas sorab<\/em>e<br><strong><em>Cho\u0107ebuz  <\/em><\/strong>| <em>haut sorab<\/em>e<br><strong><em>Cottbus  <\/em><\/strong>|  <em>allemand<\/em>  (Basse-Lusace)<br>&amp; <br><strong>Budy\u0161in  <\/strong>| <em>haut sorab<\/em>e<br><strong><em>Budy\u0161yn  <\/em><\/strong>| <em>bas sorab<\/em>e<br><strong><em>Bautzen  <\/em><\/strong>|  <em>allemand<\/em>  (Haute-Lusace)<\/td><\/tr><tr><td><em>Religion historique<\/em><\/td><td><strong> Chr\u00e9tiens protestants et catholique<\/strong>s <\/td><\/tr><tr><td><em>Drapeau<\/em><\/td><td><strong>Chorhoj Serbow<\/strong>  | <em>haut sorab<\/em>e <br>(Drapeau sorabe)<\/td><\/tr><tr><td><em>Hymne<\/em><\/td><td><strong>Rjana \u0141u\u017eica<\/strong>  | <em>haut sorab<\/em>e <br><strong>R\u011bdna \u0141u\u017eyca<\/strong>  | <em>bas sorab<\/em>e <br>(Magnifique Lusace)<\/td><\/tr><tr><td><em>Devise<\/em><\/td><td> Pas de devise <\/td><\/tr><\/tbody><\/table><\/figure><div class=\"wp-block-image\"><figure class=\"aligncenter\"><img loading=\"lazy\" decoding=\"async\" width=\"261\" height=\"71\" src=\"https:\/\/www.eurominority.eu\/wp-content\/uploads\/2020\/05\/Logo-Multinatio_gris-clair-x3.jpg\" alt=\"\" class=\"wp-image-1637\"\/><\/figure><\/div><h3 class=\"wp-block-heading\">Chronologie<\/h3><figure class=\"wp-block-image\"><img loading=\"lazy\" decoding=\"async\" width=\"963\" height=\"26\" src=\"https:\/\/www.eurominority.eu\/wp-content\/uploads\/2020\/05\/Logo-Multinatio_bandesgrises.jpg\" alt=\"\" class=\"wp-image-1644\" srcset=\"https:\/\/www.eurominority.eu\/wp-content\/uploads\/2020\/05\/Logo-Multinatio_bandesgrises.jpg 963w, https:\/\/www.eurominority.eu\/wp-content\/uploads\/2020\/05\/Logo-Multinatio_bandesgrises-600x16.jpg 600w, https:\/\/www.eurominority.eu\/wp-content\/uploads\/2020\/05\/Logo-Multinatio_bandesgrises-300x8.jpg 300w, https:\/\/www.eurominority.eu\/wp-content\/uploads\/2020\/05\/Logo-Multinatio_bandesgrises-768x21.jpg 768w\" sizes=\"(max-width: 963px) 100vw, 963px\" \/><\/figure><ul class=\"wp-block-list\"><li><strong>400-600 av. JC \u2022<\/strong> Premiers peuplements wendes et cr\u00e9ation des \u00ab rondins \u00bb (une forme particuli\u00e8re d\u2019habitat).  <\/li><li><strong>950-13 av. JC \u2022 <\/strong>D\u00e9but de la christianisation et de la germanisation des tribus wendes.  <\/li><li><strong>XIVe-XVIIIe \u2022<\/strong> Assimilation progressive des territoires sorabes.  <\/li><li><strong>1700 \u2022<\/strong> Premi\u00e8re Bible \u00e9dit\u00e9e en bas-sorabe.  <\/li><li><strong>XVIIIe-XIXe \u2022<\/strong> Essor de la litt\u00e9rature et du secteur associatif.  <\/li><li><strong>1900 \u2022 <\/strong>Premi\u00e8res interdictions d\u2019utilisation de la langue en Basse-Lusace.   <\/li><li><strong>1933-1945 \u2022<\/strong> Sous le r\u00e9gime nazi, d\u00e9portation des activistes sorabes en Sib\u00e9rie. <\/li><li><strong>1948 \u2022<\/strong> Premi\u00e8re \u00ab loi sorabe \u00bb, prot\u00e9geant de facto la minorit\u00e9 sorabe tout en d\u00e9truisant le territoire.    <\/li><li><strong>1998 \u2022<\/strong> Apr\u00e8s la chute du mur de Berlin, efforts massifs pour d\u00e9ployer et conserver la culture et la langue sorabes. <\/li><\/ul><div class=\"wp-block-image\"><figure class=\"aligncenter\"><img loading=\"lazy\" decoding=\"async\" width=\"261\" height=\"71\" src=\"https:\/\/www.eurominority.eu\/wp-content\/uploads\/2020\/05\/Logo-Multinatio_gris-clair-x3.jpg\" alt=\"\" class=\"wp-image-1637\"\/><\/figure><\/div><h3 class=\"wp-block-heading\">Zoom historique<\/h3><figure class=\"wp-block-image\"><img loading=\"lazy\" decoding=\"async\" width=\"963\" height=\"26\" src=\"https:\/\/www.eurominority.eu\/wp-content\/uploads\/2020\/05\/Logo-Multinatio_bandesgrises.jpg\" alt=\"\" class=\"wp-image-1644\" srcset=\"https:\/\/www.eurominority.eu\/wp-content\/uploads\/2020\/05\/Logo-Multinatio_bandesgrises.jpg 963w, https:\/\/www.eurominority.eu\/wp-content\/uploads\/2020\/05\/Logo-Multinatio_bandesgrises-600x16.jpg 600w, https:\/\/www.eurominority.eu\/wp-content\/uploads\/2020\/05\/Logo-Multinatio_bandesgrises-300x8.jpg 300w, https:\/\/www.eurominority.eu\/wp-content\/uploads\/2020\/05\/Logo-Multinatio_bandesgrises-768x21.jpg 768w\" sizes=\"(max-width: 963px) 100vw, 963px\" \/><\/figure><p>L\u2019histoire sorabe est faite de domination. D\u00e9j\u00e0 en 938, le\nmargrave de Merseburg invite les chefs des tribus wendes, anc\u00eatres des Sorabes,\nafin de mener des n\u00e9gociations de paix. Mais cette invitation tourna au carnage\net les princes wendes furent d\u00e9capit\u00e9s, pr\u00e9mices d\u2019une germanisation forc\u00e9e. Le\nparoxysme de la pers\u00e9cution des Sorabes est atteint lors du r\u00e9gime nazi, les\npatriotes sorabes \u00e9tant exil\u00e9s de force. Ce n\u2019est qu\u2019en 1945, que la dictature\nest-allemande promeut r\u00e9ellement la culture sorabe, non sans condition\nd\u2019adh\u00e9sion au r\u00e9gime. Cette p\u00e9riode faste n\u2019est pas sans cons\u00e9quence pour la\nculture et la langue sorabe aujourd\u2019hui. En effet, \u00e0 la chute du mur, certains\nont fait h\u00e2tivement le lien entre dictature communiste et protection de la\nminorit\u00e9 sorabe. Aujourd\u2019hui la situation s\u2019am\u00e9liore mais reste critique.\nL\u2019enseignement obligatoire pourra peut-\u00eatre permettre de sauver la langue.<\/p><div class=\"wp-block-image\"><figure class=\"aligncenter\"><img loading=\"lazy\" decoding=\"async\" width=\"261\" height=\"71\" src=\"https:\/\/www.eurominority.eu\/wp-content\/uploads\/2020\/05\/Logo-Multinatio_gris-clair-x3.jpg\" alt=\"\" class=\"wp-image-1637\"\/><\/figure><\/div><h3 class=\"wp-block-heading\">G\u00e9ographie<\/h3><figure class=\"wp-block-image\"><img loading=\"lazy\" decoding=\"async\" width=\"963\" height=\"26\" src=\"https:\/\/www.eurominority.eu\/wp-content\/uploads\/2020\/05\/Logo-Multinatio_bandesgrises.jpg\" alt=\"\" class=\"wp-image-1644\" srcset=\"https:\/\/www.eurominority.eu\/wp-content\/uploads\/2020\/05\/Logo-Multinatio_bandesgrises.jpg 963w, https:\/\/www.eurominority.eu\/wp-content\/uploads\/2020\/05\/Logo-Multinatio_bandesgrises-600x16.jpg 600w, https:\/\/www.eurominority.eu\/wp-content\/uploads\/2020\/05\/Logo-Multinatio_bandesgrises-300x8.jpg 300w, https:\/\/www.eurominority.eu\/wp-content\/uploads\/2020\/05\/Logo-Multinatio_bandesgrises-768x21.jpg 768w\" sizes=\"(max-width: 963px) 100vw, 963px\" \/><\/figure><p>Les Sorabes se trouvent en Lusace, r\u00e9gion situ\u00e9e \u00e0 cheval\nentre l\u2019Allemagne, la Pologne et la R\u00e9publique tch\u00e8que. Deux villes se partagent\nce petit territoire : Bautzen au sud, la capitale de la Haute Lusace et Cottbus\nau nord, la capitale de la Basse-Lusace. La langue sorabe est tr\u00e8s pr\u00e9sente au\nsud. Fortement marqu\u00e9e par l\u2019industrie charbonni\u00e8re, la Lusace s\u2019est lanc\u00e9e\ndans l\u2019am\u00e9nagement des friches pour en faire des espaces de loisirs. Des lacs\nartificiels y ont \u00e9t\u00e9 cr\u00e9\u00e9s r\u00e9cemment. En plus de ces deux territoires,\naujourd\u2019hui reconnus bilingues en Saxe et en Brandebourg (les deux L\u00e4nder\nallemands dans lesquels elle se situe), la Lusace est historiquement plus\n\u00e9tendue. Elle d\u00e9borde sur la Pologne \u00e0 l\u2019est et la R\u00e9publique tch\u00e8que au sud.\nLes populations sorabes n\u2019y vivent plus.<\/p><div class=\"wp-block-image\"><figure class=\"aligncenter\"><img loading=\"lazy\" decoding=\"async\" width=\"180\" height=\"73\" src=\"https:\/\/www.eurominority.eu\/wp-content\/uploads\/2020\/05\/Logo-Multinatio_mbleu-1.jpg\" alt=\"\" class=\"wp-image-1652\"\/><\/figure><\/div><div class=\"wp-block-image\"><figure class=\"aligncenter\"><img loading=\"lazy\" decoding=\"async\" width=\"541\" height=\"700\" src=\"https:\/\/www.eurominority.eu\/wp-content\/uploads\/2020\/05\/map_sorbs_fra.png\" alt=\"\" class=\"wp-image-383\" srcset=\"https:\/\/www.eurominority.eu\/wp-content\/uploads\/2020\/05\/map_sorbs_fra.png 541w, https:\/\/www.eurominority.eu\/wp-content\/uploads\/2020\/05\/map_sorbs_fra-232x300.png 232w\" sizes=\"(max-width: 541px) 100vw, 541px\" \/><\/figure><\/div><div class=\"wp-block-image\"><figure class=\"aligncenter\"><img loading=\"lazy\" decoding=\"async\" width=\"261\" height=\"71\" src=\"https:\/\/www.eurominority.eu\/wp-content\/uploads\/2020\/05\/Logo-Multinatio_gris-clair-x3.jpg\" alt=\"\" class=\"wp-image-1637\"\/><\/figure><\/div><h3 class=\"wp-block-heading\">Langues<\/h3><figure class=\"wp-block-image\"><img loading=\"lazy\" decoding=\"async\" width=\"963\" height=\"26\" src=\"https:\/\/www.eurominority.eu\/wp-content\/uploads\/2020\/05\/Logo-Multinatio_bandesgrises.jpg\" alt=\"\" class=\"wp-image-1644\" srcset=\"https:\/\/www.eurominority.eu\/wp-content\/uploads\/2020\/05\/Logo-Multinatio_bandesgrises.jpg 963w, https:\/\/www.eurominority.eu\/wp-content\/uploads\/2020\/05\/Logo-Multinatio_bandesgrises-600x16.jpg 600w, https:\/\/www.eurominority.eu\/wp-content\/uploads\/2020\/05\/Logo-Multinatio_bandesgrises-300x8.jpg 300w, https:\/\/www.eurominority.eu\/wp-content\/uploads\/2020\/05\/Logo-Multinatio_bandesgrises-768x21.jpg 768w\" sizes=\"(max-width: 963px) 100vw, 963px\" \/><\/figure><h4 class=\"wp-block-heading\">Serbska<\/h4><hr class=\"wp-block-separator is-style-dots\"\/><p>Le sorabe se divise en deux vari\u00e9t\u00e9s, le bas-sorabe et le haut-sorabe. Il s\u2019agit d\u2019une langue slave de l\u2019ouest, apparent\u00e9e au polonais et au tch\u00e8que. Le sorabe est pratiqu\u00e9 par pr\u00e8s de 20 000 des 80 000 personnes recens\u00e9es dans la r\u00e9gion qui compte 1 600 000 personnes. Il b\u00e9n\u00e9ficie d\u2019un statut relativement faible, octroy\u00e9 par les deux L\u00e4nder allemand de Brandebourg et de Saxe. Ces derniers affichent toutefois une politique volontariste, en particulier pour ce qui concerne la promotion de la langue. L\u2019enseignement facultatif ne permet pas sa diffusion, qui s\u2019op\u00e8re souvent par voie familiale. Un journal quotidien Domowina permet toutefois de cr\u00e9er un r\u00e9el lien entre les locuteurs de cette langue slave.<\/p><div class=\"wp-block-image\"><figure class=\"aligncenter\"><img loading=\"lazy\" decoding=\"async\" width=\"261\" height=\"71\" src=\"https:\/\/www.eurominority.eu\/wp-content\/uploads\/2020\/05\/Logo-Multinatio_gris-clair-x3.jpg\" alt=\"\" class=\"wp-image-1637\"\/><\/figure><\/div><h3 class=\"wp-block-heading\">Zoom politique<\/h3><figure class=\"wp-block-image\"><img loading=\"lazy\" decoding=\"async\" width=\"963\" height=\"26\" src=\"https:\/\/www.eurominority.eu\/wp-content\/uploads\/2020\/05\/Logo-Multinatio_bandesgrises.jpg\" alt=\"\" class=\"wp-image-1644\" srcset=\"https:\/\/www.eurominority.eu\/wp-content\/uploads\/2020\/05\/Logo-Multinatio_bandesgrises.jpg 963w, https:\/\/www.eurominority.eu\/wp-content\/uploads\/2020\/05\/Logo-Multinatio_bandesgrises-600x16.jpg 600w, https:\/\/www.eurominority.eu\/wp-content\/uploads\/2020\/05\/Logo-Multinatio_bandesgrises-300x8.jpg 300w, https:\/\/www.eurominority.eu\/wp-content\/uploads\/2020\/05\/Logo-Multinatio_bandesgrises-768x21.jpg 768w\" sizes=\"(max-width: 963px) 100vw, 963px\" \/><\/figure><p>Les Sorabes sont reconnus en tant que minorit\u00e9 en Allemagne\nquoique cette reconnaissance soit relativement timide. Il existe une sorte de\nstatu quo qui consiste pour les Sorabes \u00e0 ne pas s\u2019engager sur le terrain\npolitique, comme si cela \u00e9tait tabou. Cette attitude de m\u00e9fiance vis-\u00e0-vis de\nla vie publique est peut-\u00eatre due \u00e0 l\u2019histoire mouvement\u00e9e de la r\u00e9gion. Le\nfait est que les repr\u00e9sentants des principales associations culturelles de la\nr\u00e9gion s\u2019\u00e9taient prononc\u00e9s, jusqu\u2019\u00e0 une date r\u00e9cente, contre la cr\u00e9ation d\u2019un\nparti sp\u00e9cifique. En 2005, le Parti populaire sorabe (Serbska Ludowa Strona\n(SLS) Wendische Volkspartei) est pourtant apparu sur la sc\u00e8ne politique. Il se\nconsid\u00e8re comme le parti de la minorit\u00e9 sorabe en Lusace, revendiquant une\nvraie politique linguistique et un renforcement du f\u00e9d\u00e9ralisme allemand.\nCraignant d\u2019\u00eatre plus fortement assimil\u00e9 par une fusion du Land de Berlin et du\nBrandebourg, le SLS rejette cette option.<\/p><div class=\"wp-block-image\"><figure class=\"aligncenter\"><img loading=\"lazy\" decoding=\"async\" width=\"180\" height=\"73\" src=\"https:\/\/www.eurominority.eu\/wp-content\/uploads\/2020\/05\/Logo-Multinatio_mgris.jpg\" alt=\"\" class=\"wp-image-1653\"\/><\/figure><\/div>","protected":false},"excerpt":{"rendered":"<p>Sorabie, la r\u00e9surrection apr\u00e8s l\u2019oppression Les Sorabes, se d\u00e9nommant eux-m\u00eames Wendes, sont les derniers survivants des Slaves de l\u2019ouest en territoire allemand. Ils occupaient une large partie de ce qui est aujourd\u2019hui l\u2019Allemagne orientale et la Pologne occidentale. Les Sorabes habitent la Lusace, \u00e0 cheval sur deux L\u00e4nder allemands (Brandebourg et Saxe o\u00f9 ils sont reconnus comme minorit\u00e9), \u00e0 proximit\u00e9 des fronti\u00e8res tch\u00e8ques et polonaises. Utilisant deux variantes linguistiques distinctes, le bas-sorabe en Basse-Lusace et le haut-sorabe en Haute-Lusace, les Sorabes ont p\u00e2ti au cours de leur histoire de la domination germanique, jusqu\u2019\u00e0 une certaine reconnaissance apr\u00e8s la Seconde guerre mondiale. Estim\u00e9e \u00e0 plus de 300 000 personnes aujourd\u2019hui, seule une partie de la population est recens\u00e9e comme \u00e9tant sorabe en fonction de la langue, qui serait pratiqu\u00e9e par 30 000 personnes surtout en Haute-Lusace. Hormis le r\u00e9gime nazi, c\u2019est sous le joug de la RDA que les Sorabes ont le plus souffert. Disposant d\u2019une protection de fa\u00e7ade, les Sorabes ont perdu plus de 40 % de leur territoire, envahi par des mines de lignites et des centrales nucl\u00e9aires. Apr\u00e8s l\u2019effondrement du bloc communiste, prenant conscience de la richesse de leur identit\u00e9, les Sorabes ont repris go\u00fbt \u00e0 la libert\u00e9 &#8230; <\/p>\n<p class=\"read-more-container\"><a title=\"Lusace (Sorabes)\" class=\"read-more button\" href=\"https:\/\/www.eurominority.eu\/index.php\/lusace-sorabes\/#more-438\">+<span class=\"screen-reader-text\">Lusace (Sorabes)<\/span><\/a><\/p>\n","protected":false},"author":1,"featured_media":0,"parent":0,"menu_order":0,"comment_status":"closed","ping_status":"closed","template":"","meta":{"om_disable_all_campaigns":false,"_monsterinsights_skip_tracking":false,"_monsterinsights_sitenote_active":false,"_monsterinsights_sitenote_note":"","_monsterinsights_sitenote_category":0,"_uf_show_specific_survey":0,"_uf_disable_surveys":false,"footnotes":""},"class_list":["post-438","page","type-page","status-publish"],"aioseo_notices":[],"yoast_head":"<!-- This site is optimized with the Yoast SEO plugin v25.6 - https:\/\/yoast.com\/wordpress\/plugins\/seo\/ -->\n<title>Lusace (Sorabes) | Eurominority.eu<\/title>\n<meta name=\"robots\" content=\"index, follow, max-snippet:-1, max-image-preview:large, max-video-preview:-1\" \/>\n<link rel=\"canonical\" href=\"https:\/\/www.eurominority.eu\/index.php\/lusace-sorabes\/\" \/>\n<meta property=\"og:locale\" content=\"fr_FR\" \/>\n<meta property=\"og:type\" content=\"article\" \/>\n<meta property=\"og:title\" content=\"Lusace (Sorabes) | Eurominority.eu\" \/>\n<meta property=\"og:description\" content=\"Sorabie, la r\u00e9surrection apr\u00e8s l\u2019oppression Les Sorabes, se d\u00e9nommant eux-m\u00eames Wendes, sont les derniers survivants des Slaves de l\u2019ouest en territoire allemand. Ils occupaient une large partie de ce qui est aujourd\u2019hui l\u2019Allemagne orientale et la Pologne occidentale. Les Sorabes habitent la Lusace, \u00e0 cheval sur deux L\u00e4nder allemands (Brandebourg et Saxe o\u00f9 ils sont reconnus comme minorit\u00e9), \u00e0 proximit\u00e9 des fronti\u00e8res tch\u00e8ques et polonaises. Utilisant deux variantes linguistiques distinctes, le bas-sorabe en Basse-Lusace et le haut-sorabe en Haute-Lusace, les Sorabes ont p\u00e2ti au cours de leur histoire de la domination germanique, jusqu\u2019\u00e0 une certaine reconnaissance apr\u00e8s la Seconde guerre mondiale. Estim\u00e9e \u00e0 plus de 300 000 personnes aujourd\u2019hui, seule une partie de la population est recens\u00e9e comme \u00e9tant sorabe en fonction de la langue, qui serait pratiqu\u00e9e par 30 000 personnes surtout en Haute-Lusace. Hormis le r\u00e9gime nazi, c\u2019est sous le joug de la RDA que les Sorabes ont le plus souffert. Disposant d\u2019une protection de fa\u00e7ade, les Sorabes ont perdu plus de 40 % de leur territoire, envahi par des mines de lignites et des centrales nucl\u00e9aires. Apr\u00e8s l\u2019effondrement du bloc communiste, prenant conscience de la richesse de leur identit\u00e9, les Sorabes ont repris go\u00fbt \u00e0 la libert\u00e9 ... +Lusace (Sorabes)\" \/>\n<meta property=\"og:url\" content=\"https:\/\/www.eurominority.eu\/index.php\/lusace-sorabes\/\" \/>\n<meta property=\"og:site_name\" content=\"Eurominority.eu\" \/>\n<meta property=\"article:modified_time\" content=\"2020-05-15T20:01:34+00:00\" \/>\n<meta property=\"og:image\" content=\"https:\/\/www.eurominority.eu\/wp-content\/uploads\/2020\/05\/flag_sorbs.png\" \/>\n<meta name=\"twitter:card\" content=\"summary_large_image\" \/>\n<meta name=\"twitter:label1\" content=\"Dur\u00e9e de lecture estim\u00e9e\" \/>\n\t<meta name=\"twitter:data1\" content=\"6 minutes\" \/>\n<script type=\"application\/ld+json\" class=\"yoast-schema-graph\">{\"@context\":\"https:\/\/schema.org\",\"@graph\":[{\"@type\":\"WebPage\",\"@id\":\"https:\/\/www.eurominority.eu\/index.php\/lusace-sorabes\/\",\"url\":\"https:\/\/www.eurominority.eu\/index.php\/lusace-sorabes\/\",\"name\":\"Lusace (Sorabes) | Eurominority.eu\",\"isPartOf\":{\"@id\":\"https:\/\/www.eurominority.eu\/#website\"},\"primaryImageOfPage\":{\"@id\":\"https:\/\/www.eurominority.eu\/index.php\/lusace-sorabes\/#primaryimage\"},\"image\":{\"@id\":\"https:\/\/www.eurominority.eu\/index.php\/lusace-sorabes\/#primaryimage\"},\"thumbnailUrl\":\"https:\/\/www.eurominority.eu\/wp-content\/uploads\/2020\/05\/flag_sorbs.png\",\"datePublished\":\"2020-05-01T19:40:19+00:00\",\"dateModified\":\"2020-05-15T20:01:34+00:00\",\"breadcrumb\":{\"@id\":\"https:\/\/www.eurominority.eu\/index.php\/lusace-sorabes\/#breadcrumb\"},\"inLanguage\":\"fr-FR\",\"potentialAction\":[{\"@type\":\"ReadAction\",\"target\":[\"https:\/\/www.eurominority.eu\/index.php\/lusace-sorabes\/\"]}]},{\"@type\":\"ImageObject\",\"inLanguage\":\"fr-FR\",\"@id\":\"https:\/\/www.eurominority.eu\/index.php\/lusace-sorabes\/#primaryimage\",\"url\":\"https:\/\/www.eurominority.eu\/wp-content\/uploads\/2020\/05\/flag_sorbs.png\",\"contentUrl\":\"https:\/\/www.eurominority.eu\/wp-content\/uploads\/2020\/05\/flag_sorbs.png\",\"width\":600,\"height\":397},{\"@type\":\"BreadcrumbList\",\"@id\":\"https:\/\/www.eurominority.eu\/index.php\/lusace-sorabes\/#breadcrumb\",\"itemListElement\":[{\"@type\":\"ListItem\",\"position\":1,\"name\":\"Accueil\",\"item\":\"https:\/\/www.eurominority.eu\/\"},{\"@type\":\"ListItem\",\"position\":2,\"name\":\"Lusace (Sorabes)\"}]},{\"@type\":\"WebSite\",\"@id\":\"https:\/\/www.eurominority.eu\/#website\",\"url\":\"https:\/\/www.eurominority.eu\/\",\"name\":\"Eurominority.eu\",\"description\":\"We are the peoples of the world\",\"publisher\":{\"@id\":\"https:\/\/www.eurominority.eu\/#\/schema\/person\/79505440550055e97873102f1e7ab47f\"},\"potentialAction\":[{\"@type\":\"SearchAction\",\"target\":{\"@type\":\"EntryPoint\",\"urlTemplate\":\"https:\/\/www.eurominority.eu\/?s={search_term_string}\"},\"query-input\":{\"@type\":\"PropertyValueSpecification\",\"valueRequired\":true,\"valueName\":\"search_term_string\"}}],\"inLanguage\":\"fr-FR\"},{\"@type\":[\"Person\",\"Organization\"],\"@id\":\"https:\/\/www.eurominority.eu\/#\/schema\/person\/79505440550055e97873102f1e7ab47f\",\"name\":\"Multinatio\",\"image\":{\"@type\":\"ImageObject\",\"inLanguage\":\"fr-FR\",\"@id\":\"https:\/\/www.eurominority.eu\/#\/schema\/person\/image\/\",\"url\":\"https:\/\/www.eurominority.eu\/wp-content\/uploads\/2023\/03\/cropped-Logo-Eurominority.png\",\"contentUrl\":\"https:\/\/www.eurominority.eu\/wp-content\/uploads\/2023\/03\/cropped-Logo-Eurominority.png\",\"width\":1500,\"height\":462,\"caption\":\"Multinatio\"},\"logo\":{\"@id\":\"https:\/\/www.eurominority.eu\/#\/schema\/person\/image\/\"}}]}<\/script>\n<!-- \/ Yoast SEO plugin. -->","yoast_head_json":{"title":"Lusace (Sorabes) | Eurominority.eu","robots":{"index":"index","follow":"follow","max-snippet":"max-snippet:-1","max-image-preview":"max-image-preview:large","max-video-preview":"max-video-preview:-1"},"canonical":"https:\/\/www.eurominority.eu\/index.php\/lusace-sorabes\/","og_locale":"fr_FR","og_type":"article","og_title":"Lusace (Sorabes) | Eurominority.eu","og_description":"Sorabie, la r\u00e9surrection apr\u00e8s l\u2019oppression Les Sorabes, se d\u00e9nommant eux-m\u00eames Wendes, sont les derniers survivants des Slaves de l\u2019ouest en territoire allemand. Ils occupaient une large partie de ce qui est aujourd\u2019hui l\u2019Allemagne orientale et la Pologne occidentale. Les Sorabes habitent la Lusace, \u00e0 cheval sur deux L\u00e4nder allemands (Brandebourg et Saxe o\u00f9 ils sont reconnus comme minorit\u00e9), \u00e0 proximit\u00e9 des fronti\u00e8res tch\u00e8ques et polonaises. Utilisant deux variantes linguistiques distinctes, le bas-sorabe en Basse-Lusace et le haut-sorabe en Haute-Lusace, les Sorabes ont p\u00e2ti au cours de leur histoire de la domination germanique, jusqu\u2019\u00e0 une certaine reconnaissance apr\u00e8s la Seconde guerre mondiale. Estim\u00e9e \u00e0 plus de 300 000 personnes aujourd\u2019hui, seule une partie de la population est recens\u00e9e comme \u00e9tant sorabe en fonction de la langue, qui serait pratiqu\u00e9e par 30 000 personnes surtout en Haute-Lusace. Hormis le r\u00e9gime nazi, c\u2019est sous le joug de la RDA que les Sorabes ont le plus souffert. Disposant d\u2019une protection de fa\u00e7ade, les Sorabes ont perdu plus de 40 % de leur territoire, envahi par des mines de lignites et des centrales nucl\u00e9aires. Apr\u00e8s l\u2019effondrement du bloc communiste, prenant conscience de la richesse de leur identit\u00e9, les Sorabes ont repris go\u00fbt \u00e0 la libert\u00e9 ... +Lusace (Sorabes)","og_url":"https:\/\/www.eurominority.eu\/index.php\/lusace-sorabes\/","og_site_name":"Eurominority.eu","article_modified_time":"2020-05-15T20:01:34+00:00","og_image":[{"url":"https:\/\/www.eurominority.eu\/wp-content\/uploads\/2020\/05\/flag_sorbs.png","type":"","width":"","height":""}],"twitter_card":"summary_large_image","twitter_misc":{"Dur\u00e9e de lecture estim\u00e9e":"6 minutes"},"schema":{"@context":"https:\/\/schema.org","@graph":[{"@type":"WebPage","@id":"https:\/\/www.eurominority.eu\/index.php\/lusace-sorabes\/","url":"https:\/\/www.eurominority.eu\/index.php\/lusace-sorabes\/","name":"Lusace (Sorabes) | Eurominority.eu","isPartOf":{"@id":"https:\/\/www.eurominority.eu\/#website"},"primaryImageOfPage":{"@id":"https:\/\/www.eurominority.eu\/index.php\/lusace-sorabes\/#primaryimage"},"image":{"@id":"https:\/\/www.eurominority.eu\/index.php\/lusace-sorabes\/#primaryimage"},"thumbnailUrl":"https:\/\/www.eurominority.eu\/wp-content\/uploads\/2020\/05\/flag_sorbs.png","datePublished":"2020-05-01T19:40:19+00:00","dateModified":"2020-05-15T20:01:34+00:00","breadcrumb":{"@id":"https:\/\/www.eurominority.eu\/index.php\/lusace-sorabes\/#breadcrumb"},"inLanguage":"fr-FR","potentialAction":[{"@type":"ReadAction","target":["https:\/\/www.eurominority.eu\/index.php\/lusace-sorabes\/"]}]},{"@type":"ImageObject","inLanguage":"fr-FR","@id":"https:\/\/www.eurominority.eu\/index.php\/lusace-sorabes\/#primaryimage","url":"https:\/\/www.eurominority.eu\/wp-content\/uploads\/2020\/05\/flag_sorbs.png","contentUrl":"https:\/\/www.eurominority.eu\/wp-content\/uploads\/2020\/05\/flag_sorbs.png","width":600,"height":397},{"@type":"BreadcrumbList","@id":"https:\/\/www.eurominority.eu\/index.php\/lusace-sorabes\/#breadcrumb","itemListElement":[{"@type":"ListItem","position":1,"name":"Accueil","item":"https:\/\/www.eurominority.eu\/"},{"@type":"ListItem","position":2,"name":"Lusace (Sorabes)"}]},{"@type":"WebSite","@id":"https:\/\/www.eurominority.eu\/#website","url":"https:\/\/www.eurominority.eu\/","name":"Eurominority.eu","description":"We are the peoples of the world","publisher":{"@id":"https:\/\/www.eurominority.eu\/#\/schema\/person\/79505440550055e97873102f1e7ab47f"},"potentialAction":[{"@type":"SearchAction","target":{"@type":"EntryPoint","urlTemplate":"https:\/\/www.eurominority.eu\/?s={search_term_string}"},"query-input":{"@type":"PropertyValueSpecification","valueRequired":true,"valueName":"search_term_string"}}],"inLanguage":"fr-FR"},{"@type":["Person","Organization"],"@id":"https:\/\/www.eurominority.eu\/#\/schema\/person\/79505440550055e97873102f1e7ab47f","name":"Multinatio","image":{"@type":"ImageObject","inLanguage":"fr-FR","@id":"https:\/\/www.eurominority.eu\/#\/schema\/person\/image\/","url":"https:\/\/www.eurominority.eu\/wp-content\/uploads\/2023\/03\/cropped-Logo-Eurominority.png","contentUrl":"https:\/\/www.eurominority.eu\/wp-content\/uploads\/2023\/03\/cropped-Logo-Eurominority.png","width":1500,"height":462,"caption":"Multinatio"},"logo":{"@id":"https:\/\/www.eurominority.eu\/#\/schema\/person\/image\/"}}]}},"_links":{"self":[{"href":"https:\/\/www.eurominority.eu\/index.php\/wp-json\/wp\/v2\/pages\/438"}],"collection":[{"href":"https:\/\/www.eurominority.eu\/index.php\/wp-json\/wp\/v2\/pages"}],"about":[{"href":"https:\/\/www.eurominority.eu\/index.php\/wp-json\/wp\/v2\/types\/page"}],"author":[{"embeddable":true,"href":"https:\/\/www.eurominority.eu\/index.php\/wp-json\/wp\/v2\/users\/1"}],"replies":[{"embeddable":true,"href":"https:\/\/www.eurominority.eu\/index.php\/wp-json\/wp\/v2\/comments?post=438"}],"version-history":[{"count":19,"href":"https:\/\/www.eurominority.eu\/index.php\/wp-json\/wp\/v2\/pages\/438\/revisions"}],"predecessor-version":[{"id":2225,"href":"https:\/\/www.eurominority.eu\/index.php\/wp-json\/wp\/v2\/pages\/438\/revisions\/2225"}],"wp:attachment":[{"href":"https:\/\/www.eurominority.eu\/index.php\/wp-json\/wp\/v2\/media?parent=438"}],"curies":[{"name":"wp","href":"https:\/\/api.w.org\/{rel}","templated":true}]}}