{"id":528,"date":"2020-05-02T00:17:51","date_gmt":"2020-05-01T22:17:51","guid":{"rendered":"https:\/\/www.eurominority.eu\/?page_id=528"},"modified":"2022-12-11T15:28:44","modified_gmt":"2022-12-11T14:28:44","slug":"south-tyrol","status":"publish","type":"page","link":"https:\/\/www.eurominority.eu\/index.php\/en\/south-tyrol\/","title":{"rendered":"South Tyrol"},"content":{"rendered":"<h2 class=\"wp-block-heading\">South Tyrol, Germanic people of south<\/h2><div class=\"wp-block-image\"><figure class=\"aligncenter\"><img loading=\"lazy\" decoding=\"async\" width=\"100\" height=\"100\" src=\"https:\/\/www.eurominority.eu\/wp-content\/uploads\/2020\/05\/Logo-Multinatio_gris-clair.jpg\" alt=\"\" class=\"wp-image-1624\"\/><\/figure><\/div><p class=\"has-medium-font-size\">South Tyrol or S\u00fcdtirol is a German-speaking territory in the north of Italy, to which it is reluctantly linked historically. Austrians at heart, the South Tyroleans today benefit from a strong autonomy, permitting them to live their lives free from interference. <\/p><div class=\"wp-block-image\"><figure class=\"alignright is-resized\"><img loading=\"lazy\" decoding=\"async\" src=\"https:\/\/www.eurominority.eu\/wp-content\/uploads\/2020\/05\/flag_tyrol.png\" alt=\"\" class=\"wp-image-325\" width=\"300\" height=\"201\" srcset=\"https:\/\/www.eurominority.eu\/wp-content\/uploads\/2020\/05\/flag_tyrol.png 600w, https:\/\/www.eurominority.eu\/wp-content\/uploads\/2020\/05\/flag_tyrol-300x201.png 300w\" sizes=\"(max-width: 300px) 100vw, 300px\" \/><figcaption> Officially adopted in 1983, the flag of South Tyrol uses some details  similar to the flag of the Austrian Tyrol. The red eagle is simplified  and found in a white shield. The white and red colours are the colours  of the Tyrol. <\/figcaption><\/figure><\/div><p>Inhabited\nsince the Mesolithic era, there exist traces of human presence on South\nTyrolean land. Part of the Roman Empire from 59 AD onwards, the Germanic people\nsucceeded them, in particular Bavarians and Lombards of the 6th\u20139th centuries.\nFrom the 10th century, South Tyrol became a stronghold, a base of the Germanic\nRoman Empire in the Alps. Ruled by the Habsburgs in the 14th century, it wasn\u2019t\nannexed to Italy until 1918, after the Treaty of Saint-Germain. The fascist\nregime led to a strong repression of Tyroleans from 1922. Hitler and Mussolini\nagreed and \u201coffered\u201d two options to the Tyroleans. Stay and be Italianised or head\ntowards Germany and be stateless.<\/p><p>After the\nSecond World War, an automonous status for South Tyrol was negotiated in Paris\n(Gruber-De Gasperi Agreement). It did not come into effect immediately. In\nparallel, Italy organised the arrival of many migrants from southern Italy.\nThis situation of quasi-colonisation frustrated the local populations. From\n1957, the Committee for the Liberation of South Tyrol (BAS) organised armed\nstruggles initially directed against public buildings. Thanks to the intervention\nof Austria before the UN Security Council the question of South Tyrol was\nfinally discussed impartially and conciliation was facilitated. Autonomy is now\neffective. The Tyrolean political parties dominate the political scene allowing\nit to benefit from an advantageous status and from co-officially speaking the\nGerman language.<\/p><div class=\"wp-block-image\"><figure class=\"aligncenter\"><img loading=\"lazy\" decoding=\"async\" width=\"261\" height=\"71\" src=\"https:\/\/www.eurominority.eu\/wp-content\/uploads\/2020\/05\/Logo-Multinatio_gris-clair-x3.jpg\" alt=\"\" class=\"wp-image-1637\"\/><\/figure><\/div><h3 class=\"wp-block-heading\">Brief history <\/h3><figure class=\"wp-block-image\"><img loading=\"lazy\" decoding=\"async\" width=\"963\" height=\"26\" src=\"https:\/\/www.eurominority.eu\/wp-content\/uploads\/2020\/05\/Logo-Multinatio_bandesgrises.jpg\" alt=\"\" class=\"wp-image-1644\" srcset=\"https:\/\/www.eurominority.eu\/wp-content\/uploads\/2020\/05\/Logo-Multinatio_bandesgrises.jpg 963w, https:\/\/www.eurominority.eu\/wp-content\/uploads\/2020\/05\/Logo-Multinatio_bandesgrises-600x16.jpg 600w, https:\/\/www.eurominority.eu\/wp-content\/uploads\/2020\/05\/Logo-Multinatio_bandesgrises-300x8.jpg 300w, https:\/\/www.eurominority.eu\/wp-content\/uploads\/2020\/05\/Logo-Multinatio_bandesgrises-768x21.jpg 768w\" sizes=\"(max-width: 963px) 100vw, 963px\" \/><\/figure><p>During the Napoleonic wars, Tyrol was annexed by\nBavaria, then allied with France. Andreas Hofer spearheaded a resistance\nmovement to liberate the country. Supported a number of years later by Emperor\nFranz II of Austria (1809), the Tyrolean rebellion was put into full effect.\nDefying the Bavarians in Sterzing, Hofer became a charismatic figure of\nTyrolean patriotism. There were successive victories and defeats. Napolean\ncrushed the Austrians who took back the advantage. In a few months, Hofer\nsucceeded in defeating the invaders. A price was put on his head. Captured, he\nwas executed in Mantua in February 1810. Having become a martyr in Austria, his\nremains were transferred to Innsbr\u00fcck in 1823. The Tyrolean anthem now bears\nhis name in the Austrian Tyrol and unofficially in South Tyrol.<\/p><div class=\"wp-block-image\"><figure class=\"aligncenter\"><img loading=\"lazy\" decoding=\"async\" width=\"261\" height=\"71\" src=\"https:\/\/www.eurominority.eu\/wp-content\/uploads\/2020\/05\/Logo-Multinatio_gris-clair-x3.jpg\" alt=\"\" class=\"wp-image-1637\"\/><\/figure><\/div><h3 class=\"wp-block-heading\">Identity card <\/h3><figure class=\"wp-block-image\"><img loading=\"lazy\" decoding=\"async\" width=\"963\" height=\"26\" src=\"https:\/\/www.eurominority.eu\/wp-content\/uploads\/2020\/05\/Logo-Multinatio_bandesgrises.jpg\" alt=\"\" class=\"wp-image-1644\" srcset=\"https:\/\/www.eurominority.eu\/wp-content\/uploads\/2020\/05\/Logo-Multinatio_bandesgrises.jpg 963w, https:\/\/www.eurominority.eu\/wp-content\/uploads\/2020\/05\/Logo-Multinatio_bandesgrises-600x16.jpg 600w, https:\/\/www.eurominority.eu\/wp-content\/uploads\/2020\/05\/Logo-Multinatio_bandesgrises-300x8.jpg 300w, https:\/\/www.eurominority.eu\/wp-content\/uploads\/2020\/05\/Logo-Multinatio_bandesgrises-768x21.jpg 768w\" sizes=\"(max-width: 963px) 100vw, 963px\" \/><\/figure><figure class=\"wp-block-table is-style-stripes\"><table><tbody><tr><td><em>Name <\/em><\/td><td><strong>S\u00fcdtirol  <\/strong>|  <em>German<\/em><br><strong><em>Alto-Adige (Sudtirolo)<\/em><\/strong>  | <em>Italian<\/em><br>(South Tyrol)<\/td><\/tr><tr><td><em>Population  <\/em><\/td><td><strong> 530,000 inhab<\/strong>. (2018) <\/td><\/tr><tr><td><em>Area<\/em>  <\/td><td><strong> 7,400 km<\/strong>\u00b2 <\/td><\/tr><tr><td><em>Languages  <\/em> <\/td><td> <strong>Deutsch <\/strong>|  <em>German<\/em><br> <strong><em>Italiano  <\/em><\/strong>| <em>Italian&nbsp;<\/em>(official) <\/td><\/tr><tr><td> <em>Number of native speakers<\/em> <\/td><td><strong>314,000<\/strong>  |  <em>German<\/em> (2011) <br><strong>20,500<\/strong> | <em>Ladin <\/em>(2011)<\/td><\/tr><tr><td> <em>State of guardianship<\/em>  <\/td><td><strong> Italy<\/strong> <\/td><\/tr><tr><td> <em>Official status<\/em> <\/td><td><strong> Autonomous province in Italy<\/strong>  <\/td><\/tr><tr><td><em>Capital<\/em><\/td><td><strong>Bozen  <\/strong>|  <em>German&nbsp;<\/em><br><strong><em>Bolzano  <\/em><\/strong>|  <em>Italian<\/em><br>(Bozen\/Bolzano)<\/td><\/tr><tr><td> <em>Historic religion<\/em> <\/td><td> <strong>Roman Catholic<\/strong> <\/td><\/tr><tr><td> <em>Flag<\/em> <\/td><td><strong>S\u00fcdtiroler Fahne<\/strong>  |  <em>German<\/em><br> (Flag of South Tyrol) <\/td><\/tr><tr><td> <em>Anthem<\/em> <\/td><td><strong>Andreas-Hoferlied \/ S\u00fcdtirollied<\/strong>  |  <em>German<\/em> <br>(Song of Andreas-Hofer \/ Song of South Tyrol) <\/td><\/tr><tr><td> <em>Motto<\/em>  <\/td><td> None  <\/td><\/tr><\/tbody><\/table><\/figure><div class=\"wp-block-image\"><figure class=\"aligncenter\"><img loading=\"lazy\" decoding=\"async\" width=\"261\" height=\"71\" src=\"https:\/\/www.eurominority.eu\/wp-content\/uploads\/2020\/05\/Logo-Multinatio_gris-clair-x3.jpg\" alt=\"\" class=\"wp-image-1637\"\/><\/figure><\/div><h3 class=\"wp-block-heading\">Timeline <\/h3><figure class=\"wp-block-image\"><img loading=\"lazy\" decoding=\"async\" width=\"963\" height=\"26\" src=\"https:\/\/www.eurominority.eu\/wp-content\/uploads\/2020\/05\/Logo-Multinatio_bandesgrises.jpg\" alt=\"\" class=\"wp-image-1644\" srcset=\"https:\/\/www.eurominority.eu\/wp-content\/uploads\/2020\/05\/Logo-Multinatio_bandesgrises.jpg 963w, https:\/\/www.eurominority.eu\/wp-content\/uploads\/2020\/05\/Logo-Multinatio_bandesgrises-600x16.jpg 600w, https:\/\/www.eurominority.eu\/wp-content\/uploads\/2020\/05\/Logo-Multinatio_bandesgrises-300x8.jpg 300w, https:\/\/www.eurominority.eu\/wp-content\/uploads\/2020\/05\/Logo-Multinatio_bandesgrises-768x21.jpg 768w\" sizes=\"(max-width: 963px) 100vw, 963px\" \/><\/figure><ul class=\"wp-block-list\"><li><strong>6th\u20139th centuries \u2022 <\/strong>Introduction of people of Germanic origins, Bavarians and Lombards.<\/li><li><strong>4th century \u2022 <\/strong>South Tyrol integrates into the Holy Roman Empire.<\/li><li><strong>1363 \u2022 <\/strong>South Tyrol integrates into the Habsburg Empire.<\/li><li><strong>1805 \u2022 <\/strong>Andreas Hofer leads the resistance against the Bavarians allied to the Napoleonic armies. He gives his name to the South Tyrolean anthem.<\/li><li><strong>1919 \u2022 <\/strong>South Tyrol is annexed by Italy following the Treaty of Saint-Germain.<\/li><li><strong>1943 \u2022 <\/strong>After the agreement between Hitler and Mussolini, the Nazis seize South Tyrol.<\/li><li><strong>1946 \u2022 <\/strong>Gruber-De Gasperi Agreement in order to find an agreed solution and a status for South Tyrol.<\/li><li><strong>1957 \u2022 <\/strong>Armed actions of the Committee for the Liberation of South Tyrol.<\/li><li><strong>1972 \u2022 <\/strong>Second Statute of Autonomy. South Tyrol benefits from widespread powers.<\/li><\/ul><div class=\"wp-block-image\"><figure class=\"aligncenter\"><img loading=\"lazy\" decoding=\"async\" width=\"261\" height=\"71\" src=\"https:\/\/www.eurominority.eu\/wp-content\/uploads\/2020\/05\/Logo-Multinatio_gris-clair-x3.jpg\" alt=\"\" class=\"wp-image-1637\"\/><\/figure><\/div><h3 class=\"wp-block-heading\">Geography<\/h3><figure class=\"wp-block-image\"><img loading=\"lazy\" decoding=\"async\" width=\"963\" height=\"26\" src=\"https:\/\/www.eurominority.eu\/wp-content\/uploads\/2020\/05\/Logo-Multinatio_bandesgrises.jpg\" alt=\"\" class=\"wp-image-1644\" srcset=\"https:\/\/www.eurominority.eu\/wp-content\/uploads\/2020\/05\/Logo-Multinatio_bandesgrises.jpg 963w, https:\/\/www.eurominority.eu\/wp-content\/uploads\/2020\/05\/Logo-Multinatio_bandesgrises-600x16.jpg 600w, https:\/\/www.eurominority.eu\/wp-content\/uploads\/2020\/05\/Logo-Multinatio_bandesgrises-300x8.jpg 300w, https:\/\/www.eurominority.eu\/wp-content\/uploads\/2020\/05\/Logo-Multinatio_bandesgrises-768x21.jpg 768w\" sizes=\"(max-width: 963px) 100vw, 963px\" \/><\/figure><p>South Tyrol is found perched in\nthe Alps. Bordered to the north and east by Austria, a country with which it has\nstrong links, its neighbours are Switzerland to the west and Italy (Lombardy,\nTrentin and Venice) to the south. The boundary between Austrian Tyrol and South\nTyrol, imposed after the First World War was designed on the main peaks of the\nAlps. The Brenner Tunnel (2,020&nbsp;m) allows contact between the two parts of\nhistoric Tyrol. South Tyrol is divided into eight districts\n(Bezirksgemeinschaft): Bozen, Burggrafenamt, Eisacktal, Puster, Salten-Schlern,\n\u00dcberetsch-Unterland, Vinschgau, Wipptal. Its capital Bozen is found in the\ncentre of the country. The largest part of the population is found between an\naltitude of 300 and 1,200&nbsp;m. The vast Alpine pastures and the high\npastures enhance the reputation of this region of Europe.<\/p><div class=\"wp-block-image\"><figure class=\"aligncenter\"><img loading=\"lazy\" decoding=\"async\" width=\"180\" height=\"73\" src=\"https:\/\/www.eurominority.eu\/wp-content\/uploads\/2020\/05\/Logo-Multinatio_mbleu-1.jpg\" alt=\"\" class=\"wp-image-1652\"\/><\/figure><\/div><div class=\"wp-block-image\"><figure class=\"aligncenter\"><img loading=\"lazy\" decoding=\"async\" width=\"700\" height=\"431\" src=\"https:\/\/www.eurominority.eu\/wp-content\/uploads\/2020\/05\/map_southtyrol_eng.png\" alt=\"\" class=\"wp-image-384\" srcset=\"https:\/\/www.eurominority.eu\/wp-content\/uploads\/2020\/05\/map_southtyrol_eng.png 700w, https:\/\/www.eurominority.eu\/wp-content\/uploads\/2020\/05\/map_southtyrol_eng-600x369.png 600w, https:\/\/www.eurominority.eu\/wp-content\/uploads\/2020\/05\/map_southtyrol_eng-300x185.png 300w\" sizes=\"(max-width: 700px) 100vw, 700px\" \/><\/figure><\/div><div class=\"wp-block-image\"><figure class=\"aligncenter\"><img loading=\"lazy\" decoding=\"async\" width=\"261\" height=\"71\" src=\"https:\/\/www.eurominority.eu\/wp-content\/uploads\/2020\/05\/Logo-Multinatio_gris-clair-x3.jpg\" alt=\"\" class=\"wp-image-1637\"\/><\/figure><\/div><h3 class=\"wp-block-heading\">Politics now<\/h3><figure class=\"wp-block-image\"><img loading=\"lazy\" decoding=\"async\" width=\"963\" height=\"26\" src=\"https:\/\/www.eurominority.eu\/wp-content\/uploads\/2020\/05\/Logo-Multinatio_bandesgrises.jpg\" alt=\"\" class=\"wp-image-1644\" srcset=\"https:\/\/www.eurominority.eu\/wp-content\/uploads\/2020\/05\/Logo-Multinatio_bandesgrises.jpg 963w, https:\/\/www.eurominority.eu\/wp-content\/uploads\/2020\/05\/Logo-Multinatio_bandesgrises-600x16.jpg 600w, https:\/\/www.eurominority.eu\/wp-content\/uploads\/2020\/05\/Logo-Multinatio_bandesgrises-300x8.jpg 300w, https:\/\/www.eurominority.eu\/wp-content\/uploads\/2020\/05\/Logo-Multinatio_bandesgrises-768x21.jpg 768w\" sizes=\"(max-width: 963px) 100vw, 963px\" \/><\/figure><h4 class=\"wp-block-heading\">The most representative parties<\/h4><ul class=\"wp-block-list\"><li><a rel=\"noreferrer noopener\" href=\"http:\/\/www.svp.eu\/de\/\" target=\"_blank\"><strong>S\u00fcdtiroler Volkspartei (SVP)<\/strong> <\/a>\/ South Tyrolean People&rsquo;s Party <em>(Christian democracy, autonomism)<\/em><\/li><li><strong><a rel=\"noreferrer noopener\" href=\"http:\/\/www.buergerunion.st\" target=\"_blank\">B\u00fcrger Union f\u00fcr S\u00fcdtirol (BUfS)<\/a><\/strong>  \/ Citizens&rsquo; Union for South Tyrol <em>(Right-wing populism)<\/em><\/li><li><a rel=\"noreferrer noopener\" href=\"http:\/\/www.die-freiheitlichen.com\" target=\"_blank\"><strong>Die Freiheitlichen<\/strong><\/a> <em>(Right-wing populism)<\/em><\/li><li><a href=\"http:\/\/www.suedtiroler-freiheit.com\" target=\"_blank\" rel=\"noreferrer noopener\"><strong>S\u00fcd-Tiroler Freiheit (STF)<\/strong><\/a> \/ South Tyrolean Freedom <em>(Right-wing populism)<\/em><\/li><\/ul><div class=\"wp-block-image\"><figure class=\"aligncenter\"><img loading=\"lazy\" decoding=\"async\" width=\"180\" height=\"73\" src=\"https:\/\/www.eurominority.eu\/wp-content\/uploads\/2020\/05\/Logo-Multinatio_mgris.jpg\" alt=\"\" class=\"wp-image-1653\"\/><\/figure><\/div>","protected":false},"excerpt":{"rendered":"<p>South Tyrol, Germanic people of south South Tyrol or S\u00fcdtirol is a German-speaking territory in the north of Italy, to which it is reluctantly linked historically. Austrians at heart, the South Tyroleans today benefit from a strong autonomy, permitting them to live their lives free from interference. Inhabited since the Mesolithic era, there exist traces of human presence on South Tyrolean land. Part of the Roman Empire from 59 AD onwards, the Germanic people succeeded them, in particular Bavarians and Lombards of the 6th\u20139th centuries. From the 10th century, South Tyrol became a stronghold, a base of the Germanic Roman Empire in the Alps. Ruled by the Habsburgs in the 14th century, it wasn\u2019t annexed to Italy until 1918, after the Treaty of Saint-Germain. The fascist regime led to a strong repression of Tyroleans from 1922. Hitler and Mussolini agreed and \u201coffered\u201d two options to the Tyroleans. Stay and be Italianised or head towards Germany and be stateless. After the Second World War, an automonous status for South Tyrol was negotiated in Paris (Gruber-De Gasperi Agreement). It did not come into effect immediately. In parallel, Italy organised the arrival of many migrants from southern Italy. This situation of quasi-colonisation frustrated &#8230; <\/p>\n<p class=\"read-more-container\"><a title=\"South Tyrol\" class=\"read-more button\" href=\"https:\/\/www.eurominority.eu\/index.php\/en\/south-tyrol\/#more-528\">+<span class=\"screen-reader-text\">South Tyrol<\/span><\/a><\/p>\n","protected":false},"author":1,"featured_media":0,"parent":0,"menu_order":0,"comment_status":"closed","ping_status":"closed","template":"","meta":{"om_disable_all_campaigns":false,"_monsterinsights_skip_tracking":false,"_monsterinsights_sitenote_active":false,"_monsterinsights_sitenote_note":"","_monsterinsights_sitenote_category":0,"_uf_show_specific_survey":0,"_uf_disable_surveys":false,"footnotes":""},"class_list":["post-528","page","type-page","status-publish"],"aioseo_notices":[],"yoast_head":"<!-- This site is optimized with the Yoast SEO plugin v25.6 - https:\/\/yoast.com\/wordpress\/plugins\/seo\/ -->\n<title>South Tyrol | Eurominority.eu<\/title>\n<meta name=\"robots\" content=\"index, follow, max-snippet:-1, max-image-preview:large, max-video-preview:-1\" \/>\n<link rel=\"canonical\" href=\"https:\/\/www.eurominority.eu\/index.php\/en\/south-tyrol\/\" \/>\n<meta property=\"og:locale\" content=\"fr_FR\" \/>\n<meta property=\"og:type\" content=\"article\" \/>\n<meta property=\"og:title\" content=\"South Tyrol | Eurominority.eu\" \/>\n<meta property=\"og:description\" content=\"South Tyrol, Germanic people of south South Tyrol or S\u00fcdtirol is a German-speaking territory in the north of Italy, to which it is reluctantly linked historically. Austrians at heart, the South Tyroleans today benefit from a strong autonomy, permitting them to live their lives free from interference. Inhabited since the Mesolithic era, there exist traces of human presence on South Tyrolean land. Part of the Roman Empire from 59 AD onwards, the Germanic people succeeded them, in particular Bavarians and Lombards of the 6th\u20139th centuries. From the 10th century, South Tyrol became a stronghold, a base of the Germanic Roman Empire in the Alps. Ruled by the Habsburgs in the 14th century, it wasn\u2019t annexed to Italy until 1918, after the Treaty of Saint-Germain. The fascist regime led to a strong repression of Tyroleans from 1922. Hitler and Mussolini agreed and \u201coffered\u201d two options to the Tyroleans. Stay and be Italianised or head towards Germany and be stateless. After the Second World War, an automonous status for South Tyrol was negotiated in Paris (Gruber-De Gasperi Agreement). It did not come into effect immediately. In parallel, Italy organised the arrival of many migrants from southern Italy. This situation of quasi-colonisation frustrated ... +South Tyrol\" \/>\n<meta property=\"og:url\" content=\"https:\/\/www.eurominority.eu\/index.php\/en\/south-tyrol\/\" \/>\n<meta property=\"og:site_name\" content=\"Eurominority.eu\" \/>\n<meta property=\"article:modified_time\" content=\"2022-12-11T14:28:44+00:00\" \/>\n<meta property=\"og:image\" content=\"https:\/\/www.eurominority.eu\/wp-content\/uploads\/2020\/05\/Logo-Multinatio_gris-clair.jpg\" \/>\n<meta name=\"twitter:card\" content=\"summary_large_image\" \/>\n<meta name=\"twitter:label1\" content=\"Dur\u00e9e de lecture estim\u00e9e\" \/>\n\t<meta name=\"twitter:data1\" content=\"4 minutes\" \/>\n<script type=\"application\/ld+json\" class=\"yoast-schema-graph\">{\"@context\":\"https:\/\/schema.org\",\"@graph\":[{\"@type\":\"WebPage\",\"@id\":\"https:\/\/www.eurominority.eu\/index.php\/en\/south-tyrol\/\",\"url\":\"https:\/\/www.eurominority.eu\/index.php\/en\/south-tyrol\/\",\"name\":\"South Tyrol | Eurominority.eu\",\"isPartOf\":{\"@id\":\"https:\/\/www.eurominority.eu\/#website\"},\"primaryImageOfPage\":{\"@id\":\"https:\/\/www.eurominority.eu\/index.php\/en\/south-tyrol\/#primaryimage\"},\"image\":{\"@id\":\"https:\/\/www.eurominority.eu\/index.php\/en\/south-tyrol\/#primaryimage\"},\"thumbnailUrl\":\"https:\/\/www.eurominority.eu\/wp-content\/uploads\/2020\/05\/Logo-Multinatio_gris-clair.jpg\",\"datePublished\":\"2020-05-01T22:17:51+00:00\",\"dateModified\":\"2022-12-11T14:28:44+00:00\",\"breadcrumb\":{\"@id\":\"https:\/\/www.eurominority.eu\/index.php\/en\/south-tyrol\/#breadcrumb\"},\"inLanguage\":\"fr-FR\",\"potentialAction\":[{\"@type\":\"ReadAction\",\"target\":[\"https:\/\/www.eurominority.eu\/index.php\/en\/south-tyrol\/\"]}]},{\"@type\":\"ImageObject\",\"inLanguage\":\"fr-FR\",\"@id\":\"https:\/\/www.eurominority.eu\/index.php\/en\/south-tyrol\/#primaryimage\",\"url\":\"https:\/\/www.eurominority.eu\/wp-content\/uploads\/2020\/05\/Logo-Multinatio_gris-clair.jpg\",\"contentUrl\":\"https:\/\/www.eurominority.eu\/wp-content\/uploads\/2020\/05\/Logo-Multinatio_gris-clair.jpg\",\"width\":100,\"height\":100},{\"@type\":\"BreadcrumbList\",\"@id\":\"https:\/\/www.eurominority.eu\/index.php\/en\/south-tyrol\/#breadcrumb\",\"itemListElement\":[{\"@type\":\"ListItem\",\"position\":1,\"name\":\"Accueil\",\"item\":\"https:\/\/www.eurominority.eu\/\"},{\"@type\":\"ListItem\",\"position\":2,\"name\":\"South Tyrol\"}]},{\"@type\":\"WebSite\",\"@id\":\"https:\/\/www.eurominority.eu\/#website\",\"url\":\"https:\/\/www.eurominority.eu\/\",\"name\":\"Eurominority.eu\",\"description\":\"We are the peoples of the world\",\"publisher\":{\"@id\":\"https:\/\/www.eurominority.eu\/#\/schema\/person\/79505440550055e97873102f1e7ab47f\"},\"potentialAction\":[{\"@type\":\"SearchAction\",\"target\":{\"@type\":\"EntryPoint\",\"urlTemplate\":\"https:\/\/www.eurominority.eu\/?s={search_term_string}\"},\"query-input\":{\"@type\":\"PropertyValueSpecification\",\"valueRequired\":true,\"valueName\":\"search_term_string\"}}],\"inLanguage\":\"fr-FR\"},{\"@type\":[\"Person\",\"Organization\"],\"@id\":\"https:\/\/www.eurominority.eu\/#\/schema\/person\/79505440550055e97873102f1e7ab47f\",\"name\":\"Multinatio\",\"image\":{\"@type\":\"ImageObject\",\"inLanguage\":\"fr-FR\",\"@id\":\"https:\/\/www.eurominority.eu\/#\/schema\/person\/image\/\",\"url\":\"https:\/\/www.eurominority.eu\/wp-content\/uploads\/2023\/03\/cropped-Logo-Eurominority.png\",\"contentUrl\":\"https:\/\/www.eurominority.eu\/wp-content\/uploads\/2023\/03\/cropped-Logo-Eurominority.png\",\"width\":1500,\"height\":462,\"caption\":\"Multinatio\"},\"logo\":{\"@id\":\"https:\/\/www.eurominority.eu\/#\/schema\/person\/image\/\"}}]}<\/script>\n<!-- \/ Yoast SEO plugin. -->","yoast_head_json":{"title":"South Tyrol | Eurominority.eu","robots":{"index":"index","follow":"follow","max-snippet":"max-snippet:-1","max-image-preview":"max-image-preview:large","max-video-preview":"max-video-preview:-1"},"canonical":"https:\/\/www.eurominority.eu\/index.php\/en\/south-tyrol\/","og_locale":"fr_FR","og_type":"article","og_title":"South Tyrol | Eurominority.eu","og_description":"South Tyrol, Germanic people of south South Tyrol or S\u00fcdtirol is a German-speaking territory in the north of Italy, to which it is reluctantly linked historically. Austrians at heart, the South Tyroleans today benefit from a strong autonomy, permitting them to live their lives free from interference. Inhabited since the Mesolithic era, there exist traces of human presence on South Tyrolean land. Part of the Roman Empire from 59 AD onwards, the Germanic people succeeded them, in particular Bavarians and Lombards of the 6th\u20139th centuries. From the 10th century, South Tyrol became a stronghold, a base of the Germanic Roman Empire in the Alps. Ruled by the Habsburgs in the 14th century, it wasn\u2019t annexed to Italy until 1918, after the Treaty of Saint-Germain. The fascist regime led to a strong repression of Tyroleans from 1922. Hitler and Mussolini agreed and \u201coffered\u201d two options to the Tyroleans. Stay and be Italianised or head towards Germany and be stateless. After the Second World War, an automonous status for South Tyrol was negotiated in Paris (Gruber-De Gasperi Agreement). It did not come into effect immediately. In parallel, Italy organised the arrival of many migrants from southern Italy. This situation of quasi-colonisation frustrated ... +South Tyrol","og_url":"https:\/\/www.eurominority.eu\/index.php\/en\/south-tyrol\/","og_site_name":"Eurominority.eu","article_modified_time":"2022-12-11T14:28:44+00:00","og_image":[{"url":"https:\/\/www.eurominority.eu\/wp-content\/uploads\/2020\/05\/Logo-Multinatio_gris-clair.jpg","type":"","width":"","height":""}],"twitter_card":"summary_large_image","twitter_misc":{"Dur\u00e9e de lecture estim\u00e9e":"4 minutes"},"schema":{"@context":"https:\/\/schema.org","@graph":[{"@type":"WebPage","@id":"https:\/\/www.eurominority.eu\/index.php\/en\/south-tyrol\/","url":"https:\/\/www.eurominority.eu\/index.php\/en\/south-tyrol\/","name":"South Tyrol | Eurominority.eu","isPartOf":{"@id":"https:\/\/www.eurominority.eu\/#website"},"primaryImageOfPage":{"@id":"https:\/\/www.eurominority.eu\/index.php\/en\/south-tyrol\/#primaryimage"},"image":{"@id":"https:\/\/www.eurominority.eu\/index.php\/en\/south-tyrol\/#primaryimage"},"thumbnailUrl":"https:\/\/www.eurominority.eu\/wp-content\/uploads\/2020\/05\/Logo-Multinatio_gris-clair.jpg","datePublished":"2020-05-01T22:17:51+00:00","dateModified":"2022-12-11T14:28:44+00:00","breadcrumb":{"@id":"https:\/\/www.eurominority.eu\/index.php\/en\/south-tyrol\/#breadcrumb"},"inLanguage":"fr-FR","potentialAction":[{"@type":"ReadAction","target":["https:\/\/www.eurominority.eu\/index.php\/en\/south-tyrol\/"]}]},{"@type":"ImageObject","inLanguage":"fr-FR","@id":"https:\/\/www.eurominority.eu\/index.php\/en\/south-tyrol\/#primaryimage","url":"https:\/\/www.eurominority.eu\/wp-content\/uploads\/2020\/05\/Logo-Multinatio_gris-clair.jpg","contentUrl":"https:\/\/www.eurominority.eu\/wp-content\/uploads\/2020\/05\/Logo-Multinatio_gris-clair.jpg","width":100,"height":100},{"@type":"BreadcrumbList","@id":"https:\/\/www.eurominority.eu\/index.php\/en\/south-tyrol\/#breadcrumb","itemListElement":[{"@type":"ListItem","position":1,"name":"Accueil","item":"https:\/\/www.eurominority.eu\/"},{"@type":"ListItem","position":2,"name":"South Tyrol"}]},{"@type":"WebSite","@id":"https:\/\/www.eurominority.eu\/#website","url":"https:\/\/www.eurominority.eu\/","name":"Eurominority.eu","description":"We are the peoples of the world","publisher":{"@id":"https:\/\/www.eurominority.eu\/#\/schema\/person\/79505440550055e97873102f1e7ab47f"},"potentialAction":[{"@type":"SearchAction","target":{"@type":"EntryPoint","urlTemplate":"https:\/\/www.eurominority.eu\/?s={search_term_string}"},"query-input":{"@type":"PropertyValueSpecification","valueRequired":true,"valueName":"search_term_string"}}],"inLanguage":"fr-FR"},{"@type":["Person","Organization"],"@id":"https:\/\/www.eurominority.eu\/#\/schema\/person\/79505440550055e97873102f1e7ab47f","name":"Multinatio","image":{"@type":"ImageObject","inLanguage":"fr-FR","@id":"https:\/\/www.eurominority.eu\/#\/schema\/person\/image\/","url":"https:\/\/www.eurominority.eu\/wp-content\/uploads\/2023\/03\/cropped-Logo-Eurominority.png","contentUrl":"https:\/\/www.eurominority.eu\/wp-content\/uploads\/2023\/03\/cropped-Logo-Eurominority.png","width":1500,"height":462,"caption":"Multinatio"},"logo":{"@id":"https:\/\/www.eurominority.eu\/#\/schema\/person\/image\/"}}]}},"_links":{"self":[{"href":"https:\/\/www.eurominority.eu\/index.php\/wp-json\/wp\/v2\/pages\/528"}],"collection":[{"href":"https:\/\/www.eurominority.eu\/index.php\/wp-json\/wp\/v2\/pages"}],"about":[{"href":"https:\/\/www.eurominority.eu\/index.php\/wp-json\/wp\/v2\/types\/page"}],"author":[{"embeddable":true,"href":"https:\/\/www.eurominority.eu\/index.php\/wp-json\/wp\/v2\/users\/1"}],"replies":[{"embeddable":true,"href":"https:\/\/www.eurominority.eu\/index.php\/wp-json\/wp\/v2\/comments?post=528"}],"version-history":[{"count":13,"href":"https:\/\/www.eurominority.eu\/index.php\/wp-json\/wp\/v2\/pages\/528\/revisions"}],"predecessor-version":[{"id":2484,"href":"https:\/\/www.eurominority.eu\/index.php\/wp-json\/wp\/v2\/pages\/528\/revisions\/2484"}],"wp:attachment":[{"href":"https:\/\/www.eurominority.eu\/index.php\/wp-json\/wp\/v2\/media?parent=528"}],"curies":[{"name":"wp","href":"https:\/\/api.w.org\/{rel}","templated":true}]}}