{"id":532,"date":"2020-05-02T00:18:43","date_gmt":"2020-05-01T22:18:43","guid":{"rendered":"https:\/\/www.eurominority.eu\/?page_id=532"},"modified":"2020-05-16T23:05:38","modified_gmt":"2020-05-16T21:05:38","slug":"frisia","status":"publish","type":"page","link":"https:\/\/www.eurominority.eu\/index.php\/en\/frisia\/","title":{"rendered":"Frisia"},"content":{"rendered":"<h2 class=\"wp-block-heading\">Frisia, nostalgic people of the North Sea<\/h2><div class=\"wp-block-image\"><figure class=\"aligncenter\"><img loading=\"lazy\" decoding=\"async\" width=\"100\" height=\"100\" src=\"https:\/\/www.eurominority.eu\/wp-content\/uploads\/2020\/05\/Logo-Multinatio_gris-clair.jpg\" alt=\"\" class=\"wp-image-1624\"\/><\/figure><\/div><p class=\"has-medium-font-size\">Part of Germany and the Netherlands, the Frisians are rich in their differences. Three regions are distinguished: the west, the east and the north. They speak three different languages with a common root: the Anglo-Frisian group. <\/p><div class=\"wp-block-image\"><figure class=\"alignright is-resized\"><img loading=\"lazy\" decoding=\"async\" src=\"https:\/\/www.eurominority.eu\/wp-content\/uploads\/2020\/05\/flag_frisia.png\" alt=\"\" class=\"wp-image-297\" width=\"300\" height=\"199\" srcset=\"https:\/\/www.eurominority.eu\/wp-content\/uploads\/2020\/05\/flag_frisia.png 600w, https:\/\/www.eurominority.eu\/wp-content\/uploads\/2020\/05\/flag_frisia-300x199.png 300w\" sizes=\"(max-width: 300px) 100vw, 300px\" \/><figcaption> Since the 11th century, the lily has represented Frisia. At the end of  the 18th century the Fris\u00adians created the flag of lilies, adopted  officially by the province of Frysl\u00e2n in 1958. In 2007, the <em>Groep fan Auwerk<\/em>  proposed a flag to the Inter-Frisian Council that represents the whole  of the Frisian regions: the lily for the west and different colours for  the east and north. As this flag has not been officially adopted, a  contest is currently being launched to provide the Frisians with a  unified flag. <\/figcaption><\/figure><\/div><p>Frisia is\nsituated in an area that stretches from the River Ijssel to the German-Danish\nborder. Between these two points, the Frisians inhabit a 60&nbsp;km strip\nbordering the coast. Frisia is mentioned in Roman times by the historian\nTacite, under the name of <em>Frisii<\/em>. In the 6th and 7th centuries, the\nFrankish chronicles also mention the kingdom of the Frisions. King Aldegisi was\nthe first acknowledged king. His successor, Redbad, a pagan king, defeated\nCharles Martel at the Battle of Cologne. Around the year 700, the Frisian\nterritory stretched from Bruges (Belgium) to the Weser in Germany. After 1500,\nFrisia, conquered by other states, was divided up and though the language\ndisappeared from these regions, the feeling of belonging to Frisia remained\nstrong there.<\/p><p>Today,\nLjouwert with its 95,000 inhabitants is the biggest city in Friesland. In\nFriesland (Frysl\u00e2n), there are 350,000 natives of Frisian, in east Frisia,\nthere are 2,000 people who speak the language in Saterland (east Frisian) and\nin north Frisia (Nordfriiskl\u00f6n), 10,000 speakers. The Frisian vocabulary\npermeated by Low German is spoken there. In the province of Groningen, the\nlanguage used is very close to western Friesland. But the feeling of being\nFrisian is not very strong among the people of Groningen. <\/p><div class=\"wp-block-image\"><figure class=\"aligncenter\"><img loading=\"lazy\" decoding=\"async\" width=\"261\" height=\"71\" src=\"https:\/\/www.eurominority.eu\/wp-content\/uploads\/2020\/05\/Logo-Multinatio_gris-clair-x3.jpg\" alt=\"\" class=\"wp-image-1637\"\/><\/figure><\/div><h3 class=\"wp-block-heading\">Identity card <\/h3><figure class=\"wp-block-image\"><img loading=\"lazy\" decoding=\"async\" width=\"963\" height=\"26\" src=\"https:\/\/www.eurominority.eu\/wp-content\/uploads\/2020\/05\/Logo-Multinatio_bandesgrises.jpg\" alt=\"\" class=\"wp-image-1644\" srcset=\"https:\/\/www.eurominority.eu\/wp-content\/uploads\/2020\/05\/Logo-Multinatio_bandesgrises.jpg 963w, https:\/\/www.eurominority.eu\/wp-content\/uploads\/2020\/05\/Logo-Multinatio_bandesgrises-600x16.jpg 600w, https:\/\/www.eurominority.eu\/wp-content\/uploads\/2020\/05\/Logo-Multinatio_bandesgrises-300x8.jpg 300w, https:\/\/www.eurominority.eu\/wp-content\/uploads\/2020\/05\/Logo-Multinatio_bandesgrises-768x21.jpg 768w\" sizes=\"(max-width: 963px) 100vw, 963px\" \/><\/figure><figure class=\"wp-block-table is-style-stripes\"><table><tbody><tr><td><em>Name <\/em> <\/td><td><strong>Frysl\u00e2n <\/strong>|   <em>Western Frisian <\/em>  <br><strong>Fraschl\u00f6nj <\/strong>|    <em>Northern Frisian<\/em>  <br><strong>Friislon <\/strong>|    <em>Northern Frisian<\/em>  <br><strong>Friisklun <\/strong>|   <em>Northern Frisian<\/em>  <br><strong>Fr\u00e4islound <\/strong>|  <em>Saterlandic <\/em> <br><strong><em>Freesland <\/em><\/strong>|   <em>Low Saxon\/Low German <\/em>  <br><strong><em>Friesland <\/em><\/strong>|  <em>German, Dutch<\/em><br><strong><em>Frisland <\/em><\/strong>|  <em>Danish<\/em><br> (Frisia)<\/td><\/tr><tr><td><em>Population  <\/em><\/td><td><strong>2,300,000 inhab. <\/strong>(including 649,944 in Province Frysl\u00e2n and 165,507 in Kreis Nordfriesland) (2020 &amp; 2018)<\/td><\/tr><tr><td> <em>Area<\/em>  <\/td><td><strong>14,000 km\u00b2 <\/strong><\/td><\/tr><tr><td><em>Languages  <\/em> <\/td><td><strong>Frysk  <\/strong>|  <em>Western Frisian <\/em><br><strong>Frasch  <\/strong>|  <em>Northern Frisian<\/em> (Mooringer Frasch written standard) <br><strong>Seeltersk\/Fr\u00e4isk<\/strong>  |  <em>Saterlandic <\/em><br><strong><em>Nedersaksisch\/Plaatd\u00fc\u00fctsch<\/em><\/strong>  |  <em>Low Saxon\/Low German <\/em><br><strong><em>Deutsch  <\/em><\/strong>| <em>German<\/em><br><strong><em>Nederlands  <\/em><\/strong>| <em>Dutch<\/em><br><strong><em>Dansk  <\/em><\/strong>| <em>Danish<\/em><\/td><\/tr><tr><td> <br><em>Number of native speakers<\/em> <\/td><td><strong>600,000<\/strong> | <em>Western Frisian<\/em> (2004)<br><strong>10,000 <\/strong> | <em>Northern Frisian<\/em> (2011)<br><strong>1,500 to 2,250<\/strong> | <em>Saterlandic <\/em> (2001)<\/td><\/tr><tr><td> <em>State of guardianship<\/em>  <\/td><td><strong>Germany, Netherlands<\/strong> <\/td><\/tr><tr><td> <em>Official status<\/em> <\/td><td><strong>Province in the Netherlands, Kreise in Germany<\/strong>  <\/td><\/tr><tr><td><em>Capital<\/em><\/td><td><strong>Ljouwert <\/strong>| <em>Western Frisian<\/em> <br><strong><em>Leeuwarden  <\/em><\/strong>|  <em>Dutch<\/em><br>&amp;<br><strong>H\u00fcsem <\/strong>|  <em>Northern Frisian<\/em>  <br><strong><em>Husum  <\/em><\/strong>|  <em>German<\/em><br>&amp;<br><strong>Auerk <\/strong>|  <em>Saterlandic<\/em><br><strong><em>Aurich <\/em><\/strong>|  <em>German<\/em><\/td><\/tr><tr><td> <em>Historic religion<\/em> <\/td><td><strong> Protestant<\/strong>  <\/td><\/tr><tr><td> <em>Flag<\/em> <\/td><td><strong>Ynterfryske Flagge<\/strong>  |  <em>Western Frisian<\/em>  <br> (Interfrisian flag) <\/td><\/tr><tr><td> <em>Anthem<\/em> <\/td><td><strong>De \u00e2lde Friezen<\/strong>  |  <em>Western Frisian<\/em>  <br> (The Old Frisians) <\/td><\/tr><tr><td> <em>Motto<\/em>  <\/td><td> None  <\/td><\/tr><\/tbody><\/table><\/figure><div class=\"wp-block-image\"><figure class=\"aligncenter\"><img loading=\"lazy\" decoding=\"async\" width=\"261\" height=\"71\" src=\"https:\/\/www.eurominority.eu\/wp-content\/uploads\/2020\/05\/Logo-Multinatio_gris-clair-x3.jpg\" alt=\"\" class=\"wp-image-1637\"\/><\/figure><\/div><h3 class=\"wp-block-heading\">Timeline <\/h3><figure class=\"wp-block-image\"><img loading=\"lazy\" decoding=\"async\" width=\"963\" height=\"26\" src=\"https:\/\/www.eurominority.eu\/wp-content\/uploads\/2020\/05\/Logo-Multinatio_bandesgrises.jpg\" alt=\"\" class=\"wp-image-1644\" srcset=\"https:\/\/www.eurominority.eu\/wp-content\/uploads\/2020\/05\/Logo-Multinatio_bandesgrises.jpg 963w, https:\/\/www.eurominority.eu\/wp-content\/uploads\/2020\/05\/Logo-Multinatio_bandesgrises-600x16.jpg 600w, https:\/\/www.eurominority.eu\/wp-content\/uploads\/2020\/05\/Logo-Multinatio_bandesgrises-300x8.jpg 300w, https:\/\/www.eurominority.eu\/wp-content\/uploads\/2020\/05\/Logo-Multinatio_bandesgrises-768x21.jpg 768w\" sizes=\"(max-width: 963px) 100vw, 963px\" \/><\/figure><ul class=\"wp-block-list\"><li><strong>5th century \u2022 <\/strong>First written Frisian runes<\/li><li><strong>716 \u2022 <\/strong>Battle of Cologne. King Redbad defeats the Franks led by Charles Martel. Height of the Frisian language.<\/li><li><strong>13th century \u2022 <\/strong>Start of the Opstalboom league and the first written law in the Frisian language.<\/li><li><strong>1520 \u2022 <\/strong>Death of Pier Gerlofs Donia, leader of the Frisian resistance, self-proclaimed king of the Frisians.<\/li><li><strong>1744 \u2022 <\/strong>East Frisia comes under Prussian law.<\/li><li><strong>1879 \u2022 <\/strong>First orthograph of the Frisian language (West Frisian).<\/li><li><strong>1925 \u2022 <\/strong>First Inter-Frisian congress, made up of Frisians from three regions.<\/li><li><strong>1951 \u2022 <\/strong>Kneppelfreed, riot in the city of Ljouwer. Beginning of the emancipation of the Frisian language.<\/li><\/ul><div class=\"wp-block-image\"><figure class=\"aligncenter\"><img loading=\"lazy\" decoding=\"async\" width=\"261\" height=\"71\" src=\"https:\/\/www.eurominority.eu\/wp-content\/uploads\/2020\/05\/Logo-Multinatio_gris-clair-x3.jpg\" alt=\"\" class=\"wp-image-1637\"\/><\/figure><\/div><h3 class=\"wp-block-heading\"> Brief history <\/h3><figure class=\"wp-block-image\"><img loading=\"lazy\" decoding=\"async\" width=\"963\" height=\"26\" src=\"https:\/\/www.eurominority.eu\/wp-content\/uploads\/2020\/05\/Logo-Multinatio_bandesgrises.jpg\" alt=\"\" class=\"wp-image-1644\" srcset=\"https:\/\/www.eurominority.eu\/wp-content\/uploads\/2020\/05\/Logo-Multinatio_bandesgrises.jpg 963w, https:\/\/www.eurominority.eu\/wp-content\/uploads\/2020\/05\/Logo-Multinatio_bandesgrises-600x16.jpg 600w, https:\/\/www.eurominority.eu\/wp-content\/uploads\/2020\/05\/Logo-Multinatio_bandesgrises-300x8.jpg 300w, https:\/\/www.eurominority.eu\/wp-content\/uploads\/2020\/05\/Logo-Multinatio_bandesgrises-768x21.jpg 768w\" sizes=\"(max-width: 963px) 100vw, 963px\" \/><\/figure><p>In 1345, William IV of Holland and John, duke of\nBeaumont, attempted to conquer Frisia by crossing the Zuiderzee with a large\nnaval fleet. Helped by Dutch, French and Flemish knights, they docked on the\nFrisian shore (Starum, Laaksum) and planned to use the St Odulphus monastery as\nan assembly point. Having no horses, preferring to carry building materials,\nthe knights ransacked the abandoned villages. The troops of William IV were\nrouted by the Frisian peasants who had been driven into impassable swamps. It is\nthere that William IV lost his life. When John of Beaumont, ally of the Dutch,\nlearned the news, he ordered the retreat. This date marks the resolution of the\nsmall people of Frisia against their \u201cgreat neighbours\u201d. More than an act of\nwar, it was an act of bravery to control their destiny. <\/p><div class=\"wp-block-image\"><figure class=\"aligncenter\"><img loading=\"lazy\" decoding=\"async\" width=\"261\" height=\"71\" src=\"https:\/\/www.eurominority.eu\/wp-content\/uploads\/2020\/05\/Logo-Multinatio_gris-clair-x3.jpg\" alt=\"\" class=\"wp-image-1637\"\/><\/figure><\/div><h3 class=\"wp-block-heading\">Geography <\/h3><figure class=\"wp-block-image\"><img loading=\"lazy\" decoding=\"async\" width=\"963\" height=\"26\" src=\"https:\/\/www.eurominority.eu\/wp-content\/uploads\/2020\/05\/Logo-Multinatio_bandesgrises.jpg\" alt=\"\" class=\"wp-image-1644\" srcset=\"https:\/\/www.eurominority.eu\/wp-content\/uploads\/2020\/05\/Logo-Multinatio_bandesgrises.jpg 963w, https:\/\/www.eurominority.eu\/wp-content\/uploads\/2020\/05\/Logo-Multinatio_bandesgrises-600x16.jpg 600w, https:\/\/www.eurominority.eu\/wp-content\/uploads\/2020\/05\/Logo-Multinatio_bandesgrises-300x8.jpg 300w, https:\/\/www.eurominority.eu\/wp-content\/uploads\/2020\/05\/Logo-Multinatio_bandesgrises-768x21.jpg 768w\" sizes=\"(max-width: 963px) 100vw, 963px\" \/><\/figure><p>Frisia is found on the banks of the North Sea.\nOfficially divided between two states (the Netherlands and Germany), its\nhistoric territory is vast. Today, three reclaimed spaces are once again\nFrisian: Province of Friesland, East Frisia \/ Saterland and North Frisia. To\nthese are added the territories of Frisian culture, such as the province of\nGroningen, the hinterland of Wilhelmshaven and the historical regions of Wuster\nand R\u00fcstringen near Bremerhaven. Partially formed over the course of the last\ntwo glacial periods, this is an area of polders (areas reclaimed by the sea).\nUpon arrival, the first people created small hills where they lived\n(w(i)erden). They built ditches to protect themselves from the sea, thus modelling\na particular landscape, flat with numerous pastures. The Wadden Sea stretches\nthe length of Frisia from the west towards the north, approximately\n500&nbsp;km. The Frisian Islands form an archipelago which stretches over the\nentire coast. There are four towns with more than 50,000 inhabitants: Ljouwert:\n91,000, Groningen: 180,000, Emden: 51,000 and Wilhelmshaven: 86,000. The\nmajority of Frisians live in the smaller towns or in the countryside.<\/p><div class=\"wp-block-image\"><figure class=\"aligncenter\"><img loading=\"lazy\" decoding=\"async\" width=\"180\" height=\"73\" src=\"https:\/\/www.eurominority.eu\/wp-content\/uploads\/2020\/05\/Logo-Multinatio_mbleu-1.jpg\" alt=\"\" class=\"wp-image-1652\"\/><\/figure><\/div><div class=\"wp-block-image\"><figure class=\"aligncenter\"><img loading=\"lazy\" decoding=\"async\" width=\"644\" height=\"700\" src=\"https:\/\/www.eurominority.eu\/wp-content\/uploads\/2020\/05\/map_frisia_eng.png\" alt=\"\" class=\"wp-image-354\" srcset=\"https:\/\/www.eurominority.eu\/wp-content\/uploads\/2020\/05\/map_frisia_eng.png 644w, https:\/\/www.eurominority.eu\/wp-content\/uploads\/2020\/05\/map_frisia_eng-600x652.png 600w, https:\/\/www.eurominority.eu\/wp-content\/uploads\/2020\/05\/map_frisia_eng-276x300.png 276w\" sizes=\"(max-width: 644px) 100vw, 644px\" \/><\/figure><\/div><div class=\"wp-block-image\"><figure class=\"aligncenter\"><img loading=\"lazy\" decoding=\"async\" width=\"261\" height=\"71\" src=\"https:\/\/www.eurominority.eu\/wp-content\/uploads\/2020\/05\/Logo-Multinatio_gris-clair-x3.jpg\" alt=\"\" class=\"wp-image-1637\"\/><\/figure><\/div><h4 class=\"wp-block-heading\">Focus on Province of Friesland (Frysl\u00e2n)<\/h4><div class=\"wp-block-image\"><figure class=\"alignright is-resized\"><img loading=\"lazy\" decoding=\"async\" src=\"https:\/\/www.eurominority.eu\/wp-content\/uploads\/2020\/05\/frag_fryslan.png\" alt=\"\" class=\"wp-image-1853\" width=\"300\" height=\"201\" srcset=\"https:\/\/www.eurominority.eu\/wp-content\/uploads\/2020\/05\/frag_fryslan.png 600w, https:\/\/www.eurominority.eu\/wp-content\/uploads\/2020\/05\/frag_fryslan-300x201.png 300w\" sizes=\"(max-width: 300px) 100vw, 300px\" \/><figcaption>  The Frisian flag was officially adopted by the province of Frysl\u00e2n in   1957. Comprising four oblique bands on a white background, the red   waterlilies, often confused with hearts, have been used since the 11th   century. The flag in this version has been used by the Frisian movements   since the 19th century.  <\/figcaption><\/figure><\/div><p>In 1997, the province of Friesland\nchanged its name and officially became Frysl\u00e2n, a Frisian name that replaced\nthe Dutch name used until this date (Friesland). <em>Frysl\u00e2n<\/em> is the Frisian\nregion with the most local native speakers of Frisian. Few differences exist\nbetween the dialects of this region. Thus in 1879, the first Frisian\northography was adopted. In 2007, 94% of Frisians declared an understanding of\ntheir language and 74% were able to speak it, 75% could read it and 25% could\nwrite it. Thus, to be a polyglot is normal for the Frisians. Local life is\npunctuated by the language, which is broadcast on radio and television.\nIce-based sports are one of the distinctive elements of the western Frisians,\nespecially ice skating and <em>fierljeppen<\/em> (<em>Pultstockspringen<\/em> in\nGerman), which consists of jumps, helped by poles, above the river. The harsh\nwinters permit the use of frozen canals as large ice rinks. This is what the\nFrisians call <em>Alvest\u00eadetocht<\/em> (English: Eleven Cities Tour), i.e. a\n200&nbsp;km stretch of ice connecting 11 towns. Finally, the famous Frisian\ncows or the equally well-known Frisian horses enhance the reputation of the\nregion.<\/p><div class=\"wp-block-image\"><figure class=\"aligncenter\"><img loading=\"lazy\" decoding=\"async\" width=\"150\" height=\"41\" src=\"https:\/\/www.eurominority.eu\/wp-content\/uploads\/2020\/05\/Logo-Multinatio_gris-clair-plein-x3.jpg\" alt=\"\" class=\"wp-image-1665\"\/><\/figure><\/div><h4 class=\"wp-block-heading\">Focus on Nordfriesland<\/h4><div class=\"wp-block-image\"><figure class=\"alignright is-resized\"><img loading=\"lazy\" decoding=\"async\" src=\"https:\/\/www.eurominority.eu\/wp-content\/uploads\/2020\/05\/flag_northfrisia.png\" alt=\"\" class=\"wp-image-1851\" width=\"300\" height=\"201\" srcset=\"https:\/\/www.eurominority.eu\/wp-content\/uploads\/2020\/05\/flag_northfrisia.png 600w, https:\/\/www.eurominority.eu\/wp-content\/uploads\/2020\/05\/flag_northfrisia-300x201.png 300w\" sizes=\"(max-width: 300px) 100vw, 300px\" \/><figcaption>  The northern Frisian flag is called the \u2018yellow-red-blue\u2019. Inspired by   the coat of arms of North Frisia, this vertical triband symbolises the   sleeping sun on the Watten Sea.   <\/figcaption><\/figure><\/div><p>North Frisia (or \u2018Nordfriesland\u2019\nin German) is now integrated into the region of Schleswig-Holstein. As its name\nindicates it is at the most northern part of Frisia. North Frisia is\ntraditionally made up of two distinct territories: a continental part and many\nislands and peninsulas, the main ones being S\u00f6l, Feer, \u00d6\u00f6mrang and Noordstr\u00f6\u00f6n.\nUntil 1864, North Frisia made up part of Denmark. After being conquered by\nGermany, three districts were created: S\u00fcdtondern, Husum and Eiderstedt. In\n1970, the three districts were grouped into one, giving a historic coherence to\nNorth Frisia. The Frisian language is spoken in this region by 10,000 native\nspeakers. There are many variants that can be classed into two large groups:\ncontinental and insular. They correspond to several phases of settlement in\nthis region, which began in the year 700. The \u201c<em>Mooringer Frasch<\/em>\u201d, i.e.\n\u201cthe Mooring Frisian\u201d plays the role of lingua franca, even if different\nvariants are taught in school.<\/p><div class=\"wp-block-image\"><figure class=\"aligncenter\"><img loading=\"lazy\" decoding=\"async\" width=\"150\" height=\"41\" src=\"https:\/\/www.eurominority.eu\/wp-content\/uploads\/2020\/05\/Logo-Multinatio_gris-clair-plein-x3.jpg\" alt=\"\" class=\"wp-image-1665\"\/><\/figure><\/div><h4 class=\"wp-block-heading\"> Focus on Eastfriesland<\/h4><div class=\"wp-block-image\"><figure class=\"alignright is-resized\"><img loading=\"lazy\" decoding=\"async\" src=\"https:\/\/www.eurominority.eu\/wp-content\/uploads\/2020\/05\/flag_eastfrisia.png\" alt=\"\" class=\"wp-image-1854\" width=\"300\" height=\"201\" srcset=\"https:\/\/www.eurominority.eu\/wp-content\/uploads\/2020\/05\/flag_eastfrisia.png 600w, https:\/\/www.eurominority.eu\/wp-content\/uploads\/2020\/05\/flag_eastfrisia-300x201.png 300w\" sizes=\"(max-width: 300px) 100vw, 300px\" \/><figcaption> According to Eastern Frisians, they use a vertical triband of   black-red-blue. They are the colours of the ruling families of Frisia   that are found on their coat of arms.  <\/figcaption><\/figure><\/div><p>East Frisia remained an autonomous\nprincipality until 1744. It is made up of four districts: Auerk, Emden, Lierre\nand Wittmund. A little more to the east lie the districts of Freesland,\nWilhelmshaven and Ammerland. These are historically connected to East Frisia\nand, from an inter-Frisian perspective, have an important&nbsp; role to play. 700,000 people live in East\nFrisia. The major towns are Auerk, Emden, Lierre and Wilhelmshaven. The lone\nregion of Saterland (<em>Seelterlound<\/em> in Frisian) practises the Frisian\nlanguage called Saterlandic. The other native language spoken nowadays is Low\nGerman, of which the Frisian variant is distinctive. Even if the Frisian\nsentiment is strong in this region, it was only in the 1990s that a real\nmovement began to emerge. In 2007, a political party called \u201c<em>Die Friesen<\/em>\u201d\nwas set up in order to support Frisian ideas. Apart from specific landscapes\nand styles, East Frisia is distinguished in cultural terms by the practice of\nan atypical sport: Bo\u00dfeln, where the players have to throw a ball over a\ndistance of 10&nbsp;km. The player who makes the fewest throws wins. Frisia is\nalso known for its tea culture, like the English. This activity gives Frisia\nits cultural vibrancy and the Frisian friendliness is renowned. All visitors\nare welcomed to tea, morning, noon and night.<\/p><div class=\"wp-block-image\"><figure class=\"aligncenter\"><img loading=\"lazy\" decoding=\"async\" width=\"261\" height=\"71\" src=\"https:\/\/www.eurominority.eu\/wp-content\/uploads\/2020\/05\/Logo-Multinatio_gris-clair-x3.jpg\" alt=\"\" class=\"wp-image-1637\"\/><\/figure><\/div><h3 class=\"wp-block-heading\"> Languages  <\/h3><figure class=\"wp-block-image\"><img loading=\"lazy\" decoding=\"async\" width=\"963\" height=\"26\" src=\"https:\/\/www.eurominority.eu\/wp-content\/uploads\/2020\/05\/Logo-Multinatio_bandesgrises.jpg\" alt=\"\" class=\"wp-image-1644\" srcset=\"https:\/\/www.eurominority.eu\/wp-content\/uploads\/2020\/05\/Logo-Multinatio_bandesgrises.jpg 963w, https:\/\/www.eurominority.eu\/wp-content\/uploads\/2020\/05\/Logo-Multinatio_bandesgrises-600x16.jpg 600w, https:\/\/www.eurominority.eu\/wp-content\/uploads\/2020\/05\/Logo-Multinatio_bandesgrises-300x8.jpg 300w, https:\/\/www.eurominority.eu\/wp-content\/uploads\/2020\/05\/Logo-Multinatio_bandesgrises-768x21.jpg 768w\" sizes=\"(max-width: 963px) 100vw, 963px\" \/><\/figure><h4 class=\"wp-block-heading\">Frysk, Frasch, Fra\u00efsk&#8230;<\/h4><hr class=\"wp-block-separator is-style-dots\"\/><p>There is not just one language,\nbut many languages that are spoken in Frisia. Frisian in different forms is\nspoken throughout the whole of the domain of Frisia. It is a Germanic language,\nlong-time cousin of English, of which written traces have been found in runes\ndating from the 5th century. Low German or Low Saxon is also spoken. With\nregards to Frisian, there are three pockets. One to the west of the province of\nFrysl\u00e2n, the other to the centre in Saterland and the last to the north of\nnorthern Frisia. To the west, in the province of Frysl\u00e2n, it is spoken by\n400,000 of the 600,000 inhabitants. Today the language is protected (Convention\non the Frisian Language and Culture 2001) but its advancement still requires\nthe effort of written practice, which is obligatory in primary education. At the\ncentre of this area, it is spoken by a few thousand people in the four\nSaterlandic communes. In North Frisia, the number of native speakers is around\n10,000, but the different language variants (seven) render it difficult for\nteaching. Its protection in this region could involve the use of a standard,\nwhich today tends to be the variety of the Mooring region. Thus the three\nvarieties of the Frisian language will certainly have a very different future.\nThe future of western Frisian is now assured if the efforts and enthusiasm of\nthe population is confirmed. In contrast, the weak protection from which the\ntwo varieties on German soil benefit risks the disappearance of this treasure\nforever.<\/p><div class=\"wp-block-image\"><figure class=\"aligncenter\"><img loading=\"lazy\" decoding=\"async\" width=\"261\" height=\"71\" src=\"https:\/\/www.eurominority.eu\/wp-content\/uploads\/2020\/05\/Logo-Multinatio_gris-clair-x3.jpg\" alt=\"\" class=\"wp-image-1637\"\/><\/figure><\/div><h3 class=\"wp-block-heading\"> Politics now <\/h3><figure class=\"wp-block-image\"><img loading=\"lazy\" decoding=\"async\" width=\"963\" height=\"26\" src=\"https:\/\/www.eurominority.eu\/wp-content\/uploads\/2020\/05\/Logo-Multinatio_bandesgrises.jpg\" alt=\"\" class=\"wp-image-1644\" srcset=\"https:\/\/www.eurominority.eu\/wp-content\/uploads\/2020\/05\/Logo-Multinatio_bandesgrises.jpg 963w, https:\/\/www.eurominority.eu\/wp-content\/uploads\/2020\/05\/Logo-Multinatio_bandesgrises-600x16.jpg 600w, https:\/\/www.eurominority.eu\/wp-content\/uploads\/2020\/05\/Logo-Multinatio_bandesgrises-300x8.jpg 300w, https:\/\/www.eurominority.eu\/wp-content\/uploads\/2020\/05\/Logo-Multinatio_bandesgrises-768x21.jpg 768w\" sizes=\"(max-width: 963px) 100vw, 963px\" \/><\/figure><p>North Frisia was the first region\nof Friesland to have its own political party. The Union of Electors of South\nSchleswig was founded in 1948. There is a political representation for the\nDanish and Frisian minority in the German province of Schleswig-Holstein. In\nthe Dutch province of Friesland, the Frision Nationalist Party was founded in\n1962. Polling at 10% in provincial elections, it has five seats and governs a\nleft coalition. A second political party of western Friesland is being created.\nIt is called De Friezen.<\/p><h4 class=\"wp-block-heading\">Political parties<\/h4><ul class=\"wp-block-list\"><li><strong><a rel=\"noreferrer noopener\" href=\"http:\/\/www.fnp.frl\/\" target=\"_blank\">Fryske Nasjional Partij<\/a><\/strong> \/ Frisian Nationalist Party (FNP) <em>(Left-wing)<\/em><\/li><li><strong><a rel=\"noreferrer noopener\" href=\"http:\/\/www.die-friesen.eu\/\" target=\"_blank\">De Friezen &#8211; Die Friesen<\/a><\/strong> \/ The Frisians <em>(Centre)<\/em><\/li><li><strong><a rel=\"noreferrer noopener\" href=\"http:\/\/www.ssw.de\" target=\"_blank\">S\u00fcdschleswigsche W\u00e4hlerverband (SSW), Sydslesvigsk V\u00e6lgerforening, S\u00f6\u00f6dschlaswiksche W\u00e4\u00e4lerferb\u00e5nd<\/a><\/strong> \/ South Schleswig Voters&rsquo; Association <em>(Social democracy)<\/em><\/li><\/ul><div class=\"wp-block-image\"><figure class=\"aligncenter\"><img loading=\"lazy\" decoding=\"async\" width=\"180\" height=\"73\" src=\"https:\/\/www.eurominority.eu\/wp-content\/uploads\/2020\/05\/Logo-Multinatio_mgris.jpg\" alt=\"\" class=\"wp-image-1653\"\/><\/figure><\/div>","protected":false},"excerpt":{"rendered":"<p>Frisia, nostalgic people of the North Sea Part of Germany and the Netherlands, the Frisians are rich in their differences. Three regions are distinguished: the west, the east and the north. They speak three different languages with a common root: the Anglo-Frisian group. Frisia is situated in an area that stretches from the River Ijssel to the German-Danish border. Between these two points, the Frisians inhabit a 60&nbsp;km strip bordering the coast. Frisia is mentioned in Roman times by the historian Tacite, under the name of Frisii. In the 6th and 7th centuries, the Frankish chronicles also mention the kingdom of the Frisions. King Aldegisi was the first acknowledged king. His successor, Redbad, a pagan king, defeated Charles Martel at the Battle of Cologne. Around the year 700, the Frisian territory stretched from Bruges (Belgium) to the Weser in Germany. After 1500, Frisia, conquered by other states, was divided up and though the language disappeared from these regions, the feeling of belonging to Frisia remained strong there. Today, Ljouwert with its 95,000 inhabitants is the biggest city in Friesland. In Friesland (Frysl\u00e2n), there are 350,000 natives of Frisian, in east Frisia, there are 2,000 people who speak the language in &#8230; <\/p>\n<p class=\"read-more-container\"><a title=\"Frisia\" class=\"read-more button\" href=\"https:\/\/www.eurominority.eu\/index.php\/en\/frisia\/#more-532\">+<span class=\"screen-reader-text\">Frisia<\/span><\/a><\/p>\n","protected":false},"author":1,"featured_media":0,"parent":0,"menu_order":0,"comment_status":"closed","ping_status":"closed","template":"","meta":{"om_disable_all_campaigns":false,"_monsterinsights_skip_tracking":false,"_monsterinsights_sitenote_active":false,"_monsterinsights_sitenote_note":"","_monsterinsights_sitenote_category":0,"_uf_show_specific_survey":0,"_uf_disable_surveys":false,"footnotes":""},"class_list":["post-532","page","type-page","status-publish"],"aioseo_notices":[],"yoast_head":"<!-- This site is optimized with the Yoast SEO plugin v25.6 - https:\/\/yoast.com\/wordpress\/plugins\/seo\/ -->\n<title>Frisia | Eurominority.eu<\/title>\n<meta name=\"robots\" content=\"index, follow, max-snippet:-1, max-image-preview:large, max-video-preview:-1\" \/>\n<link rel=\"canonical\" href=\"https:\/\/www.eurominority.eu\/index.php\/en\/frisia\/\" \/>\n<meta property=\"og:locale\" content=\"fr_FR\" \/>\n<meta property=\"og:type\" content=\"article\" \/>\n<meta property=\"og:title\" content=\"Frisia | Eurominority.eu\" \/>\n<meta property=\"og:description\" content=\"Frisia, nostalgic people of the North Sea Part of Germany and the Netherlands, the Frisians are rich in their differences. Three regions are distinguished: the west, the east and the north. They speak three different languages with a common root: the Anglo-Frisian group. Frisia is situated in an area that stretches from the River Ijssel to the German-Danish border. Between these two points, the Frisians inhabit a 60&nbsp;km strip bordering the coast. Frisia is mentioned in Roman times by the historian Tacite, under the name of Frisii. In the 6th and 7th centuries, the Frankish chronicles also mention the kingdom of the Frisions. King Aldegisi was the first acknowledged king. His successor, Redbad, a pagan king, defeated Charles Martel at the Battle of Cologne. Around the year 700, the Frisian territory stretched from Bruges (Belgium) to the Weser in Germany. After 1500, Frisia, conquered by other states, was divided up and though the language disappeared from these regions, the feeling of belonging to Frisia remained strong there. Today, Ljouwert with its 95,000 inhabitants is the biggest city in Friesland. In Friesland (Frysl\u00e2n), there are 350,000 natives of Frisian, in east Frisia, there are 2,000 people who speak the language in ... +Frisia\" \/>\n<meta property=\"og:url\" content=\"https:\/\/www.eurominority.eu\/index.php\/en\/frisia\/\" \/>\n<meta property=\"og:site_name\" content=\"Eurominority.eu\" \/>\n<meta property=\"article:modified_time\" content=\"2020-05-16T21:05:38+00:00\" \/>\n<meta property=\"og:image\" content=\"https:\/\/www.eurominority.eu\/wp-content\/uploads\/2020\/05\/Logo-Multinatio_gris-clair.jpg\" \/>\n<meta name=\"twitter:card\" content=\"summary_large_image\" \/>\n<meta name=\"twitter:label1\" content=\"Dur\u00e9e de lecture estim\u00e9e\" \/>\n\t<meta name=\"twitter:data1\" content=\"10 minutes\" \/>\n<script type=\"application\/ld+json\" class=\"yoast-schema-graph\">{\"@context\":\"https:\/\/schema.org\",\"@graph\":[{\"@type\":\"WebPage\",\"@id\":\"https:\/\/www.eurominority.eu\/index.php\/en\/frisia\/\",\"url\":\"https:\/\/www.eurominority.eu\/index.php\/en\/frisia\/\",\"name\":\"Frisia | Eurominority.eu\",\"isPartOf\":{\"@id\":\"https:\/\/www.eurominority.eu\/#website\"},\"primaryImageOfPage\":{\"@id\":\"https:\/\/www.eurominority.eu\/index.php\/en\/frisia\/#primaryimage\"},\"image\":{\"@id\":\"https:\/\/www.eurominority.eu\/index.php\/en\/frisia\/#primaryimage\"},\"thumbnailUrl\":\"https:\/\/www.eurominority.eu\/wp-content\/uploads\/2020\/05\/Logo-Multinatio_gris-clair.jpg\",\"datePublished\":\"2020-05-01T22:18:43+00:00\",\"dateModified\":\"2020-05-16T21:05:38+00:00\",\"breadcrumb\":{\"@id\":\"https:\/\/www.eurominority.eu\/index.php\/en\/frisia\/#breadcrumb\"},\"inLanguage\":\"fr-FR\",\"potentialAction\":[{\"@type\":\"ReadAction\",\"target\":[\"https:\/\/www.eurominority.eu\/index.php\/en\/frisia\/\"]}]},{\"@type\":\"ImageObject\",\"inLanguage\":\"fr-FR\",\"@id\":\"https:\/\/www.eurominority.eu\/index.php\/en\/frisia\/#primaryimage\",\"url\":\"https:\/\/www.eurominority.eu\/wp-content\/uploads\/2020\/05\/Logo-Multinatio_gris-clair.jpg\",\"contentUrl\":\"https:\/\/www.eurominority.eu\/wp-content\/uploads\/2020\/05\/Logo-Multinatio_gris-clair.jpg\",\"width\":100,\"height\":100},{\"@type\":\"BreadcrumbList\",\"@id\":\"https:\/\/www.eurominority.eu\/index.php\/en\/frisia\/#breadcrumb\",\"itemListElement\":[{\"@type\":\"ListItem\",\"position\":1,\"name\":\"Accueil\",\"item\":\"https:\/\/www.eurominority.eu\/\"},{\"@type\":\"ListItem\",\"position\":2,\"name\":\"Frisia\"}]},{\"@type\":\"WebSite\",\"@id\":\"https:\/\/www.eurominority.eu\/#website\",\"url\":\"https:\/\/www.eurominority.eu\/\",\"name\":\"Eurominority.eu\",\"description\":\"We are the peoples of the world\",\"publisher\":{\"@id\":\"https:\/\/www.eurominority.eu\/#\/schema\/person\/79505440550055e97873102f1e7ab47f\"},\"potentialAction\":[{\"@type\":\"SearchAction\",\"target\":{\"@type\":\"EntryPoint\",\"urlTemplate\":\"https:\/\/www.eurominority.eu\/?s={search_term_string}\"},\"query-input\":{\"@type\":\"PropertyValueSpecification\",\"valueRequired\":true,\"valueName\":\"search_term_string\"}}],\"inLanguage\":\"fr-FR\"},{\"@type\":[\"Person\",\"Organization\"],\"@id\":\"https:\/\/www.eurominority.eu\/#\/schema\/person\/79505440550055e97873102f1e7ab47f\",\"name\":\"Multinatio\",\"image\":{\"@type\":\"ImageObject\",\"inLanguage\":\"fr-FR\",\"@id\":\"https:\/\/www.eurominority.eu\/#\/schema\/person\/image\/\",\"url\":\"https:\/\/www.eurominority.eu\/wp-content\/uploads\/2023\/03\/cropped-Logo-Eurominority.png\",\"contentUrl\":\"https:\/\/www.eurominority.eu\/wp-content\/uploads\/2023\/03\/cropped-Logo-Eurominority.png\",\"width\":1500,\"height\":462,\"caption\":\"Multinatio\"},\"logo\":{\"@id\":\"https:\/\/www.eurominority.eu\/#\/schema\/person\/image\/\"}}]}<\/script>\n<!-- \/ Yoast SEO plugin. -->","yoast_head_json":{"title":"Frisia | Eurominority.eu","robots":{"index":"index","follow":"follow","max-snippet":"max-snippet:-1","max-image-preview":"max-image-preview:large","max-video-preview":"max-video-preview:-1"},"canonical":"https:\/\/www.eurominority.eu\/index.php\/en\/frisia\/","og_locale":"fr_FR","og_type":"article","og_title":"Frisia | Eurominority.eu","og_description":"Frisia, nostalgic people of the North Sea Part of Germany and the Netherlands, the Frisians are rich in their differences. Three regions are distinguished: the west, the east and the north. They speak three different languages with a common root: the Anglo-Frisian group. Frisia is situated in an area that stretches from the River Ijssel to the German-Danish border. Between these two points, the Frisians inhabit a 60&nbsp;km strip bordering the coast. Frisia is mentioned in Roman times by the historian Tacite, under the name of Frisii. In the 6th and 7th centuries, the Frankish chronicles also mention the kingdom of the Frisions. King Aldegisi was the first acknowledged king. His successor, Redbad, a pagan king, defeated Charles Martel at the Battle of Cologne. Around the year 700, the Frisian territory stretched from Bruges (Belgium) to the Weser in Germany. After 1500, Frisia, conquered by other states, was divided up and though the language disappeared from these regions, the feeling of belonging to Frisia remained strong there. Today, Ljouwert with its 95,000 inhabitants is the biggest city in Friesland. In Friesland (Frysl\u00e2n), there are 350,000 natives of Frisian, in east Frisia, there are 2,000 people who speak the language in ... +Frisia","og_url":"https:\/\/www.eurominority.eu\/index.php\/en\/frisia\/","og_site_name":"Eurominority.eu","article_modified_time":"2020-05-16T21:05:38+00:00","og_image":[{"url":"https:\/\/www.eurominority.eu\/wp-content\/uploads\/2020\/05\/Logo-Multinatio_gris-clair.jpg","type":"","width":"","height":""}],"twitter_card":"summary_large_image","twitter_misc":{"Dur\u00e9e de lecture estim\u00e9e":"10 minutes"},"schema":{"@context":"https:\/\/schema.org","@graph":[{"@type":"WebPage","@id":"https:\/\/www.eurominority.eu\/index.php\/en\/frisia\/","url":"https:\/\/www.eurominority.eu\/index.php\/en\/frisia\/","name":"Frisia | Eurominority.eu","isPartOf":{"@id":"https:\/\/www.eurominority.eu\/#website"},"primaryImageOfPage":{"@id":"https:\/\/www.eurominority.eu\/index.php\/en\/frisia\/#primaryimage"},"image":{"@id":"https:\/\/www.eurominority.eu\/index.php\/en\/frisia\/#primaryimage"},"thumbnailUrl":"https:\/\/www.eurominority.eu\/wp-content\/uploads\/2020\/05\/Logo-Multinatio_gris-clair.jpg","datePublished":"2020-05-01T22:18:43+00:00","dateModified":"2020-05-16T21:05:38+00:00","breadcrumb":{"@id":"https:\/\/www.eurominority.eu\/index.php\/en\/frisia\/#breadcrumb"},"inLanguage":"fr-FR","potentialAction":[{"@type":"ReadAction","target":["https:\/\/www.eurominority.eu\/index.php\/en\/frisia\/"]}]},{"@type":"ImageObject","inLanguage":"fr-FR","@id":"https:\/\/www.eurominority.eu\/index.php\/en\/frisia\/#primaryimage","url":"https:\/\/www.eurominority.eu\/wp-content\/uploads\/2020\/05\/Logo-Multinatio_gris-clair.jpg","contentUrl":"https:\/\/www.eurominority.eu\/wp-content\/uploads\/2020\/05\/Logo-Multinatio_gris-clair.jpg","width":100,"height":100},{"@type":"BreadcrumbList","@id":"https:\/\/www.eurominority.eu\/index.php\/en\/frisia\/#breadcrumb","itemListElement":[{"@type":"ListItem","position":1,"name":"Accueil","item":"https:\/\/www.eurominority.eu\/"},{"@type":"ListItem","position":2,"name":"Frisia"}]},{"@type":"WebSite","@id":"https:\/\/www.eurominority.eu\/#website","url":"https:\/\/www.eurominority.eu\/","name":"Eurominority.eu","description":"We are the peoples of the world","publisher":{"@id":"https:\/\/www.eurominority.eu\/#\/schema\/person\/79505440550055e97873102f1e7ab47f"},"potentialAction":[{"@type":"SearchAction","target":{"@type":"EntryPoint","urlTemplate":"https:\/\/www.eurominority.eu\/?s={search_term_string}"},"query-input":{"@type":"PropertyValueSpecification","valueRequired":true,"valueName":"search_term_string"}}],"inLanguage":"fr-FR"},{"@type":["Person","Organization"],"@id":"https:\/\/www.eurominority.eu\/#\/schema\/person\/79505440550055e97873102f1e7ab47f","name":"Multinatio","image":{"@type":"ImageObject","inLanguage":"fr-FR","@id":"https:\/\/www.eurominority.eu\/#\/schema\/person\/image\/","url":"https:\/\/www.eurominority.eu\/wp-content\/uploads\/2023\/03\/cropped-Logo-Eurominority.png","contentUrl":"https:\/\/www.eurominority.eu\/wp-content\/uploads\/2023\/03\/cropped-Logo-Eurominority.png","width":1500,"height":462,"caption":"Multinatio"},"logo":{"@id":"https:\/\/www.eurominority.eu\/#\/schema\/person\/image\/"}}]}},"_links":{"self":[{"href":"https:\/\/www.eurominority.eu\/index.php\/wp-json\/wp\/v2\/pages\/532"}],"collection":[{"href":"https:\/\/www.eurominority.eu\/index.php\/wp-json\/wp\/v2\/pages"}],"about":[{"href":"https:\/\/www.eurominority.eu\/index.php\/wp-json\/wp\/v2\/types\/page"}],"author":[{"embeddable":true,"href":"https:\/\/www.eurominority.eu\/index.php\/wp-json\/wp\/v2\/users\/1"}],"replies":[{"embeddable":true,"href":"https:\/\/www.eurominority.eu\/index.php\/wp-json\/wp\/v2\/comments?post=532"}],"version-history":[{"count":16,"href":"https:\/\/www.eurominority.eu\/index.php\/wp-json\/wp\/v2\/pages\/532\/revisions"}],"predecessor-version":[{"id":2260,"href":"https:\/\/www.eurominority.eu\/index.php\/wp-json\/wp\/v2\/pages\/532\/revisions\/2260"}],"wp:attachment":[{"href":"https:\/\/www.eurominority.eu\/index.php\/wp-json\/wp\/v2\/media?parent=532"}],"curies":[{"name":"wp","href":"https:\/\/api.w.org\/{rel}","templated":true}]}}