{"id":2448,"date":"2020-07-27T21:11:11","date_gmt":"2020-07-27T19:11:11","guid":{"rendered":"https:\/\/www.eurominority.eu\/index.php\/produit\/import-placeholder-for-3296\/"},"modified":"2020-07-27T21:11:31","modified_gmt":"2020-07-27T19:11:31","slug":"genealogie-des-rois-et-des-ducs-de-bretagne","status":"publish","type":"product","link":"https:\/\/www.eurominority.eu\/index.php\/produit\/genealogie-des-rois-et-des-ducs-de-bretagne\/","title":{"rendered":"G\u00e9n\u00e9alogie des rois et des ducs de Bretagne"},"content":{"rendered":"<p>G\u00e9n\u00e9alogie des rois et des ducs de Bretagne. De Nomino\u00eb \u00e0 Anne de Bretagne, en passant par Pierre de Dreux, Jean de Monfort, Jeanne de Flandre, Jean IV le conqu\u00e9reur, Fran\u00e7ois II \u00e0 Anne de Bretagne.<\/p>\n<p>Une cr\u00e9ation originale Geobreizh.bzh (Mikael Bodlore-Penlaez)<\/p>\n<p>Format recommand\u00e9 : 59,5 x 83,3 cm (19,01 \u20ac)<\/p>\n","protected":false},"excerpt":{"rendered":"<p>G\u00e9n\u00e9alogie des rois et des ducs de Bretagne. De Nomino\u00eb \u00e0 Anne de Bretagne, en passant par Pierre de Dreux, Jean de Monfort, Jeanne de Flandre, Jean IV le conqu\u00e9reur, Fran\u00e7ois II \u00e0 Anne de Bretagne. Une cr\u00e9ation originale Geobreizh.bzh (Mikael Bodlore-Penlaez) Format recommand\u00e9 : 59,5 x 83,3 cm (19,01 \u20ac)<\/p>\n","protected":false},"featured_media":2352,"comment_status":"open","ping_status":"closed","template":"","meta":{"om_disable_all_campaigns":false,"_monsterinsights_skip_tracking":false,"_monsterinsights_sitenote_active":false,"_monsterinsights_sitenote_note":"","_monsterinsights_sitenote_category":0,"_uf_show_specific_survey":0,"_uf_disable_surveys":false},"product_brand":[],"product_cat":[62,63],"product_tag":[],"class_list":{"0":"post-2448","1":"product","2":"type-product","3":"status-publish","4":"has-post-thumbnail","6":"product_cat-bretagne-brezhoneg","7":"product_cat-cartes-de-bretagne","9":"first","10":"instock","11":"shipping-taxable","12":"product-type-external"},"aioseo_notices":[],"yoast_head":"<!-- This site is optimized with the Yoast SEO plugin v25.6 - https:\/\/yoast.com\/wordpress\/plugins\/seo\/ -->\n<title>G\u00e9n\u00e9alogie des rois et des ducs de Bretagne | Eurominority.eu<\/title>\n<meta name=\"robots\" content=\"index, follow, max-snippet:-1, max-image-preview:large, max-video-preview:-1\" \/>\n<link rel=\"canonical\" href=\"https:\/\/www.eurominority.eu\/index.php\/produit\/genealogie-des-rois-et-des-ducs-de-bretagne\/\" \/>\n<meta property=\"og:locale\" content=\"fr_FR\" \/>\n<meta property=\"og:type\" content=\"article\" \/>\n<meta property=\"og:title\" content=\"G\u00e9n\u00e9alogie des rois et des ducs de Bretagne | Eurominority.eu\" \/>\n<meta property=\"og:description\" content=\"G\u00e9n\u00e9alogie des rois et des ducs de Bretagne. De Nomino\u00eb \u00e0 Anne de Bretagne, en passant par Pierre de Dreux, Jean de Monfort, Jeanne de Flandre, Jean IV le conqu\u00e9reur, Fran\u00e7ois II \u00e0 Anne de Bretagne. Une cr\u00e9ation originale Geobreizh.bzh (Mikael Bodlore-Penlaez) Format recommand\u00e9 : 59,5 x 83,3 cm (19,01 \u20ac)\" \/>\n<meta property=\"og:url\" content=\"https:\/\/www.eurominority.eu\/index.php\/produit\/genealogie-des-rois-et-des-ducs-de-bretagne\/\" \/>\n<meta property=\"og:site_name\" content=\"Eurominority.eu\" \/>\n<meta property=\"article:modified_time\" content=\"2020-07-27T19:11:31+00:00\" \/>\n<meta property=\"og:image\" content=\"https:\/\/www.eurominority.eu\/wp-content\/uploads\/2020\/06\/2020-04_Poster_Bretagne-g\u00e9n\u00e9alogie-ducs_Multinatio.jpg\" \/>\n\t<meta property=\"og:image:width\" content=\"1500\" \/>\n\t<meta property=\"og:image:height\" content=\"2100\" \/>\n\t<meta property=\"og:image:type\" content=\"image\/jpeg\" \/>\n<meta name=\"twitter:card\" content=\"summary_large_image\" \/>\n<script type=\"application\/ld+json\" class=\"yoast-schema-graph\">{\"@context\":\"https:\/\/schema.org\",\"@graph\":[{\"@type\":\"WebPage\",\"@id\":\"https:\/\/www.eurominority.eu\/index.php\/produit\/genealogie-des-rois-et-des-ducs-de-bretagne\/\",\"url\":\"https:\/\/www.eurominority.eu\/index.php\/produit\/genealogie-des-rois-et-des-ducs-de-bretagne\/\",\"name\":\"G\u00e9n\u00e9alogie des rois et des ducs de Bretagne | Eurominority.eu\",\"isPartOf\":{\"@id\":\"https:\/\/www.eurominority.eu\/#website\"},\"primaryImageOfPage\":{\"@id\":\"https:\/\/www.eurominority.eu\/index.php\/produit\/genealogie-des-rois-et-des-ducs-de-bretagne\/#primaryimage\"},\"image\":{\"@id\":\"https:\/\/www.eurominority.eu\/index.php\/produit\/genealogie-des-rois-et-des-ducs-de-bretagne\/#primaryimage\"},\"thumbnailUrl\":\"https:\/\/www.eurominority.eu\/wp-content\/uploads\/2020\/06\/2020-04_Poster_Bretagne-g\u00e9n\u00e9alogie-ducs_Multinatio.jpg\",\"datePublished\":\"2020-07-27T19:11:11+00:00\",\"dateModified\":\"2020-07-27T19:11:31+00:00\",\"breadcrumb\":{\"@id\":\"https:\/\/www.eurominority.eu\/index.php\/produit\/genealogie-des-rois-et-des-ducs-de-bretagne\/#breadcrumb\"},\"inLanguage\":\"fr-FR\",\"potentialAction\":[{\"@type\":\"ReadAction\",\"target\":[\"https:\/\/www.eurominority.eu\/index.php\/produit\/genealogie-des-rois-et-des-ducs-de-bretagne\/\"]}]},{\"@type\":\"ImageObject\",\"inLanguage\":\"fr-FR\",\"@id\":\"https:\/\/www.eurominority.eu\/index.php\/produit\/genealogie-des-rois-et-des-ducs-de-bretagne\/#primaryimage\",\"url\":\"https:\/\/www.eurominority.eu\/wp-content\/uploads\/2020\/06\/2020-04_Poster_Bretagne-g\u00e9n\u00e9alogie-ducs_Multinatio.jpg\",\"contentUrl\":\"https:\/\/www.eurominority.eu\/wp-content\/uploads\/2020\/06\/2020-04_Poster_Bretagne-g\u00e9n\u00e9alogie-ducs_Multinatio.jpg\",\"width\":1500,\"height\":2100},{\"@type\":\"BreadcrumbList\",\"@id\":\"https:\/\/www.eurominority.eu\/index.php\/produit\/genealogie-des-rois-et-des-ducs-de-bretagne\/#breadcrumb\",\"itemListElement\":[{\"@type\":\"ListItem\",\"position\":1,\"name\":\"Accueil\",\"item\":\"https:\/\/www.eurominority.eu\/\"},{\"@type\":\"ListItem\",\"position\":2,\"name\":\"Boutique\",\"item\":\"https:\/\/www.eurominority.eu\/index.php\/boutique\/\"},{\"@type\":\"ListItem\",\"position\":3,\"name\":\"G\u00e9n\u00e9alogie des rois et des ducs de Bretagne\"}]},{\"@type\":\"WebSite\",\"@id\":\"https:\/\/www.eurominority.eu\/#website\",\"url\":\"https:\/\/www.eurominority.eu\/\",\"name\":\"Eurominority.eu\",\"description\":\"We are the peoples of the world\",\"publisher\":{\"@id\":\"https:\/\/www.eurominority.eu\/#\/schema\/person\/79505440550055e97873102f1e7ab47f\"},\"potentialAction\":[{\"@type\":\"SearchAction\",\"target\":{\"@type\":\"EntryPoint\",\"urlTemplate\":\"https:\/\/www.eurominority.eu\/?s={search_term_string}\"},\"query-input\":{\"@type\":\"PropertyValueSpecification\",\"valueRequired\":true,\"valueName\":\"search_term_string\"}}],\"inLanguage\":\"fr-FR\"},{\"@type\":[\"Person\",\"Organization\"],\"@id\":\"https:\/\/www.eurominority.eu\/#\/schema\/person\/79505440550055e97873102f1e7ab47f\",\"name\":\"Multinatio\",\"image\":{\"@type\":\"ImageObject\",\"inLanguage\":\"fr-FR\",\"@id\":\"https:\/\/www.eurominority.eu\/#\/schema\/person\/image\/\",\"url\":\"https:\/\/www.eurominority.eu\/wp-content\/uploads\/2023\/03\/cropped-Logo-Eurominority.png\",\"contentUrl\":\"https:\/\/www.eurominority.eu\/wp-content\/uploads\/2023\/03\/cropped-Logo-Eurominority.png\",\"width\":1500,\"height\":462,\"caption\":\"Multinatio\"},\"logo\":{\"@id\":\"https:\/\/www.eurominority.eu\/#\/schema\/person\/image\/\"}}]}<\/script>\n<!-- \/ Yoast SEO plugin. -->","yoast_head_json":{"title":"G\u00e9n\u00e9alogie des rois et des ducs de Bretagne | Eurominority.eu","robots":{"index":"index","follow":"follow","max-snippet":"max-snippet:-1","max-image-preview":"max-image-preview:large","max-video-preview":"max-video-preview:-1"},"canonical":"https:\/\/www.eurominority.eu\/index.php\/produit\/genealogie-des-rois-et-des-ducs-de-bretagne\/","og_locale":"fr_FR","og_type":"article","og_title":"G\u00e9n\u00e9alogie des rois et des ducs de Bretagne | Eurominority.eu","og_description":"G\u00e9n\u00e9alogie des rois et des ducs de Bretagne. De Nomino\u00eb \u00e0 Anne de Bretagne, en passant par Pierre de Dreux, Jean de Monfort, Jeanne de Flandre, Jean IV le conqu\u00e9reur, Fran\u00e7ois II \u00e0 Anne de Bretagne. Une cr\u00e9ation originale Geobreizh.bzh (Mikael Bodlore-Penlaez) Format recommand\u00e9 : 59,5 x 83,3 cm (19,01 \u20ac)","og_url":"https:\/\/www.eurominority.eu\/index.php\/produit\/genealogie-des-rois-et-des-ducs-de-bretagne\/","og_site_name":"Eurominority.eu","article_modified_time":"2020-07-27T19:11:31+00:00","og_image":[{"width":1500,"height":2100,"url":"https:\/\/www.eurominority.eu\/wp-content\/uploads\/2020\/06\/2020-04_Poster_Bretagne-g\u00e9n\u00e9alogie-ducs_Multinatio.jpg","type":"image\/jpeg"}],"twitter_card":"summary_large_image","schema":{"@context":"https:\/\/schema.org","@graph":[{"@type":"WebPage","@id":"https:\/\/www.eurominority.eu\/index.php\/produit\/genealogie-des-rois-et-des-ducs-de-bretagne\/","url":"https:\/\/www.eurominority.eu\/index.php\/produit\/genealogie-des-rois-et-des-ducs-de-bretagne\/","name":"G\u00e9n\u00e9alogie des rois et des ducs de Bretagne | Eurominority.eu","isPartOf":{"@id":"https:\/\/www.eurominority.eu\/#website"},"primaryImageOfPage":{"@id":"https:\/\/www.eurominority.eu\/index.php\/produit\/genealogie-des-rois-et-des-ducs-de-bretagne\/#primaryimage"},"image":{"@id":"https:\/\/www.eurominority.eu\/index.php\/produit\/genealogie-des-rois-et-des-ducs-de-bretagne\/#primaryimage"},"thumbnailUrl":"https:\/\/www.eurominority.eu\/wp-content\/uploads\/2020\/06\/2020-04_Poster_Bretagne-g\u00e9n\u00e9alogie-ducs_Multinatio.jpg","datePublished":"2020-07-27T19:11:11+00:00","dateModified":"2020-07-27T19:11:31+00:00","breadcrumb":{"@id":"https:\/\/www.eurominority.eu\/index.php\/produit\/genealogie-des-rois-et-des-ducs-de-bretagne\/#breadcrumb"},"inLanguage":"fr-FR","potentialAction":[{"@type":"ReadAction","target":["https:\/\/www.eurominority.eu\/index.php\/produit\/genealogie-des-rois-et-des-ducs-de-bretagne\/"]}]},{"@type":"ImageObject","inLanguage":"fr-FR","@id":"https:\/\/www.eurominority.eu\/index.php\/produit\/genealogie-des-rois-et-des-ducs-de-bretagne\/#primaryimage","url":"https:\/\/www.eurominority.eu\/wp-content\/uploads\/2020\/06\/2020-04_Poster_Bretagne-g\u00e9n\u00e9alogie-ducs_Multinatio.jpg","contentUrl":"https:\/\/www.eurominority.eu\/wp-content\/uploads\/2020\/06\/2020-04_Poster_Bretagne-g\u00e9n\u00e9alogie-ducs_Multinatio.jpg","width":1500,"height":2100},{"@type":"BreadcrumbList","@id":"https:\/\/www.eurominority.eu\/index.php\/produit\/genealogie-des-rois-et-des-ducs-de-bretagne\/#breadcrumb","itemListElement":[{"@type":"ListItem","position":1,"name":"Accueil","item":"https:\/\/www.eurominority.eu\/"},{"@type":"ListItem","position":2,"name":"Boutique","item":"https:\/\/www.eurominority.eu\/index.php\/boutique\/"},{"@type":"ListItem","position":3,"name":"G\u00e9n\u00e9alogie des rois et des ducs de Bretagne"}]},{"@type":"WebSite","@id":"https:\/\/www.eurominority.eu\/#website","url":"https:\/\/www.eurominority.eu\/","name":"Eurominority.eu","description":"We are the peoples of the world","publisher":{"@id":"https:\/\/www.eurominority.eu\/#\/schema\/person\/79505440550055e97873102f1e7ab47f"},"potentialAction":[{"@type":"SearchAction","target":{"@type":"EntryPoint","urlTemplate":"https:\/\/www.eurominority.eu\/?s={search_term_string}"},"query-input":{"@type":"PropertyValueSpecification","valueRequired":true,"valueName":"search_term_string"}}],"inLanguage":"fr-FR"},{"@type":["Person","Organization"],"@id":"https:\/\/www.eurominority.eu\/#\/schema\/person\/79505440550055e97873102f1e7ab47f","name":"Multinatio","image":{"@type":"ImageObject","inLanguage":"fr-FR","@id":"https:\/\/www.eurominority.eu\/#\/schema\/person\/image\/","url":"https:\/\/www.eurominority.eu\/wp-content\/uploads\/2023\/03\/cropped-Logo-Eurominority.png","contentUrl":"https:\/\/www.eurominority.eu\/wp-content\/uploads\/2023\/03\/cropped-Logo-Eurominority.png","width":1500,"height":462,"caption":"Multinatio"},"logo":{"@id":"https:\/\/www.eurominority.eu\/#\/schema\/person\/image\/"}}]}},"_links":{"self":[{"href":"https:\/\/www.eurominority.eu\/index.php\/wp-json\/wp\/v2\/product\/2448"}],"collection":[{"href":"https:\/\/www.eurominority.eu\/index.php\/wp-json\/wp\/v2\/product"}],"about":[{"href":"https:\/\/www.eurominority.eu\/index.php\/wp-json\/wp\/v2\/types\/product"}],"replies":[{"embeddable":true,"href":"https:\/\/www.eurominority.eu\/index.php\/wp-json\/wp\/v2\/comments?post=2448"}],"wp:featuredmedia":[{"embeddable":true,"href":"https:\/\/www.eurominority.eu\/index.php\/wp-json\/wp\/v2\/media\/2352"}],"wp:attachment":[{"href":"https:\/\/www.eurominority.eu\/index.php\/wp-json\/wp\/v2\/media?parent=2448"}],"wp:term":[{"taxonomy":"product_brand","embeddable":true,"href":"https:\/\/www.eurominority.eu\/index.php\/wp-json\/wp\/v2\/product_brand?post=2448"},{"taxonomy":"product_cat","embeddable":true,"href":"https:\/\/www.eurominority.eu\/index.php\/wp-json\/wp\/v2\/product_cat?post=2448"},{"taxonomy":"product_tag","embeddable":true,"href":"https:\/\/www.eurominority.eu\/index.php\/wp-json\/wp\/v2\/product_tag?post=2448"}],"curies":[{"name":"wp","href":"https:\/\/api.w.org\/{rel}","templated":true}]}}